{"id":7130,"date":"2023-10-11T14:26:55","date_gmt":"2023-10-11T19:26:55","guid":{"rendered":"https:\/\/omcabogados.com.pe\/?page_id=7130"},"modified":"2024-04-04T12:59:02","modified_gmt":"2024-04-04T17:59:02","slug":"eventos","status":"publish","type":"page","link":"https:\/\/omcabogados.com.pe\/en\/events\/","title":{"rendered":"Events"},"content":{"rendered":"<div data-elementor-type=\"wp-post\" data-elementor-id=\"7130\" class=\"elementor elementor-7130\" data-elementor-post-type=\"page\">\n\t\t\t\t\t\t<section class=\"elementor-section elementor-top-section elementor-element elementor-element-0947a9a elementor-section-height-min-height elementor-section-boxed elementor-section-height-default elementor-section-items-middle\" data-id=\"0947a9a\" data-element_type=\"section\" data-settings=\"{&quot;background_background&quot;:&quot;slideshow&quot;,&quot;background_slideshow_gallery&quot;:[{&quot;id&quot;:8753,&quot;url&quot;:&quot;https:\\\/\\\/omcabogados.com.pe\\\/wp-content\\\/uploads\\\/slide1-eventos-optimizado-2.jpg&quot;},{&quot;id&quot;:8748,&quot;url&quot;:&quot;https:\\\/\\\/omcabogados.com.pe\\\/wp-content\\\/uploads\\\/slide2-eventos-optimizado.jpg&quot;},{&quot;id&quot;:8749,&quot;url&quot;:&quot;https:\\\/\\\/omcabogados.com.pe\\\/wp-content\\\/uploads\\\/slide3-eventos-optimizado.jpg&quot;}],&quot;background_slideshow_loop&quot;:&quot;yes&quot;,&quot;background_slideshow_slide_duration&quot;:5000,&quot;background_slideshow_slide_transition&quot;:&quot;fade&quot;,&quot;background_slideshow_transition_duration&quot;:500}\">\n\t\t\t\t\t\t<div class=\"elementor-container elementor-column-gap-default\">\n\t\t\t\t\t<div class=\"elementor-column elementor-col-100 elementor-top-column elementor-element elementor-element-f8eeaf1\" data-id=\"f8eeaf1\" data-element_type=\"column\">\n\t\t\t<div class=\"elementor-widget-wrap elementor-element-populated\">\n\t\t\t\t\t\t<div class=\"elementor-element elementor-element-977c432 elementor-widget elementor-widget-heading\" data-id=\"977c432\" data-element_type=\"widget\" data-widget_type=\"heading.default\">\n\t\t\t\t<div class=\"elementor-widget-container\">\n\t\t\t<h1 class=\"elementor-heading-title elementor-size-default\">Events<\/h1>\t\t<\/div>\n\t\t\t\t<\/div>\n\t\t\t\t\t<\/div>\n\t\t<\/div>\n\t\t\t\t\t<\/div>\n\t\t<\/section>\n\t\t\t\t<section class=\"elementor-section elementor-top-section elementor-element elementor-element-6bacf7e7 elementor-section-boxed elementor-section-height-default elementor-section-height-default\" data-id=\"6bacf7e7\" data-element_type=\"section\">\n\t\t\t\t\t\t<div class=\"elementor-container elementor-column-gap-default\">\n\t\t\t\t\t<div class=\"elementor-column elementor-col-100 elementor-top-column elementor-element elementor-element-2deee698\" data-id=\"2deee698\" data-element_type=\"column\">\n\t\t\t<div class=\"elementor-widget-wrap elementor-element-populated\">\n\t\t\t\t\t\t<div class=\"elementor-element elementor-element-18277fe elementor-grid-eael-col-3 elementor-grid-tablet-eael-col-2 elementor-grid-mobile-eael-col-1 elementor-widget elementor-widget-eael-post-grid\" data-id=\"18277fe\" data-element_type=\"widget\" data-settings=\"{&quot;eael_post_grid_columns&quot;:&quot;eael-col-3&quot;,&quot;eael_post_grid_columns_tablet&quot;:&quot;eael-col-2&quot;,&quot;eael_post_grid_columns_mobile&quot;:&quot;eael-col-1&quot;}\" data-widget_type=\"eael-post-grid.default\">\n\t\t\t\t<div class=\"elementor-widget-container\">\n\t\t\t<div id=\"eael-post-grid-18277fe\" class=\"eael-post-grid-container\">\n            <div class=\"eael-post-grid eael-post-appender eael-post-appender-18277fe eael-post-grid-style-one\" data-layout-mode=\"grid\"><article class=\"eael-grid-post  eael-post-grid-column eael-pg-post-16741\" data-id=\"16741\">\n        <div class=\"eael-grid-post-holder\">\n            <div class=\"eael-grid-post-holder-inner\"><div class=\"eael-entry-media\"><div class=\"eael-entry-overlay fade-in\"><i class=\"fas fa-long-arrow-alt-right\" aria-hidden=\"true\"><\/i><a href=\"https:\/\/omcabogados.com.pe\/en\/evento\/asamblea-anual-de-inta-2026\/\"><\/a><\/div><div class=\"eael-entry-thumbnail eael-image-ratio\">\n                <img fetchpriority=\"high\" decoding=\"async\" width=\"726\" height=\"484\" src=\"https:\/\/omcabogados.com.pe\/wp-content\/uploads\/oscar-mago-inta-2026-in-london-726x484.webp\" class=\"attachment-large size-large wp-image-16750\" alt=\"\" \/>\n            <\/div>\n        <\/div><div class=\"eael-entry-wrapper\"><header class=\"eael-entry-header\"><h2 class=\"eael-entry-title\"><a class=\"eael-grid-post-link\" href=\"https:\/\/omcabogados.com.pe\/en\/evento\/asamblea-anual-de-inta-2026\/\" title=\"2026 INTA Annual Meeting\">2026 INTA Annual Meeting<\/a><\/h2><\/header><div class=\"eael-entry-content\">\n                        <div class=\"eael-grid-post-excerpt\"><p>May 02nd to 06th 2026 - London, England - Venue: ExCeL London, Royal Victoria Dock<\/p><\/div>\n                    <\/div><div class=\"eael-entry-footer\"><div class=\"eael-entry-meta\"><\/div><\/div><\/div><\/div>\n        <\/div>\n    <\/article><article class=\"eael-grid-post  eael-post-grid-column eael-pg-post-15914\" data-id=\"15914\">\n        <div class=\"eael-grid-post-holder\">\n            <div class=\"eael-grid-post-holder-inner\"><div class=\"eael-entry-media\"><div class=\"eael-entry-overlay fade-in\"><i class=\"fas fa-long-arrow-alt-right\" aria-hidden=\"true\"><\/i><a href=\"https:\/\/omcabogados.com.pe\/en\/evento\/ecta-43rd-annual-conference-2025-bears-on-the-loose\/\"><\/a><\/div><div class=\"eael-entry-thumbnail eael-image-ratio\">\n                <img decoding=\"async\" width=\"726\" height=\"484\" src=\"https:\/\/omcabogados.com.pe\/wp-content\/uploads\/F1-ECTA-2025-726x484.png\" class=\"attachment-large size-large wp-image-15923\" alt=\"\" \/>\n            <\/div>\n        <\/div><div class=\"eael-entry-wrapper\"><header class=\"eael-entry-header\"><h2 class=\"eael-entry-title\"><a class=\"eael-grid-post-link\" href=\"https:\/\/omcabogados.com.pe\/en\/evento\/ecta-43rd-annual-conference-2025-bears-on-the-loose\/\" title=\"ECTA: 43rd Annual Conference 2025: Bears on the Loose\">ECTA: 43rd Annual Conference 2025: Bears on the Loose<\/a><\/h2><\/header><div class=\"eael-entry-content\">\n                        <div class=\"eael-grid-post-excerpt\"><p>June 18th to 20th - Berlin, Germany - Venue: InterContinental Berlin Hotel<\/p><\/div>\n                    <\/div><div class=\"eael-entry-footer\"><div class=\"eael-entry-meta\"><\/div><\/div><\/div><\/div>\n        <\/div>\n    <\/article><article class=\"eael-grid-post  eael-post-grid-column eael-pg-post-15716\" data-id=\"15716\">\n        <div class=\"eael-grid-post-holder\">\n            <div class=\"eael-grid-post-holder-inner\"><div class=\"eael-entry-media\"><div class=\"eael-entry-overlay fade-in\"><i class=\"fas fa-long-arrow-alt-right\" aria-hidden=\"true\"><\/i><a href=\"https:\/\/omcabogados.com.pe\/en\/evento\/asamblea-anual-de-inta-2025-propiedad-intelectual\/\"><\/a><\/div><div class=\"eael-entry-thumbnail eael-image-ratio\">\n                <img decoding=\"async\" width=\"726\" height=\"484\" src=\"https:\/\/omcabogados.com.pe\/wp-content\/uploads\/inta-2025-san-diego-omc-abogados-F15-1-726x484.png\" class=\"attachment-large size-large wp-image-15831\" alt=\"\" \/>\n            <\/div>\n        <\/div><div class=\"eael-entry-wrapper\"><header class=\"eael-entry-header\"><h2 class=\"eael-entry-title\"><a class=\"eael-grid-post-link\" href=\"https:\/\/omcabogados.com.pe\/en\/evento\/asamblea-anual-de-inta-2025-propiedad-intelectual\/\" title=\"2025 Annual Meeting\">2025 Annual Meeting<\/a><\/h2><\/header><div class=\"eael-entry-content\">\n                        <div class=\"eael-grid-post-excerpt\"><p>May 17th to 21st, 2025 \u2013 San Diego, California, United State \u2013 Venue: San Diego Convention Center<\/p><\/div>\n                    <\/div><div class=\"eael-entry-footer\"><div class=\"eael-entry-meta\"><\/div><\/div><\/div><\/div>\n        <\/div>\n    <\/article><article class=\"eael-grid-post  eael-post-grid-column eael-pg-post-15037\" data-id=\"15037\">\n        <div class=\"eael-grid-post-holder\">\n            <div class=\"eael-grid-post-holder-inner\"><div class=\"eael-entry-media\"><div class=\"eael-entry-overlay fade-in\"><i class=\"fas fa-long-arrow-alt-right\" aria-hidden=\"true\"><\/i><a href=\"https:\/\/omcabogados.com.pe\/en\/evento\/xxiv-work-sessions-and-administrative-council-of-asipi\/\"><\/a><\/div><div class=\"eael-entry-thumbnail eael-image-ratio\">\n                <img loading=\"lazy\" decoding=\"async\" width=\"726\" height=\"484\" src=\"https:\/\/omcabogados.com.pe\/wp-content\/uploads\/asipi-2024-panama-F1-726x484.png\" class=\"attachment-large size-large wp-image-15191\" alt=\"\" \/>\n            <\/div>\n        <\/div><div class=\"eael-entry-wrapper\"><header class=\"eael-entry-header\"><h2 class=\"eael-entry-title\"><a class=\"eael-grid-post-link\" href=\"https:\/\/omcabogados.com.pe\/en\/evento\/xxiv-work-sessions-and-administrative-council-of-asipi\/\" title=\"XXIV Work Sessions and Administrative Council of ASIPI\">XXIV Work Sessions and Administrative Council of ASIPI<\/a><\/h2><\/header><div class=\"eael-entry-content\">\n                        <div class=\"eael-grid-post-excerpt\"><p>December 01st to 04th, 2019 - Panam\u00e1, Panam\u00e1 - Venue: Hilton Panama Hotel<\/p><\/div>\n                    <\/div><div class=\"eael-entry-footer\"><div class=\"eael-entry-meta\"><\/div><\/div><\/div><\/div>\n        <\/div>\n    <\/article><article class=\"eael-grid-post  eael-post-grid-column eael-pg-post-15162\" data-id=\"15162\">\n        <div class=\"eael-grid-post-holder\">\n            <div class=\"eael-grid-post-holder-inner\"><div class=\"eael-entry-media\"><div class=\"eael-entry-overlay fade-in\"><i class=\"fas fa-long-arrow-alt-right\" aria-hidden=\"true\"><\/i><a href=\"https:\/\/omcabogados.com.pe\/en\/evento\/xxiv-work-sessions-and-administrative-council-of-asipi\/\"><\/a><\/div><div class=\"eael-entry-thumbnail eael-image-ratio\">\n                <img loading=\"lazy\" decoding=\"async\" width=\"726\" height=\"484\" src=\"https:\/\/omcabogados.com.pe\/wp-content\/uploads\/congreso-latinoamericano-ovum-2024-punta-del-este-2-726x484.png\" class=\"attachment-large size-large wp-image-15155\" alt=\"\" \/>\n            <\/div>\n        <\/div><div class=\"eael-entry-wrapper\"><header class=\"eael-entry-header\"><h2 class=\"eael-entry-title\"><a class=\"eael-grid-post-link\" href=\"https:\/\/omcabogados.com.pe\/en\/evento\/xxiv-work-sessions-and-administrative-council-of-asipi\/\" title=\"XXVIII Congreso Latinoamericano de Avicultura: El futuro de la alimentaci\u00f3n sostenible &#8211; OVUM\">XXVIII Latin American Poultry Congress: The future of sustainable food - OVUM<\/a><\/h2><\/header><div class=\"eael-entry-content\">\n                        <div class=\"eael-grid-post-excerpt\"><p>November 12th to 15th, 2024 - Punta del Este, Uruguay  Venue: Punta del Este Convention Center<\/p><\/div>\n                    <\/div><div class=\"eael-entry-footer\"><div class=\"eael-entry-meta\"><\/div><\/div><\/div><\/div>\n        <\/div>\n    <\/article><article class=\"eael-grid-post  eael-post-grid-column eael-pg-post-14875\" data-id=\"14875\">\n        <div class=\"eael-grid-post-holder\">\n            <div class=\"eael-grid-post-holder-inner\"><div class=\"eael-entry-media\"><div class=\"eael-entry-overlay fade-in\"><i class=\"fas fa-long-arrow-alt-right\" aria-hidden=\"true\"><\/i><a href=\"https:\/\/omcabogados.com.pe\/en\/evento\/europe-2024-business-tours-spain-and-portugal\/\"><\/a><\/div><div class=\"eael-entry-thumbnail eael-image-ratio\">\n                <img loading=\"lazy\" decoding=\"async\" width=\"726\" height=\"484\" src=\"https:\/\/omcabogados.com.pe\/wp-content\/uploads\/rueda-de-negocios-europa-2024-espana-y-portugal-8-726x484.jpg\" class=\"attachment-large size-large wp-image-14912\" alt=\"\" \/>\n            <\/div>\n        <\/div><div class=\"eael-entry-wrapper\"><header class=\"eael-entry-header\"><h2 class=\"eael-entry-title\"><a class=\"eael-grid-post-link\" href=\"https:\/\/omcabogados.com.pe\/en\/evento\/europe-2024-business-tours-spain-and-portugal\/\" title=\"Europe 2024 Business Tours: Spain \u2013 Portugal\">Europe 2024 Business Tours: Spain \u2013 Portugal<\/a><\/h2><\/header><div class=\"eael-entry-content\">\n                        <div class=\"eael-grid-post-excerpt\"><p>Del 24 de Setiembre al 04 de 0ctubre &#8211;\u00a0Sede: Madrid &#8211; Barcelona &#8211; Lisboa &nbsp;<\/p><\/div>\n                    <\/div><div class=\"eael-entry-footer\"><div class=\"eael-entry-meta\"><\/div><\/div><\/div><\/div>\n        <\/div>\n    <\/article><article class=\"eael-grid-post  eael-post-grid-column eael-pg-post-14416\" data-id=\"14416\">\n        <div class=\"eael-grid-post-holder\">\n            <div class=\"eael-grid-post-holder-inner\"><div class=\"eael-entry-media\"><div class=\"eael-entry-overlay fade-in\"><i class=\"fas fa-long-arrow-alt-right\" aria-hidden=\"true\"><\/i><a href=\"https:\/\/omcabogados.com.pe\/en\/evento\/abpi-44-congresso-international-da-propriedade-intelectual\/\"><\/a><\/div><div class=\"eael-entry-thumbnail eael-image-ratio\">\n                <img loading=\"lazy\" decoding=\"async\" width=\"726\" height=\"484\" src=\"https:\/\/omcabogados.com.pe\/wp-content\/uploads\/congresso-abpi-2024-recife-2-726x484.png\" class=\"attachment-large size-large wp-image-14456\" alt=\"\" \/>\n            <\/div>\n        <\/div><div class=\"eael-entry-wrapper\"><header class=\"eael-entry-header\"><h2 class=\"eael-entry-title\"><a class=\"eael-grid-post-link\" href=\"https:\/\/omcabogados.com.pe\/en\/evento\/abpi-44-congresso-international-da-propriedade-intelectual\/\" title=\"ABPI 44\u00b0 Congresso International da Propriedade Intelectual\">ABPI 44\u00b0 Congresso International da Propriedade Intelectual<\/a><\/h2><\/header><div class=\"eael-entry-content\">\n                        <div class=\"eael-grid-post-excerpt\"><p>12 al 13 de agosto 2024 \u2013 Porto de Galinhas, Recife, Brasil\u2013 Sede: The Westin...<\/p><\/div>\n                    <\/div><div class=\"eael-entry-footer\"><div class=\"eael-entry-meta\"><\/div><\/div><\/div><\/div>\n        <\/div>\n    <\/article><article class=\"eael-grid-post  eael-post-grid-column eael-pg-post-13927\" data-id=\"13927\">\n        <div class=\"eael-grid-post-holder\">\n            <div class=\"eael-grid-post-holder-inner\"><div class=\"eael-entry-media\"><div class=\"eael-entry-overlay fade-in\"><i class=\"fas fa-long-arrow-alt-right\" aria-hidden=\"true\"><\/i><a href=\"https:\/\/omcabogados.com.pe\/en\/evento\/inta-annual-meeting-atlanta-2024\/\"><\/a><\/div><div class=\"eael-entry-thumbnail eael-image-ratio\">\n                <img loading=\"lazy\" decoding=\"async\" width=\"726\" height=\"484\" src=\"https:\/\/omcabogados.com.pe\/wp-content\/uploads\/inta-2024-atlanta-F7-726x484.png\" class=\"attachment-large size-large wp-image-14051\" alt=\"\" \/>\n            <\/div>\n        <\/div><div class=\"eael-entry-wrapper\"><header class=\"eael-entry-header\"><h2 class=\"eael-entry-title\"><a class=\"eael-grid-post-link\" href=\"https:\/\/omcabogados.com.pe\/en\/evento\/inta-annual-meeting-atlanta-2024\/\" title=\"INTA Anual Meeting Atlanta 2024\">INTA Anual Meeting Atlanta 2024<\/a><\/h2><\/header><div class=\"eael-entry-content\">\n                        <div class=\"eael-grid-post-excerpt\"><p>18 al 22 de mayo 2024 \u2013 Atlanta, Georgia, Estados Unidos \u2013 Sede: Georgia World...<\/p><\/div>\n                    <\/div><div class=\"eael-entry-footer\"><div class=\"eael-entry-meta\"><\/div><\/div><\/div><\/div>\n        <\/div>\n    <\/article><article class=\"eael-grid-post  eael-post-grid-column eael-pg-post-8882\" data-id=\"8882\">\n        <div class=\"eael-grid-post-holder\">\n            <div class=\"eael-grid-post-holder-inner\"><div class=\"eael-entry-media\"><div class=\"eael-entry-overlay fade-in\"><i class=\"fas fa-long-arrow-alt-right\" aria-hidden=\"true\"><\/i><a href=\"https:\/\/omcabogados.com.pe\/en\/evento\/xxii-international-congress-of-intellectual-property-aspi-2023\/\"><\/a><\/div><div class=\"eael-entry-thumbnail eael-image-ratio\">\n                <img loading=\"lazy\" decoding=\"async\" width=\"660\" height=\"440\" src=\"https:\/\/omcabogados.com.pe\/wp-content\/uploads\/imagen_2023120715234738559300.png\" class=\"attachment-large size-large wp-image-9690\" alt=\"\" \/>\n            <\/div>\n        <\/div><div class=\"eael-entry-wrapper\"><header class=\"eael-entry-header\"><h2 class=\"eael-entry-title\"><a class=\"eael-grid-post-link\" href=\"https:\/\/omcabogados.com.pe\/en\/evento\/xxii-international-congress-of-intellectual-property-aspi-2023\/\" title=\"XXII International Congress of Intellectual Property ASPI 2023\">XXII International Congress of Intellectual Property ASPI 2023<\/a><\/h2><\/header><div class=\"eael-entry-content\">\n                        <div class=\"eael-grid-post-excerpt\"><p>December 3rd to 6th - CDMX, Mexico - Venue: Hotel Presidente InterContinental &nbsp;<\/p><\/div>\n                    <\/div><div class=\"eael-entry-footer\"><div class=\"eael-entry-meta\"><\/div><\/div><\/div><\/div>\n        <\/div>\n    <\/article><article class=\"eael-grid-post  eael-post-grid-column eael-pg-post-8870\" data-id=\"8870\">\n        <div class=\"eael-grid-post-holder\">\n            <div class=\"eael-grid-post-holder-inner\"><div class=\"eael-entry-media\"><div class=\"eael-entry-overlay fade-in\"><i class=\"fas fa-long-arrow-alt-right\" aria-hidden=\"true\"><\/i><a href=\"https:\/\/omcabogados.com.pe\/en\/evento\/2023-colombia-business-tour\/\"><\/a><\/div><div class=\"eael-entry-thumbnail eael-image-ratio\">\n                <img loading=\"lazy\" decoding=\"async\" width=\"660\" height=\"440\" src=\"https:\/\/omcabogados.com.pe\/wp-content\/uploads\/imagen_202310231630331760300.png\" class=\"attachment-large size-large wp-image-8873\" alt=\"\" \/>\n            <\/div>\n        <\/div><div class=\"eael-entry-wrapper\"><header class=\"eael-entry-header\"><h2 class=\"eael-entry-title\"><a class=\"eael-grid-post-link\" href=\"https:\/\/omcabogados.com.pe\/en\/evento\/2023-colombia-business-tour\/\" title=\"2023 Colombia Business Tour\">2023 Colombia Business Tour<\/a><\/h2><\/header><div class=\"eael-entry-content\">\n                        <div class=\"eael-grid-post-excerpt\"><p>October 16th to 22th, 2023 - Bogot\u00e1, Colombia &nbsp;<\/p><\/div>\n                    <\/div><div class=\"eael-entry-footer\"><div class=\"eael-entry-meta\"><\/div><\/div><\/div><\/div>\n        <\/div>\n    <\/article><article class=\"eael-grid-post  eael-post-grid-column eael-pg-post-8857\" data-id=\"8857\">\n        <div class=\"eael-grid-post-holder\">\n            <div class=\"eael-grid-post-holder-inner\"><div class=\"eael-entry-media\"><div class=\"eael-entry-overlay fade-in\"><i class=\"fas fa-long-arrow-alt-right\" aria-hidden=\"true\"><\/i><a href=\"https:\/\/omcabogados.com.pe\/en\/evento\/abapi-reception-75th-anniversary-abapi-43rd-intellectual-property-international-congress\/\"><\/a><\/div><div class=\"eael-entry-thumbnail eael-image-ratio\">\n                <img loading=\"lazy\" decoding=\"async\" width=\"660\" height=\"440\" src=\"https:\/\/omcabogados.com.pe\/wp-content\/uploads\/imagen_202308211649078691100.jpg\" class=\"attachment-large size-large wp-image-8860\" alt=\"\" \/>\n            <\/div>\n        <\/div><div class=\"eael-entry-wrapper\"><header class=\"eael-entry-header\"><h2 class=\"eael-entry-title\"><a class=\"eael-grid-post-link\" href=\"https:\/\/omcabogados.com.pe\/en\/evento\/abapi-reception-75th-anniversary-abapi-43rd-intellectual-property-international-congress\/\" title=\"Recepci\u00f3n 75 Aniversario ABAPI &#8211; 43 Congresso Internacional Da Propriedade Intelectual ABAPI\">ABAPI Reception 75th Anniversary - ABAPI 43rd Intellectual Property International Congress<\/a><\/h2><\/header><div class=\"eael-entry-content\">\n                        <div class=\"eael-grid-post-excerpt\"><p>August 18th, 2023 - Rio, Brazil Venue: Jockey Club Do Rio de...<\/p><\/div>\n                    <\/div><div class=\"eael-entry-footer\"><div class=\"eael-entry-meta\"><\/div><\/div><\/div><\/div>\n        <\/div>\n    <\/article><article class=\"eael-grid-post  eael-post-grid-column eael-pg-post-8565\" data-id=\"8565\">\n        <div class=\"eael-grid-post-holder\">\n            <div class=\"eael-grid-post-holder-inner\"><div class=\"eael-entry-media\"><div class=\"eael-entry-overlay fade-in\"><i class=\"fas fa-long-arrow-alt-right\" aria-hidden=\"true\"><\/i><a href=\"https:\/\/omcabogados.com.pe\/en\/evento\/aspi-40-anniversary-dinner\/\"><\/a><\/div><div class=\"eael-entry-thumbnail eael-image-ratio\">\n                <img loading=\"lazy\" decoding=\"async\" width=\"660\" height=\"440\" src=\"https:\/\/omcabogados.com.pe\/wp-content\/uploads\/imagen_2023081714511855114100.jpg\" class=\"attachment-large size-large wp-image-8568\" alt=\"\" \/>\n            <\/div>\n        <\/div><div class=\"eael-entry-wrapper\"><header class=\"eael-entry-header\"><h2 class=\"eael-entry-title\"><a class=\"eael-grid-post-link\" href=\"https:\/\/omcabogados.com.pe\/en\/evento\/aspi-40-anniversary-dinner\/\" title=\"ASPI 40 Anniversary Dinner\">ASPI 40 Anniversary Dinner<\/a><\/h2><\/header><div class=\"eael-entry-content\">\n                        <div class=\"eael-grid-post-excerpt\"><p>August 16th, 2023 - Sao Paulo, Brazil - Venue: Palacio Tangar\u00e1 &nbsp;<\/p><\/div>\n                    <\/div><div class=\"eael-entry-footer\"><div class=\"eael-entry-meta\"><\/div><\/div><\/div><\/div>\n        <\/div>\n    <\/article><article class=\"eael-grid-post  eael-post-grid-column eael-pg-post-8534\" data-id=\"8534\">\n        <div class=\"eael-grid-post-holder\">\n            <div class=\"eael-grid-post-holder-inner\"><div class=\"eael-entry-media\"><div class=\"eael-entry-overlay fade-in\"><i class=\"fas fa-long-arrow-alt-right\" aria-hidden=\"true\"><\/i><a href=\"https:\/\/omcabogados.com.pe\/en\/evento\/xxiii-asipi-work-sessions-and-administrative-council\/\"><\/a><\/div><div class=\"eael-entry-thumbnail eael-image-ratio\">\n                <img loading=\"lazy\" decoding=\"async\" width=\"656\" height=\"484\" src=\"https:\/\/omcabogados.com.pe\/wp-content\/uploads\/imagen_2022120714262233391600-656x484.jpg\" class=\"attachment-large size-large wp-image-8538\" alt=\"\" \/>\n            <\/div>\n        <\/div><div class=\"eael-entry-wrapper\"><header class=\"eael-entry-header\"><h2 class=\"eael-entry-title\"><a class=\"eael-grid-post-link\" href=\"https:\/\/omcabogados.com.pe\/en\/evento\/xxiii-asipi-work-sessions-and-administrative-council\/\" title=\"XXIII ASIPI Work Sessions and Administrative Council\">XXIII ASIPI Work Sessions and Administrative Council<\/a><\/h2><\/header><div class=\"eael-entry-content\">\n                        <div class=\"eael-grid-post-excerpt\"><p>December 04th to 07th, 2022 - Medell\u00edn, Colombia - Venue: InterContinental Medell\u00edn Hotel &nbsp;<\/p><\/div>\n                    <\/div><div class=\"eael-entry-footer\"><div class=\"eael-entry-meta\"><\/div><\/div><\/div><\/div>\n        <\/div>\n    <\/article><article class=\"eael-grid-post  eael-post-grid-column eael-pg-post-8316\" data-id=\"8316\">\n        <div class=\"eael-grid-post-holder\">\n            <div class=\"eael-grid-post-holder-inner\"><div class=\"eael-entry-media\"><div class=\"eael-entry-overlay fade-in\"><i class=\"fas fa-long-arrow-alt-right\" aria-hidden=\"true\"><\/i><a href=\"https:\/\/omcabogados.com.pe\/en\/evento\/73rd-apaa-council-meeting-2022\/\"><\/a><\/div><div class=\"eael-entry-thumbnail eael-image-ratio\">\n                <img loading=\"lazy\" decoding=\"async\" width=\"660\" height=\"440\" src=\"https:\/\/omcabogados.com.pe\/wp-content\/uploads\/imagen_2022101714514687563600.jpg\" class=\"attachment-large size-large wp-image-8319\" alt=\"\" \/>\n            <\/div>\n        <\/div><div class=\"eael-entry-wrapper\"><header class=\"eael-entry-header\"><h2 class=\"eael-entry-title\"><a class=\"eael-grid-post-link\" href=\"https:\/\/omcabogados.com.pe\/en\/evento\/73rd-apaa-council-meeting-2022\/\" title=\"73rd APAA Council Meeting 2022\">73rd APAA Council Meeting 2022<\/a><\/h2><\/header><div class=\"eael-entry-content\">\n                        <div class=\"eael-grid-post-excerpt\"><p>October 15th to 18th, 2022, Busan, Korea, Venue: BEXCO &nbsp;<\/p><\/div>\n                    <\/div><div class=\"eael-entry-footer\"><div class=\"eael-entry-meta\"><\/div><\/div><\/div><\/div>\n        <\/div>\n    <\/article><article class=\"eael-grid-post  eael-post-grid-column eael-pg-post-8287\" data-id=\"8287\">\n        <div class=\"eael-grid-post-holder\">\n            <div class=\"eael-grid-post-holder-inner\"><div class=\"eael-entry-media\"><div class=\"eael-entry-overlay fade-in\"><i class=\"fas fa-long-arrow-alt-right\" aria-hidden=\"true\"><\/i><a href=\"https:\/\/omcabogados.com.pe\/en\/evento\/wipf-bangkok-2022-conference-world-ip-forum\/\"><\/a><\/div><div class=\"eael-entry-thumbnail eael-image-ratio\">\n                <img loading=\"lazy\" decoding=\"async\" width=\"660\" height=\"440\" src=\"https:\/\/omcabogados.com.pe\/wp-content\/uploads\/imagen_2022101023305501018200.jpg\" class=\"attachment-large size-large wp-image-8291\" alt=\"\" \/>\n            <\/div>\n        <\/div><div class=\"eael-entry-wrapper\"><header class=\"eael-entry-header\"><h2 class=\"eael-entry-title\"><a class=\"eael-grid-post-link\" href=\"https:\/\/omcabogados.com.pe\/en\/evento\/wipf-bangkok-2022-conference-world-ip-forum\/\" title=\"Conferencia WIPF Bangkok 2022 &#8211; World IP Forum\">WIPF Bangkok 2022 Conference - World IP Forum<\/a><\/h2><\/header><div class=\"eael-entry-content\">\n                        <div class=\"eael-grid-post-excerpt\"><p>October 10th to 12th, 2022 - Bangkok, Thailand - Venue: The Landmark Hotel...<\/p><\/div>\n                    <\/div><div class=\"eael-entry-footer\"><div class=\"eael-entry-meta\"><\/div><\/div><\/div><\/div>\n        <\/div>\n    <\/article><article class=\"eael-grid-post  eael-post-grid-column eael-pg-post-8261\" data-id=\"8261\">\n        <div class=\"eael-grid-post-holder\">\n            <div class=\"eael-grid-post-holder-inner\"><div class=\"eael-entry-media\"><div class=\"eael-entry-overlay fade-in\"><i class=\"fas fa-long-arrow-alt-right\" aria-hidden=\"true\"><\/i><a href=\"https:\/\/omcabogados.com.pe\/en\/evento\/42o-international-congress-on-intellectual-property-abpi-2022-inovacao-e-sociedade-5-0\/\"><\/a><\/div><div class=\"eael-entry-thumbnail eael-image-ratio\">\n                <img loading=\"lazy\" decoding=\"async\" width=\"660\" height=\"440\" src=\"https:\/\/omcabogados.com.pe\/wp-content\/uploads\/imagen_2022082315411817965100.jpg\" class=\"attachment-large size-large wp-image-8263\" alt=\"\" \/>\n            <\/div>\n        <\/div><div class=\"eael-entry-wrapper\"><header class=\"eael-entry-header\"><h2 class=\"eael-entry-title\"><a class=\"eael-grid-post-link\" href=\"https:\/\/omcabogados.com.pe\/en\/evento\/42o-international-congress-on-intellectual-property-abpi-2022-inovacao-e-sociedade-5-0\/\" title=\"42\u00ba Congresso Internacional da Associa\u00e7\u00e3o Brasileira da Propriedade Intelectual &#8211; ABPI 2022: Inova\u00e7\u00e3o e Sociedade 5.0\">42\u00ba International Congress on Intellectual Property - ABPI 2022: Inova\u00e7\u00e3o e Sociedade 5.0<\/a><\/h2><\/header><div class=\"eael-entry-content\">\n                        <div class=\"eael-grid-post-excerpt\"><p>August 22nd to 23rd, 2022 - Sao Paulo, Brazil - Venue: Sheraton Sao Paulo...<\/p><\/div>\n                    <\/div><div class=\"eael-entry-footer\"><div class=\"eael-entry-meta\"><\/div><\/div><\/div><\/div>\n        <\/div>\n    <\/article><article class=\"eael-grid-post  eael-post-grid-column eael-pg-post-8234\" data-id=\"8234\">\n        <div class=\"eael-grid-post-holder\">\n            <div class=\"eael-grid-post-holder-inner\"><div class=\"eael-entry-media\"><div class=\"eael-entry-overlay fade-in\"><i class=\"fas fa-long-arrow-alt-right\" aria-hidden=\"true\"><\/i><a href=\"https:\/\/omcabogados.com.pe\/en\/evento\/2022-inta-annual-meeting\/\"><\/a><\/div><div class=\"eael-entry-thumbnail eael-image-ratio\">\n                <img loading=\"lazy\" decoding=\"async\" width=\"660\" height=\"440\" src=\"https:\/\/omcabogados.com.pe\/wp-content\/uploads\/imagen_2022050221592379477300.jpg\" class=\"attachment-large size-large wp-image-8238\" alt=\"\" \/>\n            <\/div>\n        <\/div><div class=\"eael-entry-wrapper\"><header class=\"eael-entry-header\"><h2 class=\"eael-entry-title\"><a class=\"eael-grid-post-link\" href=\"https:\/\/omcabogados.com.pe\/en\/evento\/2022-inta-annual-meeting\/\" title=\"2022 INTA Annual meeting\">2022 INTA Annual meeting<\/a><\/h2><\/header><div class=\"eael-entry-content\">\n                        <div class=\"eael-grid-post-excerpt\"><p>April 30th to May 04th, 2022, Washington, DC., United State. Venue:...<\/p><\/div>\n                    <\/div><div class=\"eael-entry-footer\"><div class=\"eael-entry-meta\"><\/div><\/div><\/div><\/div>\n        <\/div>\n    <\/article><article class=\"eael-grid-post  eael-post-grid-column eael-pg-post-8214\" data-id=\"8214\">\n        <div class=\"eael-grid-post-holder\">\n            <div class=\"eael-grid-post-holder-inner\"><div class=\"eael-entry-media\"><div class=\"eael-entry-overlay fade-in\"><i class=\"fas fa-long-arrow-alt-right\" aria-hidden=\"true\"><\/i><a href=\"https:\/\/omcabogados.com.pe\/en\/evento\/xvii-encontro-regional-da-abapisul-2022-br\/\"><\/a><\/div><div class=\"eael-entry-thumbnail eael-image-ratio\">\n                <img loading=\"lazy\" decoding=\"async\" width=\"660\" height=\"440\" src=\"https:\/\/omcabogados.com.pe\/wp-content\/uploads\/imagen_202203171441425627100.png\" class=\"attachment-large size-large wp-image-8217\" alt=\"\" \/>\n            <\/div>\n        <\/div><div class=\"eael-entry-wrapper\"><header class=\"eael-entry-header\"><h2 class=\"eael-entry-title\"><a class=\"eael-grid-post-link\" href=\"https:\/\/omcabogados.com.pe\/en\/evento\/xvii-encontro-regional-da-abapisul-2022-br\/\" title=\"XVII Encontro Regional da ABAPISUL 2022\">XVII Encontro Regional da ABAPISUL 2022<\/a><\/h2><\/header><div class=\"eael-entry-content\">\n                        <div class=\"eael-grid-post-excerpt\"><p>March 18th to 20th, 2022 - Florianopolis, Brazil - Venue: Il Campanario Hotel &nbsp;<\/p><\/div>\n                    <\/div><div class=\"eael-entry-footer\"><div class=\"eael-entry-meta\"><\/div><\/div><\/div><\/div>\n        <\/div>\n    <\/article><article class=\"eael-grid-post  eael-post-grid-column eael-pg-post-8195\" data-id=\"8195\">\n        <div class=\"eael-grid-post-holder\">\n            <div class=\"eael-grid-post-holder-inner\"><div class=\"eael-entry-media\"><div class=\"eael-entry-overlay fade-in\"><i class=\"fas fa-long-arrow-alt-right\" aria-hidden=\"true\"><\/i><a href=\"https:\/\/omcabogados.com.pe\/en\/evento\/xxi-congresso-internacional-da-propriedade-intelectual-aspi-propiedade-intelectual-como-ferramenta-de-transformacao-social-br\/\"><\/a><\/div><div class=\"eael-entry-thumbnail eael-image-ratio\">\n                <img loading=\"lazy\" decoding=\"async\" width=\"660\" height=\"440\" src=\"https:\/\/omcabogados.com.pe\/wp-content\/uploads\/imagen_2022031516014479254200.png\" class=\"attachment-large size-large wp-image-8198\" alt=\"\" \/>\n            <\/div>\n        <\/div><div class=\"eael-entry-wrapper\"><header class=\"eael-entry-header\"><h2 class=\"eael-entry-title\"><a class=\"eael-grid-post-link\" href=\"https:\/\/omcabogados.com.pe\/en\/evento\/xxi-congresso-internacional-da-propriedade-intelectual-aspi-propiedade-intelectual-como-ferramenta-de-transformacao-social-br\/\" title=\"XXI Congresso Internacional da Propriedade Intelectual ASPI: Propiedade Intelectual como ferramenta de transformacao social\">XXI Congresso Internacional da Propriedade Intelectual ASPI: Propiedade Intelectual como ferramenta de transformacao social<\/a><\/h2><\/header><div class=\"eael-entry-content\">\n                        <div class=\"eael-grid-post-excerpt\"><p>March 14th to 16th, 2022 - Sao Paulo, Brazil - Venue: Grand Mercure Sao...<\/p><\/div>\n                    <\/div><div class=\"eael-entry-footer\"><div class=\"eael-entry-meta\"><\/div><\/div><\/div><\/div>\n        <\/div>\n    <\/article><article class=\"eael-grid-post  eael-post-grid-column eael-pg-post-8185\" data-id=\"8185\">\n        <div class=\"eael-grid-post-holder\">\n            <div class=\"eael-grid-post-holder-inner\"><div class=\"eael-entry-media\"><div class=\"eael-entry-overlay fade-in\"><i class=\"fas fa-long-arrow-alt-right\" aria-hidden=\"true\"><\/i><a href=\"https:\/\/omcabogados.com.pe\/en\/evento\/partner-of-om-abogados-y-consultores-made-a-business-travel-to-paraguay\/\"><\/a><\/div><div class=\"eael-entry-thumbnail eael-image-ratio\">\n                <img loading=\"lazy\" decoding=\"async\" width=\"660\" height=\"440\" src=\"https:\/\/omcabogados.com.pe\/wp-content\/uploads\/imagen_2022030417335228925900.png\" class=\"attachment-large size-large wp-image-8188\" alt=\"\" \/>\n            <\/div>\n        <\/div><div class=\"eael-entry-wrapper\"><header class=\"eael-entry-header\"><h2 class=\"eael-entry-title\"><a class=\"eael-grid-post-link\" href=\"https:\/\/omcabogados.com.pe\/en\/evento\/partner-of-om-abogados-y-consultores-made-a-business-travel-to-paraguay\/\" title=\"Partner of OMC Abogados &amp; Consultores made a business travel to Paraguay\">Partner of OMC Abogados &amp; Consultores made a business travel to Paraguay<\/a><\/h2><\/header><div class=\"eael-entry-content\">\n                        <div class=\"eael-grid-post-excerpt\"><p>November 21st to 25th, 2022 - Asunci\u00f3n, Paraguay &nbsp;<\/p><\/div>\n                    <\/div><div class=\"eael-entry-footer\"><div class=\"eael-entry-meta\"><\/div><\/div><\/div><\/div>\n        <\/div>\n    <\/article><article class=\"eael-grid-post  eael-post-grid-column eael-pg-post-8165\" data-id=\"8165\">\n        <div class=\"eael-grid-post-holder\">\n            <div class=\"eael-grid-post-holder-inner\"><div class=\"eael-entry-media\"><div class=\"eael-entry-overlay fade-in\"><i class=\"fas fa-long-arrow-alt-right\" aria-hidden=\"true\"><\/i><a href=\"https:\/\/omcabogados.com.pe\/en\/evento\/asipi-seminary-negocios-digitales-la-nueva-frontera\/\"><\/a><\/div><div class=\"eael-entry-thumbnail eael-image-ratio\">\n                <img loading=\"lazy\" decoding=\"async\" width=\"660\" height=\"440\" src=\"https:\/\/omcabogados.com.pe\/wp-content\/uploads\/imagen_2020030916241739128200-1.png\" class=\"attachment-large size-large wp-image-8182\" alt=\"\" \/>\n            <\/div>\n        <\/div><div class=\"eael-entry-wrapper\"><header class=\"eael-entry-header\"><h2 class=\"eael-entry-title\"><a class=\"eael-grid-post-link\" href=\"https:\/\/omcabogados.com.pe\/en\/evento\/asipi-seminary-negocios-digitales-la-nueva-frontera\/\" title=\"ASIPI Seminary: Negocios digitales, La nueva frontera\">ASIPI Seminary: Negocios digitales, La nueva frontera<\/a><\/h2><\/header><div class=\"eael-entry-content\">\n                        <div class=\"eael-grid-post-excerpt\"><p>March 8th to 10th, 2020 - Montevideo, Uruguay  Venue: Hyatt Centric Montevideo Hotel...<\/p><\/div>\n                    <\/div><div class=\"eael-entry-footer\"><div class=\"eael-entry-meta\"><\/div><\/div><\/div><\/div>\n        <\/div>\n    <\/article><article class=\"eael-grid-post  eael-post-grid-column eael-pg-post-8137\" data-id=\"8137\">\n        <div class=\"eael-grid-post-holder\">\n            <div class=\"eael-grid-post-holder-inner\"><div class=\"eael-entry-media\"><div class=\"eael-entry-overlay fade-in\"><i class=\"fas fa-long-arrow-alt-right\" aria-hidden=\"true\"><\/i><a href=\"https:\/\/omcabogados.com.pe\/en\/evento\/xxi-work-sessions-and-administrative-council-of-asipi\/\"><\/a><\/div><div class=\"eael-entry-thumbnail eael-image-ratio\">\n                <img loading=\"lazy\" decoding=\"async\" width=\"726\" height=\"484\" src=\"https:\/\/omcabogados.com.pe\/wp-content\/uploads\/imagen_2019103023412645139500-726x484.jpg\" class=\"attachment-large size-large wp-image-8140\" alt=\"\" \/>\n            <\/div>\n        <\/div><div class=\"eael-entry-wrapper\"><header class=\"eael-entry-header\"><h2 class=\"eael-entry-title\"><a class=\"eael-grid-post-link\" href=\"https:\/\/omcabogados.com.pe\/en\/evento\/xxi-work-sessions-and-administrative-council-of-asipi\/\" title=\"XXI Work Sessions and Administrative Council of ASIPI\">XXI Work Sessions and Administrative Council of ASIPI<\/a><\/h2><\/header><div class=\"eael-entry-content\">\n                        <div class=\"eael-grid-post-excerpt\"><p>October 27th to 30th, 2019 - Lima, Peru - Venue: Westin Hotel &amp; Convention Center<\/p><\/div>\n                    <\/div><div class=\"eael-entry-footer\"><div class=\"eael-entry-meta\"><\/div><\/div><\/div><\/div>\n        <\/div>\n    <\/article><article class=\"eael-grid-post  eael-post-grid-column eael-pg-post-7994\" data-id=\"7994\">\n        <div class=\"eael-grid-post-holder\">\n            <div class=\"eael-grid-post-holder-inner\"><div class=\"eael-entry-media\"><div class=\"eael-entry-overlay fade-in\"><i class=\"fas fa-long-arrow-alt-right\" aria-hidden=\"true\"><\/i><a href=\"https:\/\/omcabogados.com.pe\/en\/evento\/2019-almuerzo-criollo\/\"><\/a><\/div><div class=\"eael-entry-thumbnail eael-image-ratio\">\n                <img loading=\"lazy\" decoding=\"async\" width=\"660\" height=\"440\" src=\"https:\/\/omcabogados.com.pe\/wp-content\/uploads\/imagen_2019110523331527455000.jpg\" class=\"attachment-large size-large wp-image-7997\" alt=\"\" \/>\n            <\/div>\n        <\/div><div class=\"eael-entry-wrapper\"><header class=\"eael-entry-header\"><h2 class=\"eael-entry-title\"><a class=\"eael-grid-post-link\" href=\"https:\/\/omcabogados.com.pe\/en\/evento\/2019-almuerzo-criollo\/\" title=\"2019 Almuerzo Criollo\">2019 Almuerzo Criollo<\/a><\/h2><\/header><div class=\"eael-entry-content\">\n                        <div class=\"eael-grid-post-excerpt\"><p>October 26th, 2019 - Lima, Peru - Venue: La Molina &nbsp;<\/p><\/div>\n                    <\/div><div class=\"eael-entry-footer\"><div class=\"eael-entry-meta\"><\/div><\/div><\/div><\/div>\n        <\/div>\n    <\/article><article class=\"eael-grid-post  eael-post-grid-column eael-pg-post-7967\" data-id=\"7967\">\n        <div class=\"eael-grid-post-holder\">\n            <div class=\"eael-grid-post-holder-inner\"><div class=\"eael-entry-media\"><div class=\"eael-entry-overlay fade-in\"><i class=\"fas fa-long-arrow-alt-right\" aria-hidden=\"true\"><\/i><a href=\"https:\/\/omcabogados.com.pe\/en\/evento\/33rd-annual-conference-marques-2019\/\"><\/a><\/div><div class=\"eael-entry-thumbnail eael-image-ratio\">\n                <img loading=\"lazy\" decoding=\"async\" width=\"660\" height=\"440\" src=\"https:\/\/omcabogados.com.pe\/wp-content\/uploads\/imagen_2019091914585926592800.png\" class=\"attachment-large size-large wp-image-7970\" alt=\"\" \/>\n            <\/div>\n        <\/div><div class=\"eael-entry-wrapper\"><header class=\"eael-entry-header\"><h2 class=\"eael-entry-title\"><a class=\"eael-grid-post-link\" href=\"https:\/\/omcabogados.com.pe\/en\/evento\/33rd-annual-conference-marques-2019\/\" title=\"33rd Annual Conference MARQUES 2019\">33rd Annual Conference MARQUES 2019<\/a><\/h2><\/header><div class=\"eael-entry-content\">\n                        <div class=\"eael-grid-post-excerpt\"><p>September 17th to 20th, 2019 - Dublin, Ireland - Venue: City West Hotel Dublin<\/p><\/div>\n                    <\/div><div class=\"eael-entry-footer\"><div class=\"eael-entry-meta\"><\/div><\/div><\/div><\/div>\n        <\/div>\n    <\/article><article class=\"eael-grid-post  eael-post-grid-column eael-pg-post-7948\" data-id=\"7948\">\n        <div class=\"eael-grid-post-holder\">\n            <div class=\"eael-grid-post-holder-inner\"><div class=\"eael-entry-media\"><div class=\"eael-entry-overlay fade-in\"><i class=\"fas fa-long-arrow-alt-right\" aria-hidden=\"true\"><\/i><a href=\"https:\/\/omcabogados.com.pe\/en\/evento\/les-pan-european-conference-2019-human-evolution-and-artificial-intelligence-are-you-ready\/\"><\/a><\/div><div class=\"eael-entry-thumbnail eael-image-ratio\">\n                <img loading=\"lazy\" decoding=\"async\" width=\"660\" height=\"440\" src=\"https:\/\/omcabogados.com.pe\/wp-content\/uploads\/imagen_201909121451155848600.png\" class=\"attachment-large size-large wp-image-7951\" alt=\"\" \/>\n            <\/div>\n        <\/div><div class=\"eael-entry-wrapper\"><header class=\"eael-entry-header\"><h2 class=\"eael-entry-title\"><a class=\"eael-grid-post-link\" href=\"https:\/\/omcabogados.com.pe\/en\/evento\/les-pan-european-conference-2019-human-evolution-and-artificial-intelligence-are-you-ready\/\" title=\"LES PAN EUROPEAN Conference 2019: Human evolution and artificial intelligence, are you ready?\">LES PAN EUROPEAN Conference 2019: Human evolution and artificial intelligence, are you ready?<\/a><\/h2><\/header><div class=\"eael-entry-content\">\n                        <div class=\"eael-grid-post-excerpt\"><p>September 11st to 12nd, 2019 - Madrid, Spain - Venue: NH Collection Madrid Eurobuilding<\/p><\/div>\n                    <\/div><div class=\"eael-entry-footer\"><div class=\"eael-entry-meta\"><\/div><\/div><\/div><\/div>\n        <\/div>\n    <\/article><article class=\"eael-grid-post  eael-post-grid-column eael-pg-post-7932\" data-id=\"7932\">\n        <div class=\"eael-grid-post-holder\">\n            <div class=\"eael-grid-post-holder-inner\"><div class=\"eael-entry-media\"><div class=\"eael-entry-overlay fade-in\"><i class=\"fas fa-long-arrow-alt-right\" aria-hidden=\"true\"><\/i><a href=\"https:\/\/omcabogados.com.pe\/en\/evento\/xxxix-international-congress-on-intellectual-property-2019\/\"><\/a><\/div><div class=\"eael-entry-thumbnail eael-image-ratio\">\n                <img loading=\"lazy\" decoding=\"async\" width=\"663\" height=\"441\" src=\"https:\/\/omcabogados.com.pe\/wp-content\/uploads\/imagen_2019082715303012620500.jpg\" class=\"attachment-large size-large wp-image-7935\" alt=\"\" \/>\n            <\/div>\n        <\/div><div class=\"eael-entry-wrapper\"><header class=\"eael-entry-header\"><h2 class=\"eael-entry-title\"><a class=\"eael-grid-post-link\" href=\"https:\/\/omcabogados.com.pe\/en\/evento\/xxxix-international-congress-on-intellectual-property-2019\/\" title=\"XXXIX International Congress on Intellectual Property 2019\">XXXIX International Congress on Intellectual Property 2019<\/a><\/h2><\/header><div class=\"eael-entry-content\">\n                        <div class=\"eael-grid-post-excerpt\"><p>August 25th to 27th, 2019 - Rio, Brazil - Venue: Windsor Oceanico Hotel<\/p><\/div>\n                    <\/div><div class=\"eael-entry-footer\"><div class=\"eael-entry-meta\"><\/div><\/div><\/div><\/div>\n        <\/div>\n    <\/article><article class=\"eael-grid-post  eael-post-grid-column eael-pg-post-7903\" data-id=\"7903\">\n        <div class=\"eael-grid-post-holder\">\n            <div class=\"eael-grid-post-holder-inner\"><div class=\"eael-entry-media\"><div class=\"eael-entry-overlay fade-in\"><i class=\"fas fa-long-arrow-alt-right\" aria-hidden=\"true\"><\/i><a href=\"https:\/\/omcabogados.com.pe\/en\/evento\/ecta-38th-annual-conference-2019-edinburgh\/\"><\/a><\/div><div class=\"eael-entry-thumbnail eael-image-ratio\">\n                <img loading=\"lazy\" decoding=\"async\" width=\"660\" height=\"440\" src=\"https:\/\/omcabogados.com.pe\/wp-content\/uploads\/imagen_201906271425608406400.png\" class=\"attachment-large size-large wp-image-7904\" alt=\"\" \/>\n            <\/div>\n        <\/div><div class=\"eael-entry-wrapper\"><header class=\"eael-entry-header\"><h2 class=\"eael-entry-title\"><a class=\"eael-grid-post-link\" href=\"https:\/\/omcabogados.com.pe\/en\/evento\/ecta-38th-annual-conference-2019-edinburgh\/\" title=\"ECTA: 38th Annual Conference 2019 Edinburgh\">ECTA: 38th Annual Conference 2019 Edinburgh<\/a><\/h2><\/header><div class=\"eael-entry-content\">\n                        <div class=\"eael-grid-post-excerpt\"><p>June 26th to 29th, 2019 - Scotland, United Kingdom - Venue: Strathblane Hall - EICC<\/p><\/div>\n                    <\/div><div class=\"eael-entry-footer\"><div class=\"eael-entry-meta\"><\/div><\/div><\/div><\/div>\n        <\/div>\n    <\/article><article class=\"eael-grid-post  eael-post-grid-column eael-pg-post-7894\" data-id=\"7894\">\n        <div class=\"eael-grid-post-holder\">\n            <div class=\"eael-grid-post-holder-inner\"><div class=\"eael-entry-media\"><div class=\"eael-entry-overlay fade-in\"><i class=\"fas fa-long-arrow-alt-right\" aria-hidden=\"true\"><\/i><a href=\"https:\/\/omcabogados.com.pe\/en\/evento\/business-trip-mexico-2019\/\"><\/a><\/div><div class=\"eael-entry-thumbnail eael-image-ratio\">\n                <img loading=\"lazy\" decoding=\"async\" width=\"660\" height=\"440\" src=\"https:\/\/omcabogados.com.pe\/wp-content\/uploads\/imagen_2019052921293225069500.png\" class=\"attachment-large size-large wp-image-7897\" alt=\"\" \/>\n            <\/div>\n        <\/div><div class=\"eael-entry-wrapper\"><header class=\"eael-entry-header\"><h2 class=\"eael-entry-title\"><a class=\"eael-grid-post-link\" href=\"https:\/\/omcabogados.com.pe\/en\/evento\/business-trip-mexico-2019\/\" title=\"Business trip: Mexico 2019\">Business trip: Mexico 2019<\/a><\/h2><\/header><div class=\"eael-entry-content\">\n                        <div class=\"eael-grid-post-excerpt\"><p>May 14th to 17th, 2019 \u2013 Guadalajara, Mexico &nbsp;<\/p><\/div>\n                    <\/div><div class=\"eael-entry-footer\"><div class=\"eael-entry-meta\"><\/div><\/div><\/div><\/div>\n        <\/div>\n    <\/article><article class=\"eael-grid-post  eael-post-grid-column eael-pg-post-7854\" data-id=\"7854\">\n        <div class=\"eael-grid-post-holder\">\n            <div class=\"eael-grid-post-holder-inner\"><div class=\"eael-entry-media\"><div class=\"eael-entry-overlay fade-in\"><i class=\"fas fa-long-arrow-alt-right\" aria-hidden=\"true\"><\/i><a href=\"https:\/\/omcabogados.com.pe\/en\/evento\/inta-141th-annual-meeting-boston-2019\/\"><\/a><\/div><div class=\"eael-entry-thumbnail eael-image-ratio\">\n                <img loading=\"lazy\" decoding=\"async\" width=\"660\" height=\"440\" src=\"https:\/\/omcabogados.com.pe\/wp-content\/uploads\/imagen_2019052020534246777000.png\" class=\"attachment-large size-large wp-image-7857\" alt=\"\" \/>\n            <\/div>\n        <\/div><div class=\"eael-entry-wrapper\"><header class=\"eael-entry-header\"><h2 class=\"eael-entry-title\"><a class=\"eael-grid-post-link\" href=\"https:\/\/omcabogados.com.pe\/en\/evento\/inta-141th-annual-meeting-boston-2019\/\" title=\"INTA: 141th Annual meeting Boston 2019\">INTA: 141th Annual meeting Boston 2019<\/a><\/h2><\/header><div class=\"eael-entry-content\">\n                        <div class=\"eael-grid-post-excerpt\"><p>March 18th to 22rd, 2019 - Massachusetts, United State - Venue: Boston Convention...<\/p><\/div>\n                    <\/div><div class=\"eael-entry-footer\"><div class=\"eael-entry-meta\"><\/div><\/div><\/div><\/div>\n        <\/div>\n    <\/article><article class=\"eael-grid-post  eael-post-grid-column eael-pg-post-7834\" data-id=\"7834\">\n        <div class=\"eael-grid-post-holder\">\n            <div class=\"eael-grid-post-holder-inner\"><div class=\"eael-entry-media\"><div class=\"eael-entry-overlay fade-in\"><i class=\"fas fa-long-arrow-alt-right\" aria-hidden=\"true\"><\/i><a href=\"https:\/\/omcabogados.com.pe\/en\/evento\/mergers-and-acquisitions-in-latin-america-challenges-and-best-practices-in-the-era-of-compliance\/\"><\/a><\/div><div class=\"eael-entry-thumbnail eael-image-ratio\">\n                <img loading=\"lazy\" decoding=\"async\" width=\"660\" height=\"440\" src=\"https:\/\/omcabogados.com.pe\/wp-content\/uploads\/imagen_201903211448480615100.png\" class=\"attachment-large size-large wp-image-7837\" alt=\"\" \/>\n            <\/div>\n        <\/div><div class=\"eael-entry-wrapper\"><header class=\"eael-entry-header\"><h2 class=\"eael-entry-title\"><a class=\"eael-grid-post-link\" href=\"https:\/\/omcabogados.com.pe\/en\/evento\/mergers-and-acquisitions-in-latin-america-challenges-and-best-practices-in-the-era-of-compliance\/\" title=\"Mergers and Acquisitions in Latin America: Challenges and Best Practices in the Era of Compliance\">Mergers and Acquisitions in Latin America: Challenges and Best Practices in the Era of Compliance<\/a><\/h2><\/header><div class=\"eael-entry-content\">\n                        <div class=\"eael-grid-post-excerpt\"><p>March 20th to 22th, 2019 - Santiago de Chile, Chile - Venue: W Santiago Hotel<\/p><\/div>\n                    <\/div><div class=\"eael-entry-footer\"><div class=\"eael-entry-meta\"><\/div><\/div><\/div><\/div>\n        <\/div>\n    <\/article><article class=\"eael-grid-post  eael-post-grid-column eael-pg-post-7810\" data-id=\"7810\">\n        <div class=\"eael-grid-post-holder\">\n            <div class=\"eael-grid-post-holder-inner\"><div class=\"eael-entry-media\"><div class=\"eael-entry-overlay fade-in\"><i class=\"fas fa-long-arrow-alt-right\" aria-hidden=\"true\"><\/i><a href=\"https:\/\/omcabogados.com.pe\/en\/evento\/xiv-regional-meeting-abapisul-xix-congresso-internacional-da-propriedade-intelectual-aspi-2019-a-propriedade-intelectual-nos-mundos-real-e-virtual\/\"><\/a><\/div><div class=\"eael-entry-thumbnail eael-image-ratio\">\n                <img loading=\"lazy\" decoding=\"async\" width=\"660\" height=\"440\" src=\"https:\/\/omcabogados.com.pe\/wp-content\/uploads\/imagen_201903190018317045900.png\" class=\"attachment-large size-large wp-image-7812\" alt=\"\" \/>\n            <\/div>\n        <\/div><div class=\"eael-entry-wrapper\"><header class=\"eael-entry-header\"><h2 class=\"eael-entry-title\"><a class=\"eael-grid-post-link\" href=\"https:\/\/omcabogados.com.pe\/en\/evento\/xiv-regional-meeting-abapisul-xix-congresso-internacional-da-propriedade-intelectual-aspi-2019-a-propriedade-intelectual-nos-mundos-real-e-virtual\/\" title=\"XIV Regional meeting ABAPISUL \/ XIX Congresso Internacional Da Propriedade Intelectual ASPI 2019: A Propriedade Intelectual Nos Mundos Real e Virtual\">XIV Regional meeting ABAPISUL \/ XIX Congresso Internacional Da Propriedade Intelectual ASPI 2019: A Propriedade Intelectual Nos Mundos Real e Virtual<\/a><\/h2><\/header><div class=\"eael-entry-content\">\n                        <div class=\"eael-grid-post-excerpt\"><p>March 15th to 17th, 2019 - Florianopolis, Brazil - Venue: Il Campanario Hotel<\/p><\/div>\n                    <\/div><div class=\"eael-entry-footer\"><div class=\"eael-entry-meta\"><\/div><\/div><\/div><\/div>\n        <\/div>\n    <\/article><article class=\"eael-grid-post  eael-post-grid-column eael-pg-post-7617\" data-id=\"7617\">\n        <div class=\"eael-grid-post-holder\">\n            <div class=\"eael-grid-post-holder-inner\"><div class=\"eael-entry-media\"><div class=\"eael-entry-overlay fade-in\"><i class=\"fas fa-long-arrow-alt-right\" aria-hidden=\"true\"><\/i><a href=\"https:\/\/omcabogados.com.pe\/en\/evento\/xx-congress-inter-american-assocation-of-intellectual-property-asipi\/\"><\/a><\/div><div class=\"eael-entry-thumbnail eael-image-ratio\">\n                <img loading=\"lazy\" decoding=\"async\" width=\"660\" height=\"440\" src=\"https:\/\/omcabogados.com.pe\/wp-content\/uploads\/imagen_2018112817552845807300.png\" class=\"attachment-large size-large wp-image-7620\" alt=\"\" \/>\n            <\/div>\n        <\/div><div class=\"eael-entry-wrapper\"><header class=\"eael-entry-header\"><h2 class=\"eael-entry-title\"><a class=\"eael-grid-post-link\" href=\"https:\/\/omcabogados.com.pe\/en\/evento\/xx-congress-inter-american-assocation-of-intellectual-property-asipi\/\" title=\"XX Congreso de la Asociaci\u00f3n Interamericana de Propiedad Intelectual &#8211; ASIPI\">XX Congress Inter - American Assocation of Intellectual Property - ASIPI<\/a><\/h2><\/header><div class=\"eael-entry-content\">\n                        <div class=\"eael-grid-post-excerpt\"><p>November 25 - 28th, 2018 - Rio, Brazil - Venue: Windsor Hotel Oce\u00e1nico...<\/p><\/div>\n                    <\/div><div class=\"eael-entry-footer\"><div class=\"eael-entry-meta\"><\/div><\/div><\/div><\/div>\n        <\/div>\n    <\/article><article class=\"eael-grid-post  eael-post-grid-column eael-pg-post-7602\" data-id=\"7602\">\n        <div class=\"eael-grid-post-holder\">\n            <div class=\"eael-grid-post-holder-inner\"><div class=\"eael-entry-media\"><div class=\"eael-entry-overlay fade-in\"><i class=\"fas fa-long-arrow-alt-right\" aria-hidden=\"true\"><\/i><a href=\"https:\/\/omcabogados.com.pe\/en\/evento\/summit-antipirateria-contenidos-tour-2018\/\"><\/a><\/div><div class=\"eael-entry-thumbnail eael-image-ratio\">\n                <img loading=\"lazy\" decoding=\"async\" width=\"660\" height=\"440\" src=\"https:\/\/omcabogados.com.pe\/wp-content\/uploads\/imagen_2018102421305164307900.png\" class=\"attachment-large size-large wp-image-7605\" alt=\"\" \/>\n            <\/div>\n        <\/div><div class=\"eael-entry-wrapper\"><header class=\"eael-entry-header\"><h2 class=\"eael-entry-title\"><a class=\"eael-grid-post-link\" href=\"https:\/\/omcabogados.com.pe\/en\/evento\/summit-antipirateria-contenidos-tour-2018\/\" title=\"Summit Antipirater\u00eda &#038; Contenidos Tour 2018\">Summit Antipirater\u00eda &#038; Contenidos Tour 2018<\/a><\/h2><\/header><div class=\"eael-entry-content\">\n                        <div class=\"eael-grid-post-excerpt\"><p>October 24th, 2018 - Lima, Peru - Venue: Hotel Belmond Miraflores Park &nbsp;<\/p><\/div>\n                    <\/div><div class=\"eael-entry-footer\"><div class=\"eael-entry-meta\"><\/div><\/div><\/div><\/div>\n        <\/div>\n    <\/article><article class=\"eael-grid-post  eael-post-grid-column eael-pg-post-7572\" data-id=\"7572\">\n        <div class=\"eael-grid-post-holder\">\n            <div class=\"eael-grid-post-holder-inner\"><div class=\"eael-entry-media\"><div class=\"eael-entry-overlay fade-in\"><i class=\"fas fa-long-arrow-alt-right\" aria-hidden=\"true\"><\/i><a href=\"https:\/\/omcabogados.com.pe\/en\/evento\/congreso-internacional-abogacia-2018\/\"><\/a><\/div><div class=\"eael-entry-thumbnail eael-image-ratio\">\n                <img loading=\"lazy\" decoding=\"async\" width=\"660\" height=\"440\" src=\"https:\/\/omcabogados.com.pe\/wp-content\/uploads\/imagen_201810222119313901500.png\" class=\"attachment-large size-large wp-image-7575\" alt=\"\" \/>\n            <\/div>\n        <\/div><div class=\"eael-entry-wrapper\"><header class=\"eael-entry-header\"><h2 class=\"eael-entry-title\"><a class=\"eael-grid-post-link\" href=\"https:\/\/omcabogados.com.pe\/en\/evento\/congreso-internacional-abogacia-2018\/\" title=\"Congreso Internacional Abogac\u00eda 2018\">Congreso Internacional Abogac\u00eda 2018<\/a><\/h2><\/header><div class=\"eael-entry-content\">\n                        <div class=\"eael-grid-post-excerpt\"><p>October 17th to 19th, 2018 - Havana, Cuba - Venue: Convention Center...<\/p><\/div>\n                    <\/div><div class=\"eael-entry-footer\"><div class=\"eael-entry-meta\"><\/div><\/div><\/div><\/div>\n        <\/div>\n    <\/article><article class=\"eael-grid-post  eael-post-grid-column eael-pg-post-7556\" data-id=\"7556\">\n        <div class=\"eael-grid-post-holder\">\n            <div class=\"eael-grid-post-holder-inner\"><div class=\"eael-entry-media\"><div class=\"eael-entry-overlay fade-in\"><i class=\"fas fa-long-arrow-alt-right\" aria-hidden=\"true\"><\/i><a href=\"https:\/\/omcabogados.com.pe\/en\/evento\/ii-peru-business-women-summit-2018\/\"><\/a><\/div><div class=\"eael-entry-thumbnail eael-image-ratio\">\n                <img loading=\"lazy\" decoding=\"async\" width=\"440\" height=\"330\" src=\"https:\/\/omcabogados.com.pe\/wp-content\/uploads\/imagen_2018100523155661306500.png\" class=\"attachment-large size-large wp-image-7559\" alt=\"\" \/>\n            <\/div>\n        <\/div><div class=\"eael-entry-wrapper\"><header class=\"eael-entry-header\"><h2 class=\"eael-entry-title\"><a class=\"eael-grid-post-link\" href=\"https:\/\/omcabogados.com.pe\/en\/evento\/ii-peru-business-women-summit-2018\/\" title=\"II Per\u00fa Business Women Summit 2018\">II Per\u00fa Business Women Summit 2018<\/a><\/h2><\/header><div class=\"eael-entry-content\">\n                        <div class=\"eael-grid-post-excerpt\"><p>October 2nd, 2018 - Lima, Peru - Venue: The Westin Hotel &nbsp;<\/p><\/div>\n                    <\/div><div class=\"eael-entry-footer\"><div class=\"eael-entry-meta\"><\/div><\/div><\/div><\/div>\n        <\/div>\n    <\/article><article class=\"eael-grid-post  eael-post-grid-column eael-pg-post-7552\" data-id=\"7552\">\n        <div class=\"eael-grid-post-holder\">\n            <div class=\"eael-grid-post-holder-inner\"><div class=\"eael-entry-media\"><div class=\"eael-entry-overlay fade-in\"><i class=\"fas fa-long-arrow-alt-right\" aria-hidden=\"true\"><\/i><a href=\"https:\/\/omcabogados.com.pe\/en\/evento\/peru-metals-and-mining-summit-2018-2\/\"><\/a><\/div><div class=\"eael-entry-thumbnail eael-image-ratio\">\n                <img loading=\"lazy\" decoding=\"async\" width=\"440\" height=\"330\" src=\"https:\/\/omcabogados.com.pe\/wp-content\/uploads\/imagen_2018100217545206122700.png\" class=\"attachment-large size-large wp-image-7546\" alt=\"\" \/>\n            <\/div>\n        <\/div><div class=\"eael-entry-wrapper\"><header class=\"eael-entry-header\"><h2 class=\"eael-entry-title\"><a class=\"eael-grid-post-link\" href=\"https:\/\/omcabogados.com.pe\/en\/evento\/peru-metals-and-mining-summit-2018-2\/\" title=\"PER\u00da: Metals and Mining Summit 2018\">PER\u00da: Metals and Mining Summit 2018<\/a><\/h2><\/header><div class=\"eael-entry-content\">\n                        <div class=\"eael-grid-post-excerpt\"><p>September 28th, 2018 - Lima, Peru - Venue:Atton Hotel &nbsp;<\/p><\/div>\n                    <\/div><div class=\"eael-entry-footer\"><div class=\"eael-entry-meta\"><\/div><\/div><\/div><\/div>\n        <\/div>\n    <\/article><article class=\"eael-grid-post  eael-post-grid-column eael-pg-post-7512\" data-id=\"7512\">\n        <div class=\"eael-grid-post-holder\">\n            <div class=\"eael-grid-post-holder-inner\"><div class=\"eael-entry-media\"><div class=\"eael-entry-overlay fade-in\"><i class=\"fas fa-long-arrow-alt-right\" aria-hidden=\"true\"><\/i><a href=\"https:\/\/omcabogados.com.pe\/en\/evento\/2018-brazil-business-tour\/\"><\/a><\/div><div class=\"eael-entry-thumbnail eael-image-ratio\">\n                <img loading=\"lazy\" decoding=\"async\" width=\"440\" height=\"330\" src=\"https:\/\/omcabogados.com.pe\/wp-content\/uploads\/imagen_2018092120125067910400.png\" class=\"attachment-large size-large wp-image-7516\" alt=\"\" \/>\n            <\/div>\n        <\/div><div class=\"eael-entry-wrapper\"><header class=\"eael-entry-header\"><h2 class=\"eael-entry-title\"><a class=\"eael-grid-post-link\" href=\"https:\/\/omcabogados.com.pe\/en\/evento\/2018-brazil-business-tour\/\" title=\"2018 Brazil Business Tour\">2018 Brazil Business Tour<\/a><\/h2><\/header><div class=\"eael-entry-content\">\n                        <div class=\"eael-grid-post-excerpt\"><p>September 20th to 25th, 2018 - Sao Paulo and Porto Alegre, Brazil &nbsp;<\/p><\/div>\n                    <\/div><div class=\"eael-entry-footer\"><div class=\"eael-entry-meta\"><\/div><\/div><\/div><\/div>\n        <\/div>\n    <\/article><article class=\"eael-grid-post  eael-post-grid-column eael-pg-post-7533\" data-id=\"7533\">\n        <div class=\"eael-grid-post-holder\">\n            <div class=\"eael-grid-post-holder-inner\"><div class=\"eael-entry-media\"><div class=\"eael-entry-overlay fade-in\"><i class=\"fas fa-long-arrow-alt-right\" aria-hidden=\"true\"><\/i><a href=\"https:\/\/omcabogados.com.pe\/en\/evento\/chamber-of-commerce-canada-peru\/\"><\/a><\/div><div class=\"eael-entry-thumbnail eael-image-ratio\">\n                <img loading=\"lazy\" decoding=\"async\" width=\"440\" height=\"330\" src=\"https:\/\/omcabogados.com.pe\/wp-content\/uploads\/imagen_2018092823055471264500.png\" class=\"attachment-large size-large wp-image-7536\" alt=\"\" \/>\n            <\/div>\n        <\/div><div class=\"eael-entry-wrapper\"><header class=\"eael-entry-header\"><h2 class=\"eael-entry-title\"><a class=\"eael-grid-post-link\" href=\"https:\/\/omcabogados.com.pe\/en\/evento\/chamber-of-commerce-canada-peru\/\" title=\"Chamber of Commerce Canada Peru\">Chamber of Commerce Canada Peru<\/a><\/h2><\/header><div class=\"eael-entry-content\">\n                        <div class=\"eael-grid-post-excerpt\"><p>September 12th, 2018 - Lima, Peru - Venue: Residence of the Ambassador of Canada<\/p><\/div>\n                    <\/div><div class=\"eael-entry-footer\"><div class=\"eael-entry-meta\"><\/div><\/div><\/div><\/div>\n        <\/div>\n    <\/article><article class=\"eael-grid-post  eael-post-grid-column eael-pg-post-7500\" data-id=\"7500\">\n        <div class=\"eael-grid-post-holder\">\n            <div class=\"eael-grid-post-holder-inner\"><div class=\"eael-entry-media\"><div class=\"eael-entry-overlay fade-in\"><i class=\"fas fa-long-arrow-alt-right\" aria-hidden=\"true\"><\/i><a href=\"https:\/\/omcabogados.com.pe\/en\/evento\/central-america-and-ecuador-business-tour\/\"><\/a><\/div><div class=\"eael-entry-thumbnail eael-image-ratio\">\n                <img loading=\"lazy\" decoding=\"async\" width=\"440\" height=\"330\" src=\"https:\/\/omcabogados.com.pe\/wp-content\/uploads\/imagen_2018092822511822627700.png\" class=\"attachment-large size-large wp-image-7503\" alt=\"\" \/>\n            <\/div>\n        <\/div><div class=\"eael-entry-wrapper\"><header class=\"eael-entry-header\"><h2 class=\"eael-entry-title\"><a class=\"eael-grid-post-link\" href=\"https:\/\/omcabogados.com.pe\/en\/evento\/central-america-and-ecuador-business-tour\/\" title=\"Central America and Ecuador Business Tour\">Central America and Ecuador Business Tour<\/a><\/h2><\/header><div class=\"eael-entry-content\">\n                        <div class=\"eael-grid-post-excerpt\"><p>September 5th to 10th, 2018 - Managua, San Salvador and Quito &nbsp;<\/p><\/div>\n                    <\/div><div class=\"eael-entry-footer\"><div class=\"eael-entry-meta\"><\/div><\/div><\/div><\/div>\n        <\/div>\n    <\/article><article class=\"eael-grid-post  eael-post-grid-column eael-pg-post-7488\" data-id=\"7488\">\n        <div class=\"eael-grid-post-holder\">\n            <div class=\"eael-grid-post-holder-inner\"><div class=\"eael-entry-media\"><div class=\"eael-entry-overlay fade-in\"><i class=\"fas fa-long-arrow-alt-right\" aria-hidden=\"true\"><\/i><a href=\"https:\/\/omcabogados.com.pe\/en\/evento\/nuevos-aires-en-la-mineria-business-breakfast\/\"><\/a><\/div><div class=\"eael-entry-thumbnail eael-image-ratio\">\n                <img loading=\"lazy\" decoding=\"async\" width=\"440\" height=\"330\" src=\"https:\/\/omcabogados.com.pe\/wp-content\/uploads\/imagen_2018091822303104393900.png\" class=\"attachment-large size-large wp-image-7491\" alt=\"\" \/>\n            <\/div>\n        <\/div><div class=\"eael-entry-wrapper\"><header class=\"eael-entry-header\"><h2 class=\"eael-entry-title\"><a class=\"eael-grid-post-link\" href=\"https:\/\/omcabogados.com.pe\/en\/evento\/nuevos-aires-en-la-mineria-business-breakfast\/\" title=\"Nuevos aires en la miner\u00eda - Business breakfast\">Nuevos aires en la miner\u00eda - Business breakfast<\/a><\/h2><\/header><div class=\"eael-entry-content\">\n                        <div class=\"eael-grid-post-excerpt\"><p>August 28th, 2018 - Lima, Peru - Venue: Westin Lima Hotel &amp; Convention Center<\/p><\/div>\n                    <\/div><div class=\"eael-entry-footer\"><div class=\"eael-entry-meta\"><\/div><\/div><\/div><\/div>\n        <\/div>\n    <\/article><article class=\"eael-grid-post  eael-post-grid-column eael-pg-post-7434\" data-id=\"7434\">\n        <div class=\"eael-grid-post-holder\">\n            <div class=\"eael-grid-post-holder-inner\"><div class=\"eael-entry-media\"><div class=\"eael-entry-overlay fade-in\"><i class=\"fas fa-long-arrow-alt-right\" aria-hidden=\"true\"><\/i><a href=\"https:\/\/omcabogados.com.pe\/en\/evento\/inta-140th-annual-meeting-seattle-2018\/\"><\/a><\/div><div class=\"eael-entry-thumbnail eael-image-ratio\">\n                <img loading=\"lazy\" decoding=\"async\" width=\"440\" height=\"330\" src=\"https:\/\/omcabogados.com.pe\/wp-content\/uploads\/imagen_2018052117001221822600.png\" class=\"attachment-large size-large wp-image-7437\" alt=\"\" \/>\n            <\/div>\n        <\/div><div class=\"eael-entry-wrapper\"><header class=\"eael-entry-header\"><h2 class=\"eael-entry-title\"><a class=\"eael-grid-post-link\" href=\"https:\/\/omcabogados.com.pe\/en\/evento\/inta-140th-annual-meeting-seattle-2018\/\" title=\"INTA: 140th Annual meeting Seattle 2018\">INTA: 140th Annual meeting Seattle 2018<\/a><\/h2><\/header><div class=\"eael-entry-content\">\n                        <div class=\"eael-grid-post-excerpt\"><p>May 19th to 23rd, 2018 - Washington, United States - Venue: Washington State Convention...<\/p><\/div>\n                    <\/div><div class=\"eael-entry-footer\"><div class=\"eael-entry-meta\"><\/div><\/div><\/div><\/div>\n        <\/div>\n    <\/article><article class=\"eael-grid-post  eael-post-grid-column eael-pg-post-7407\" data-id=\"7407\">\n        <div class=\"eael-grid-post-holder\">\n            <div class=\"eael-grid-post-holder-inner\"><div class=\"eael-entry-media\"><div class=\"eael-entry-overlay fade-in\"><i class=\"fas fa-long-arrow-alt-right\" aria-hidden=\"true\"><\/i><a href=\"https:\/\/omcabogados.com.pe\/en\/evento\/xviii-international-congress-of-intellectual-property-aspi-2018-ambiente-virtual-na-mira-de-uma-nova-era\/\"><\/a><\/div><div class=\"eael-entry-thumbnail eael-image-ratio\">\n                <img loading=\"lazy\" decoding=\"async\" width=\"440\" height=\"330\" src=\"https:\/\/omcabogados.com.pe\/wp-content\/uploads\/imagen_2018032016125455576900.png\" class=\"attachment-large size-large wp-image-7410\" alt=\"\" \/>\n            <\/div>\n        <\/div><div class=\"eael-entry-wrapper\"><header class=\"eael-entry-header\"><h2 class=\"eael-entry-title\"><a class=\"eael-grid-post-link\" href=\"https:\/\/omcabogados.com.pe\/en\/evento\/xviii-international-congress-of-intellectual-property-aspi-2018-ambiente-virtual-na-mira-de-uma-nova-era\/\" title=\"XVIII International Congress of Intellectual Property ASPI 2018 Ambiente Virtual Na mira de uma nova era\">XVIII International Congress of Intellectual Property ASPI 2018 Ambiente Virtual Na mira de uma nova era<\/a><\/h2><\/header><div class=\"eael-entry-content\">\n                        <div class=\"eael-grid-post-excerpt\"><p>March 19th to 21st, 2018 - Sao Paulo, Brazil - Venue: Hotel Grand Mercure...<\/p><\/div>\n                    <\/div><div class=\"eael-entry-footer\"><div class=\"eael-entry-meta\"><\/div><\/div><\/div><\/div>\n        <\/div>\n    <\/article><article class=\"eael-grid-post  eael-post-grid-column eael-pg-post-7396\" data-id=\"7396\">\n        <div class=\"eael-grid-post-holder\">\n            <div class=\"eael-grid-post-holder-inner\"><div class=\"eael-entry-media\"><div class=\"eael-entry-overlay fade-in\"><i class=\"fas fa-long-arrow-alt-right\" aria-hidden=\"true\"><\/i><a href=\"https:\/\/omcabogados.com.pe\/en\/evento\/member-of-omc-abogados-and-consultores-made-a-bussines-travel-to-ecuador\/\"><\/a><\/div><div class=\"eael-entry-thumbnail eael-image-ratio\">\n                <img loading=\"lazy\" decoding=\"async\" width=\"440\" height=\"330\" src=\"https:\/\/omcabogados.com.pe\/wp-content\/uploads\/imagen_2017112820503304843100.png\" class=\"attachment-large size-large wp-image-7398\" alt=\"\" \/>\n            <\/div>\n        <\/div><div class=\"eael-entry-wrapper\"><header class=\"eael-entry-header\"><h2 class=\"eael-entry-title\"><a class=\"eael-grid-post-link\" href=\"https:\/\/omcabogados.com.pe\/en\/evento\/member-of-omc-abogados-and-consultores-made-a-bussines-travel-to-ecuador\/\" title=\"Miembro de OMC Abogados &#038; Consultores realiz\u00f3 viaje de negocios a Ecuador\">Member of OMC Abogados &amp; Consultores made a bussines travel to Ecuador<\/a><\/h2><\/header><div class=\"eael-entry-content\">\n                        <div class=\"eael-grid-post-excerpt\"><p>November 13rd to 17th, 2017 - Guayaquil &amp; Quito, Ecuador &nbsp;<\/p><\/div>\n                    <\/div><div class=\"eael-entry-footer\"><div class=\"eael-entry-meta\"><\/div><\/div><\/div><\/div>\n        <\/div>\n    <\/article><article class=\"eael-grid-post  eael-post-grid-column eael-pg-post-7359\" data-id=\"7359\">\n        <div class=\"eael-grid-post-holder\">\n            <div class=\"eael-grid-post-holder-inner\"><div class=\"eael-entry-media\"><div class=\"eael-entry-overlay fade-in\"><i class=\"fas fa-long-arrow-alt-right\" aria-hidden=\"true\"><\/i><a href=\"https:\/\/omcabogados.com.pe\/en\/evento\/2017-international-conference-msi-global-alliance\/\"><\/a><\/div><div class=\"eael-entry-thumbnail eael-image-ratio\">\n                <img loading=\"lazy\" decoding=\"async\" width=\"440\" height=\"330\" src=\"https:\/\/omcabogados.com.pe\/wp-content\/uploads\/imagen_2017102316201968510100.png\" class=\"attachment-large size-large wp-image-7362\" alt=\"\" \/>\n            <\/div>\n        <\/div><div class=\"eael-entry-wrapper\"><header class=\"eael-entry-header\"><h2 class=\"eael-entry-title\"><a class=\"eael-grid-post-link\" href=\"https:\/\/omcabogados.com.pe\/en\/evento\/2017-international-conference-msi-global-alliance\/\" title=\"Conferencia Internacional 2017 &#8211; MSI Global Alliance\">2017 International Conference - MSI Global Alliance<\/a><\/h2><\/header><div class=\"eael-entry-content\">\n                        <div class=\"eael-grid-post-excerpt\"><p>October 21st to 24th, 2017 - Tokyo, Japan - Venue: Hilton Tokyo Odaiba<\/p><\/div>\n                    <\/div><div class=\"eael-entry-footer\"><div class=\"eael-entry-meta\"><\/div><\/div><\/div><\/div>\n        <\/div>\n    <\/article><article class=\"eael-grid-post  eael-post-grid-column eael-pg-post-7316\" data-id=\"7316\">\n        <div class=\"eael-grid-post-holder\">\n            <div class=\"eael-grid-post-holder-inner\"><div class=\"eael-entry-media\"><div class=\"eael-entry-overlay fade-in\"><i class=\"fas fa-long-arrow-alt-right\" aria-hidden=\"true\"><\/i><a href=\"https:\/\/omcabogados.com.pe\/en\/evento\/2017-aippi-world-congress\/\"><\/a><\/div><div class=\"eael-entry-thumbnail eael-image-ratio\">\n                <img loading=\"lazy\" decoding=\"async\" width=\"440\" height=\"330\" src=\"https:\/\/omcabogados.com.pe\/wp-content\/uploads\/imagen_2017101720031668302200.png\" class=\"attachment-large size-large wp-image-7319\" alt=\"\" \/>\n            <\/div>\n        <\/div><div class=\"eael-entry-wrapper\"><header class=\"eael-entry-header\"><h2 class=\"eael-entry-title\"><a class=\"eael-grid-post-link\" href=\"https:\/\/omcabogados.com.pe\/en\/evento\/2017-aippi-world-congress\/\" title=\"2017 AIPPI World Congress\">2017 AIPPI World Congress<\/a><\/h2><\/header><div class=\"eael-entry-content\">\n                        <div class=\"eael-grid-post-excerpt\"><p>October 13th to 17th, 2017 - Sydney, Australia - Venue: Convention Center &nbsp;<\/p><\/div>\n                    <\/div><div class=\"eael-entry-footer\"><div class=\"eael-entry-meta\"><\/div><\/div><\/div><\/div>\n        <\/div>\n    <\/article><article class=\"eael-grid-post  eael-post-grid-column eael-pg-post-7289\" data-id=\"7289\">\n        <div class=\"eael-grid-post-holder\">\n            <div class=\"eael-grid-post-holder-inner\"><div class=\"eael-entry-media\"><div class=\"eael-entry-overlay fade-in\"><i class=\"fas fa-long-arrow-alt-right\" aria-hidden=\"true\"><\/i><a href=\"https:\/\/omcabogados.com.pe\/en\/evento\/2017-annual-conference-of-the-international-bar-association-iba\/\"><\/a><\/div><div class=\"eael-entry-thumbnail eael-image-ratio\">\n                <img loading=\"lazy\" decoding=\"async\" width=\"440\" height=\"330\" src=\"https:\/\/omcabogados.com.pe\/wp-content\/uploads\/imagen_2017101015155689052700.png\" class=\"attachment-large size-large wp-image-7292\" alt=\"\" \/>\n            <\/div>\n        <\/div><div class=\"eael-entry-wrapper\"><header class=\"eael-entry-header\"><h2 class=\"eael-entry-title\"><a class=\"eael-grid-post-link\" href=\"https:\/\/omcabogados.com.pe\/en\/evento\/2017-annual-conference-of-the-international-bar-association-iba\/\" title=\"Conferencia Anual de la International Bar Association &#8211; IBA 2017\">2017 Annual Conference of the International Bar Association - IBA<\/a><\/h2><\/header><div class=\"eael-entry-content\">\n                        <div class=\"eael-grid-post-excerpt\"><p>October 08th to 13th, 2017 - Sydney, Australia - Venue: Convention Center &nbsp;<\/p><\/div>\n                    <\/div><div class=\"eael-entry-footer\"><div class=\"eael-entry-meta\"><\/div><\/div><\/div><\/div>\n        <\/div>\n    <\/article><article class=\"eael-grid-post  eael-post-grid-column eael-pg-post-7273\" data-id=\"7273\">\n        <div class=\"eael-grid-post-holder\">\n            <div class=\"eael-grid-post-holder-inner\"><div class=\"eael-entry-media\"><div class=\"eael-entry-overlay fade-in\"><i class=\"fas fa-long-arrow-alt-right\" aria-hidden=\"true\"><\/i><a href=\"https:\/\/omcabogados.com.pe\/en\/evento\/37th-international-congress-on-intellectual-property-abpi-2017\/\"><\/a><\/div><div class=\"eael-entry-thumbnail eael-image-ratio\">\n                <img loading=\"lazy\" decoding=\"async\" width=\"440\" height=\"330\" src=\"https:\/\/omcabogados.com.pe\/wp-content\/uploads\/imagen_2017082115103559834800.png\" class=\"attachment-large size-large wp-image-7276\" alt=\"\" \/>\n            <\/div>\n        <\/div><div class=\"eael-entry-wrapper\"><header class=\"eael-entry-header\"><h2 class=\"eael-entry-title\"><a class=\"eael-grid-post-link\" href=\"https:\/\/omcabogados.com.pe\/en\/evento\/37th-international-congress-on-intellectual-property-abpi-2017\/\" title=\"37th International Congress on Intellectual Property ABPI 2017\">37th International Congress on Intellectual Property ABPI 2017<\/a><\/h2><\/header><div class=\"eael-entry-content\">\n                        <div class=\"eael-grid-post-excerpt\"><p>August 20th to 22th, 2017 - Rio de Janeiro, Brazil - Venue: Windsor Barra...<\/p><\/div>\n                    <\/div><div class=\"eael-entry-footer\"><div class=\"eael-entry-meta\"><\/div><\/div><\/div><\/div>\n        <\/div>\n    <\/article><article class=\"eael-grid-post  eael-post-grid-column eael-pg-post-7259\" data-id=\"7259\">\n        <div class=\"eael-grid-post-holder\">\n            <div class=\"eael-grid-post-holder-inner\"><div class=\"eael-entry-media\"><div class=\"eael-entry-overlay fade-in\"><i class=\"fas fa-long-arrow-alt-right\" aria-hidden=\"true\"><\/i><a href=\"https:\/\/omcabogados.com.pe\/en\/evento\/34th-anniversary-of-aspi-sao-paulo-association-of-intellectual-property\/\"><\/a><\/div><div class=\"eael-entry-thumbnail eael-image-ratio\">\n                <img loading=\"lazy\" decoding=\"async\" width=\"440\" height=\"330\" src=\"https:\/\/omcabogados.com.pe\/wp-content\/uploads\/imagen_2017081801121857852100.png\" class=\"attachment-large size-large wp-image-7262\" alt=\"\" \/>\n            <\/div>\n        <\/div><div class=\"eael-entry-wrapper\"><header class=\"eael-entry-header\"><h2 class=\"eael-entry-title\"><a class=\"eael-grid-post-link\" href=\"https:\/\/omcabogados.com.pe\/en\/evento\/34th-anniversary-of-aspi-sao-paulo-association-of-intellectual-property\/\" title=\"34th Anniversary of ASPI: Sao Paulo Association of Intellectual Property\">34th Anniversary of ASPI: Sao Paulo Association of Intellectual Property<\/a><\/h2><\/header><div class=\"eael-entry-content\">\n                        <div class=\"eael-grid-post-excerpt\"><p>August 17th, 2017 - Sao Paulo, Brazil - Venue: Iate Clube de Santos...<\/p><\/div>\n                    <\/div><div class=\"eael-entry-footer\"><div class=\"eael-entry-meta\"><\/div><\/div><\/div><\/div>\n        <\/div>\n    <\/article><article class=\"eael-grid-post  eael-post-grid-column eael-pg-post-7223\" data-id=\"7223\">\n        <div class=\"eael-grid-post-holder\">\n            <div class=\"eael-grid-post-holder-inner\"><div class=\"eael-entry-media\"><div class=\"eael-entry-overlay fade-in\"><i class=\"fas fa-long-arrow-alt-right\" aria-hidden=\"true\"><\/i><a href=\"https:\/\/omcabogados.com.pe\/en\/evento\/36th-annual-conference-of-ecta-2017\/\"><\/a><\/div><div class=\"eael-entry-thumbnail eael-image-ratio\">\n                <img loading=\"lazy\" decoding=\"async\" width=\"440\" height=\"330\" src=\"https:\/\/omcabogados.com.pe\/wp-content\/uploads\/imagen_2017070400261974577700.png\" class=\"attachment-large size-large wp-image-7226\" alt=\"\" \/>\n            <\/div>\n        <\/div><div class=\"eael-entry-wrapper\"><header class=\"eael-entry-header\"><h2 class=\"eael-entry-title\"><a class=\"eael-grid-post-link\" href=\"https:\/\/omcabogados.com.pe\/en\/evento\/36th-annual-conference-of-ecta-2017\/\" title=\"36th Annual Conference of ECTA 2017\">36th Annual Conference of ECTA 2017<\/a><\/h2><\/header><div class=\"eael-entry-content\">\n                        <div class=\"eael-grid-post-excerpt\"><p>June 28th to July 01, 2017 - Budapest, Hungary - Venue: Intercontinental...<\/p><\/div>\n                    <\/div><div class=\"eael-entry-footer\"><div class=\"eael-entry-meta\"><\/div><\/div><\/div><\/div>\n        <\/div>\n    <\/article><article class=\"eael-grid-post  eael-post-grid-column eael-pg-post-7213\" data-id=\"7213\">\n        <div class=\"eael-grid-post-holder\">\n            <div class=\"eael-grid-post-holder-inner\"><div class=\"eael-entry-media\"><div class=\"eael-entry-overlay fade-in\"><i class=\"fas fa-long-arrow-alt-right\" aria-hidden=\"true\"><\/i><a href=\"https:\/\/omcabogados.com.pe\/en\/evento\/welcome-cocktail-2017-incham\/\"><\/a><\/div><div class=\"eael-entry-thumbnail eael-image-ratio\">\n                <img loading=\"lazy\" decoding=\"async\" width=\"440\" height=\"330\" src=\"https:\/\/omcabogados.com.pe\/wp-content\/uploads\/imagen_201706290209315736400.png\" class=\"attachment-large size-large wp-image-7216\" alt=\"\" \/>\n            <\/div>\n        <\/div><div class=\"eael-entry-wrapper\"><header class=\"eael-entry-header\"><h2 class=\"eael-entry-title\"><a class=\"eael-grid-post-link\" href=\"https:\/\/omcabogados.com.pe\/en\/evento\/welcome-cocktail-2017-incham\/\" title=\"Welcome Cocktail 2017 INCHAM\">Welcome Cocktail 2017 INCHAM<\/a><\/h2><\/header><div class=\"eael-entry-content\">\n                        <div class=\"eael-grid-post-excerpt\"><p>June 13th, 2017 - Lima, Peru - Venue: Hotel Four Points &nbsp;<\/p><\/div>\n                    <\/div><div class=\"eael-entry-footer\"><div class=\"eael-entry-meta\"><\/div><\/div><\/div><\/div>\n        <\/div>\n    <\/article><article class=\"eael-grid-post  eael-post-grid-column eael-pg-post-7170\" data-id=\"7170\">\n        <div class=\"eael-grid-post-holder\">\n            <div class=\"eael-grid-post-holder-inner\"><div class=\"eael-entry-media\"><div class=\"eael-entry-overlay fade-in\"><i class=\"fas fa-long-arrow-alt-right\" aria-hidden=\"true\"><\/i><a href=\"https:\/\/omcabogados.com.pe\/en\/evento\/inta-barcelona-139th-annual-meeting\/\"><\/a><\/div><div class=\"eael-entry-thumbnail eael-image-ratio\">\n                <img loading=\"lazy\" decoding=\"async\" width=\"440\" height=\"330\" src=\"https:\/\/omcabogados.com.pe\/wp-content\/uploads\/imagen_2017052215585694688100.png\" class=\"attachment-large size-large wp-image-7173\" alt=\"\" \/>\n            <\/div>\n        <\/div><div class=\"eael-entry-wrapper\"><header class=\"eael-entry-header\"><h2 class=\"eael-entry-title\"><a class=\"eael-grid-post-link\" href=\"https:\/\/omcabogados.com.pe\/en\/evento\/inta-barcelona-139th-annual-meeting\/\" title=\"INTA: Barcelona - 139th Annual Meeting\">INTA: Barcelona - 139th Annual Meeting<\/a><\/h2><\/header><div class=\"eael-entry-content\">\n                        <div class=\"eael-grid-post-excerpt\"><p>May 20th to 24th, 2017 - Barcelona, Spain - Venue: Fira Gran Via &nbsp;<\/p><\/div>\n                    <\/div><div class=\"eael-entry-footer\"><div class=\"eael-entry-meta\"><\/div><\/div><\/div><\/div>\n        <\/div>\n    <\/article><article class=\"eael-grid-post  eael-post-grid-column eael-pg-post-7148\" data-id=\"7148\">\n        <div class=\"eael-grid-post-holder\">\n            <div class=\"eael-grid-post-holder-inner\"><div class=\"eael-entry-media\"><div class=\"eael-entry-overlay fade-in\"><i class=\"fas fa-long-arrow-alt-right\" aria-hidden=\"true\"><\/i><a href=\"https:\/\/omcabogados.com.pe\/en\/evento\/xvii-congresso-internacional-da-propriedade-intelectual-aspi-2017\/\"><\/a><\/div><div class=\"eael-entry-thumbnail eael-image-ratio\">\n                <img loading=\"lazy\" decoding=\"async\" width=\"440\" height=\"330\" src=\"https:\/\/omcabogados.com.pe\/wp-content\/uploads\/imagen_2017033023204069300200.png\" class=\"attachment-large size-large wp-image-7152\" alt=\"\" \/>\n            <\/div>\n        <\/div><div class=\"eael-entry-wrapper\"><header class=\"eael-entry-header\"><h2 class=\"eael-entry-title\"><a class=\"eael-grid-post-link\" href=\"https:\/\/omcabogados.com.pe\/en\/evento\/xvii-congresso-internacional-da-propriedade-intelectual-aspi-2017\/\" title=\"XVII Congresso Internacional Da Propriedade Intelectual ASPI 2017\">XVII Congresso Internacional Da Propriedade Intelectual ASPI 2017<\/a><\/h2><\/header><div class=\"eael-entry-content\">\n                        <div class=\"eael-grid-post-excerpt\"><p>March 29th to 31st, 2017 - Sao Paulo, Brazil - Venue: Grand Mercure Sao...<\/p><\/div>\n                    <\/div><div class=\"eael-entry-footer\"><div class=\"eael-entry-meta\"><\/div><\/div><\/div><\/div>\n        <\/div>\n    <\/article><article class=\"eael-grid-post  eael-post-grid-column eael-pg-post-7097\" data-id=\"7097\">\n        <div class=\"eael-grid-post-holder\">\n            <div class=\"eael-grid-post-holder-inner\"><div class=\"eael-entry-media\"><div class=\"eael-entry-overlay fade-in\"><i class=\"fas fa-long-arrow-alt-right\" aria-hidden=\"true\"><\/i><a href=\"https:\/\/omcabogados.com.pe\/en\/evento\/asipi-2016-xix-work-sessions-and-administrative-council-buenos-aires\/\"><\/a><\/div><div class=\"eael-entry-thumbnail eael-image-ratio\">\n                <img loading=\"lazy\" decoding=\"async\" width=\"645\" height=\"484\" src=\"https:\/\/omcabogados.com.pe\/wp-content\/uploads\/imagen_2016120514342571267600-645x484.jpg\" class=\"attachment-large size-large wp-image-7100\" alt=\"\" \/>\n            <\/div>\n        <\/div><div class=\"eael-entry-wrapper\"><header class=\"eael-entry-header\"><h2 class=\"eael-entry-title\"><a class=\"eael-grid-post-link\" href=\"https:\/\/omcabogados.com.pe\/en\/evento\/asipi-2016-xix-work-sessions-and-administrative-council-buenos-aires\/\" title=\"ASIPI 2016 XIX Work Sessions and Administrative Council Buenos Aires\">ASIPI 2016 XIX Work Sessions and Administrative Council Buenos Aires<\/a><\/h2><\/header><div class=\"eael-entry-content\">\n                        <div class=\"eael-grid-post-excerpt\"><p>December 4th to 7th, 2016 - Buenos Aires, Argentina - Venue: Hilton Buenos Aires...<\/p><\/div>\n                    <\/div><div class=\"eael-entry-footer\"><div class=\"eael-entry-meta\"><\/div><\/div><\/div><\/div>\n        <\/div>\n    <\/article><article class=\"eael-grid-post  eael-post-grid-column eael-pg-post-7071\" data-id=\"7071\">\n        <div class=\"eael-grid-post-holder\">\n            <div class=\"eael-grid-post-holder-inner\"><div class=\"eael-entry-media\"><div class=\"eael-entry-overlay fade-in\"><i class=\"fas fa-long-arrow-alt-right\" aria-hidden=\"true\"><\/i><a href=\"https:\/\/omcabogados.com.pe\/en\/evento\/2016-international-conference-msi-global-alliance\/\"><\/a><\/div><div class=\"eael-entry-thumbnail eael-image-ratio\">\n                <img loading=\"lazy\" decoding=\"async\" width=\"440\" height=\"330\" src=\"https:\/\/omcabogados.com.pe\/wp-content\/uploads\/imagen_2016102417574202749600.png\" class=\"attachment-large size-large wp-image-7074\" alt=\"\" \/>\n            <\/div>\n        <\/div><div class=\"eael-entry-wrapper\"><header class=\"eael-entry-header\"><h2 class=\"eael-entry-title\"><a class=\"eael-grid-post-link\" href=\"https:\/\/omcabogados.com.pe\/en\/evento\/2016-international-conference-msi-global-alliance\/\" title=\"2016 International Conference MSI Global Alliance\">2016 International Conference MSI Global Alliance<\/a><\/h2><\/header><div class=\"eael-entry-content\">\n                        <div class=\"eael-grid-post-excerpt\"><p>October 22nd to 25th, 2016 - Paris, France - Venue: Intercontinental Le Grand Paris<\/p><\/div>\n                    <\/div><div class=\"eael-entry-footer\"><div class=\"eael-entry-meta\"><\/div><\/div><\/div><\/div>\n        <\/div>\n    <\/article><article class=\"eael-grid-post  eael-post-grid-column eael-pg-post-7035\" data-id=\"7035\">\n        <div class=\"eael-grid-post-holder\">\n            <div class=\"eael-grid-post-holder-inner\"><div class=\"eael-entry-media\"><div class=\"eael-entry-overlay fade-in\"><i class=\"fas fa-long-arrow-alt-right\" aria-hidden=\"true\"><\/i><a href=\"https:\/\/omcabogados.com.pe\/en\/evento\/iba-annual-conference-2016\/\"><\/a><\/div><div class=\"eael-entry-thumbnail eael-image-ratio\">\n                <img loading=\"lazy\" decoding=\"async\" width=\"440\" height=\"330\" src=\"https:\/\/omcabogados.com.pe\/wp-content\/uploads\/imagen_2016092020071677707600.png\" class=\"attachment-large size-large wp-image-7038\" alt=\"\" \/>\n            <\/div>\n        <\/div><div class=\"eael-entry-wrapper\"><header class=\"eael-entry-header\"><h2 class=\"eael-entry-title\"><a class=\"eael-grid-post-link\" href=\"https:\/\/omcabogados.com.pe\/en\/evento\/iba-annual-conference-2016\/\" title=\"IBA Annual Conference 2016\">IBA Annual Conference 2016<\/a><\/h2><\/header><div class=\"eael-entry-content\">\n                        <div class=\"eael-grid-post-excerpt\"><p>September 18th to 23th, 2016 - Washington, D.C., United States - Venue: Washington Marriott...<\/p><\/div>\n                    <\/div><div class=\"eael-entry-footer\"><div class=\"eael-entry-meta\"><\/div><\/div><\/div><\/div>\n        <\/div>\n    <\/article><article class=\"eael-grid-post  eael-post-grid-column eael-pg-post-7007\" data-id=\"7007\">\n        <div class=\"eael-grid-post-holder\">\n            <div class=\"eael-grid-post-holder-inner\"><div class=\"eael-entry-media\"><div class=\"eael-entry-overlay fade-in\"><i class=\"fas fa-long-arrow-alt-right\" aria-hidden=\"true\"><\/i><a href=\"https:\/\/omcabogados.com.pe\/en\/evento\/2016-trademark-administrators-and-practitioners-tmap-meeting\/\"><\/a><\/div><div class=\"eael-entry-thumbnail eael-image-ratio\">\n                <img loading=\"lazy\" decoding=\"async\" width=\"440\" height=\"330\" src=\"https:\/\/omcabogados.com.pe\/wp-content\/uploads\/imagen_2017052918503638759100.png\" class=\"attachment-large size-large wp-image-7010\" alt=\"\" \/>\n            <\/div>\n        <\/div><div class=\"eael-entry-wrapper\"><header class=\"eael-entry-header\"><h2 class=\"eael-entry-title\"><a class=\"eael-grid-post-link\" href=\"https:\/\/omcabogados.com.pe\/en\/evento\/2016-trademark-administrators-and-practitioners-tmap-meeting\/\" title=\"2016 Trademark Administrators and Practitioners TMAP Meeting\">2016 Trademark Administrators and Practitioners TMAP Meeting<\/a><\/h2><\/header><div class=\"eael-entry-content\">\n                        <div class=\"eael-grid-post-excerpt\"><p>September 14th to 16th, 2016 - Washington, D.C., United States - Venue: Washington Hilton...<\/p><\/div>\n                    <\/div><div class=\"eael-entry-footer\"><div class=\"eael-entry-meta\"><\/div><\/div><\/div><\/div>\n        <\/div>\n    <\/article><article class=\"eael-grid-post  eael-post-grid-column eael-pg-post-6988\" data-id=\"6988\">\n        <div class=\"eael-grid-post-holder\">\n            <div class=\"eael-grid-post-holder-inner\"><div class=\"eael-entry-media\"><div class=\"eael-entry-overlay fade-in\"><i class=\"fas fa-long-arrow-alt-right\" aria-hidden=\"true\"><\/i><a href=\"https:\/\/omcabogados.com.pe\/en\/evento\/44th-ipo-annual-meeting-new-york-2016\/\"><\/a><\/div><div class=\"eael-entry-thumbnail eael-image-ratio\">\n                <img loading=\"lazy\" decoding=\"async\" width=\"440\" height=\"330\" src=\"https:\/\/omcabogados.com.pe\/wp-content\/uploads\/imagen_2016091217501298418000.png\" class=\"attachment-large size-large wp-image-6991\" alt=\"\" \/>\n            <\/div>\n        <\/div><div class=\"eael-entry-wrapper\"><header class=\"eael-entry-header\"><h2 class=\"eael-entry-title\"><a class=\"eael-grid-post-link\" href=\"https:\/\/omcabogados.com.pe\/en\/evento\/44th-ipo-annual-meeting-new-york-2016\/\" title=\"44th IPO Annual Meeting New York 2016\">44th IPO Annual Meeting New York 2016<\/a><\/h2><\/header><div class=\"eael-entry-content\">\n                        <div class=\"eael-grid-post-excerpt\"><p>September 11th to 13th, 2016 - New York, United States - Venue: New York...<\/p><\/div>\n                    <\/div><div class=\"eael-entry-footer\"><div class=\"eael-entry-meta\"><\/div><\/div><\/div><\/div>\n        <\/div>\n    <\/article><article class=\"eael-grid-post  eael-post-grid-column eael-pg-post-6945\" data-id=\"6945\">\n        <div class=\"eael-grid-post-holder\">\n            <div class=\"eael-grid-post-holder-inner\"><div class=\"eael-entry-media\"><div class=\"eael-entry-overlay fade-in\"><i class=\"fas fa-long-arrow-alt-right\" aria-hidden=\"true\"><\/i><a href=\"https:\/\/omcabogados.com.pe\/en\/evento\/35th-annual-conference-of-ecta\/\"><\/a><\/div><div class=\"eael-entry-thumbnail eael-image-ratio\">\n                <img loading=\"lazy\" decoding=\"async\" width=\"440\" height=\"330\" src=\"https:\/\/omcabogados.com.pe\/wp-content\/uploads\/imagen_2016062417385190022700.png\" class=\"attachment-large size-large wp-image-6948\" alt=\"\" \/>\n            <\/div>\n        <\/div><div class=\"eael-entry-wrapper\"><header class=\"eael-entry-header\"><h2 class=\"eael-entry-title\"><a class=\"eael-grid-post-link\" href=\"https:\/\/omcabogados.com.pe\/en\/evento\/35th-annual-conference-of-ecta\/\" title=\"35th Annual Conference of ECTA\">35th Annual Conference of ECTA<\/a><\/h2><\/header><div class=\"eael-entry-content\">\n                        <div class=\"eael-grid-post-excerpt\"><p>22nd to 25th June, 2016 - Dubrovnik, Croatia - Venue: Valamar Lacroma Dubrovnik...<\/p><\/div>\n                    <\/div><div class=\"eael-entry-footer\"><div class=\"eael-entry-meta\"><\/div><\/div><\/div><\/div>\n        <\/div>\n    <\/article><article class=\"eael-grid-post  eael-post-grid-column eael-pg-post-6903\" data-id=\"6903\">\n        <div class=\"eael-grid-post-holder\">\n            <div class=\"eael-grid-post-holder-inner\"><div class=\"eael-entry-media\"><div class=\"eael-entry-overlay fade-in\"><i class=\"fas fa-long-arrow-alt-right\" aria-hidden=\"true\"><\/i><a href=\"https:\/\/omcabogados.com.pe\/en\/evento\/inta-orlando-138th-annual-meeting\/\"><\/a><\/div><div class=\"eael-entry-thumbnail eael-image-ratio\">\n                <img loading=\"lazy\" decoding=\"async\" width=\"440\" height=\"330\" src=\"https:\/\/omcabogados.com.pe\/wp-content\/uploads\/imagen_2016052311231732953000.png\" class=\"attachment-large size-large wp-image-6909\" alt=\"\" \/>\n            <\/div>\n        <\/div><div class=\"eael-entry-wrapper\"><header class=\"eael-entry-header\"><h2 class=\"eael-entry-title\"><a class=\"eael-grid-post-link\" href=\"https:\/\/omcabogados.com.pe\/en\/evento\/inta-orlando-138th-annual-meeting\/\" title=\"INTA: Orlando - 138th Annual Meeting\">INTA: Orlando - 138th Annual Meeting<\/a><\/h2><\/header><div class=\"eael-entry-content\">\n                        <div class=\"eael-grid-post-excerpt\"><p>May 21st to 25th, 2016 - Orlando, United States - Venue: Orange County Convention...<\/p><\/div>\n                    <\/div><div class=\"eael-entry-footer\"><div class=\"eael-entry-meta\"><\/div><\/div><\/div><\/div>\n        <\/div>\n    <\/article><article class=\"eael-grid-post  eael-post-grid-column eael-pg-post-6894\" data-id=\"6894\">\n        <div class=\"eael-grid-post-holder\">\n            <div class=\"eael-grid-post-holder-inner\"><div class=\"eael-entry-media\"><div class=\"eael-entry-overlay fade-in\"><i class=\"fas fa-long-arrow-alt-right\" aria-hidden=\"true\"><\/i><a href=\"https:\/\/omcabogados.com.pe\/en\/evento\/international-meeting-on-innovation-and-patents\/\"><\/a><\/div><div class=\"eael-entry-thumbnail eael-image-ratio\">\n                <img loading=\"lazy\" decoding=\"async\" width=\"440\" height=\"330\" src=\"https:\/\/omcabogados.com.pe\/wp-content\/uploads\/imagen_2016042519584823659900.png\" class=\"attachment-large size-large wp-image-6897\" alt=\"\" \/>\n            <\/div>\n        <\/div><div class=\"eael-entry-wrapper\"><header class=\"eael-entry-header\"><h2 class=\"eael-entry-title\"><a class=\"eael-grid-post-link\" href=\"https:\/\/omcabogados.com.pe\/en\/evento\/international-meeting-on-innovation-and-patents\/\" title=\"International Meeting on Innovation and Patents\">International Meeting on Innovation and Patents<\/a><\/h2><\/header><div class=\"eael-entry-content\">\n                        <div class=\"eael-grid-post-excerpt\"><p>April 17th and 18th, 2016 - Surco, Lima, Peru - Venue: ESAN University...<\/p><\/div>\n                    <\/div><div class=\"eael-entry-footer\"><div class=\"eael-entry-meta\"><\/div><\/div><\/div><\/div>\n        <\/div>\n    <\/article><article class=\"eael-grid-post  eael-post-grid-column eael-pg-post-6872\" data-id=\"6872\">\n        <div class=\"eael-grid-post-holder\">\n            <div class=\"eael-grid-post-holder-inner\"><div class=\"eael-entry-media\"><div class=\"eael-entry-overlay fade-in\"><i class=\"fas fa-long-arrow-alt-right\" aria-hidden=\"true\"><\/i><a href=\"https:\/\/omcabogados.com.pe\/en\/evento\/seminar-on-anti-counterfeiting-asipi\/\"><\/a><\/div><div class=\"eael-entry-thumbnail eael-image-ratio\">\n                <img loading=\"lazy\" decoding=\"async\" width=\"440\" height=\"330\" src=\"https:\/\/omcabogados.com.pe\/wp-content\/uploads\/imagen_2016031417181810637100.png\" class=\"attachment-large size-large wp-image-6875\" alt=\"\" \/>\n            <\/div>\n        <\/div><div class=\"eael-entry-wrapper\"><header class=\"eael-entry-header\"><h2 class=\"eael-entry-title\"><a class=\"eael-grid-post-link\" href=\"https:\/\/omcabogados.com.pe\/en\/evento\/seminar-on-anti-counterfeiting-asipi\/\" title=\"Seminar on Anti - Counterfeiting, ASIPI\">Seminar on Anti - Counterfeiting, ASIPI<\/a><\/h2><\/header><div class=\"eael-entry-content\">\n                        <div class=\"eael-grid-post-excerpt\"><p>March 13rd to 15th, 2016 - Aruba &nbsp;<\/p><\/div>\n                    <\/div><div class=\"eael-entry-footer\"><div class=\"eael-entry-meta\"><\/div><\/div><\/div><\/div>\n        <\/div>\n    <\/article><article class=\"eael-grid-post  eael-post-grid-column eael-pg-post-6858\" data-id=\"6858\">\n        <div class=\"eael-grid-post-holder\">\n            <div class=\"eael-grid-post-holder-inner\"><div class=\"eael-entry-media\"><div class=\"eael-entry-overlay fade-in\"><i class=\"fas fa-long-arrow-alt-right\" aria-hidden=\"true\"><\/i><a href=\"https:\/\/omcabogados.com.pe\/en\/evento\/conference-making-business-with-india\/\"><\/a><\/div><div class=\"eael-entry-thumbnail eael-image-ratio\">\n                <img loading=\"lazy\" decoding=\"async\" width=\"660\" height=\"440\" src=\"https:\/\/omcabogados.com.pe\/wp-content\/uploads\/imagen_201603112005325043800.png\" class=\"attachment-large size-large wp-image-6861\" alt=\"\" \/>\n            <\/div>\n        <\/div><div class=\"eael-entry-wrapper\"><header class=\"eael-entry-header\"><h2 class=\"eael-entry-title\"><a class=\"eael-grid-post-link\" href=\"https:\/\/omcabogados.com.pe\/en\/evento\/conference-making-business-with-india\/\" title=\"Conference Making Business with India\">Conference Making Business with India<\/a><\/h2><\/header><div class=\"eael-entry-content\">\n                        <div class=\"eael-grid-post-excerpt\"><p>March, 03rd, 2016 - Magdalena del Mar, Lima, Peru - Venue: Costa del...<\/p><\/div>\n                    <\/div><div class=\"eael-entry-footer\"><div class=\"eael-entry-meta\"><\/div><\/div><\/div><\/div>\n        <\/div>\n    <\/article><article class=\"eael-grid-post  eael-post-grid-column eael-pg-post-6849\" data-id=\"6849\">\n        <div class=\"eael-grid-post-holder\">\n            <div class=\"eael-grid-post-holder-inner\"><div class=\"eael-entry-media\"><div class=\"eael-entry-overlay fade-in\"><i class=\"fas fa-long-arrow-alt-right\" aria-hidden=\"true\"><\/i><a href=\"https:\/\/omcabogados.com.pe\/en\/evento\/british-business-cocktail\/\"><\/a><\/div><div class=\"eael-entry-thumbnail eael-image-ratio\">\n                <img loading=\"lazy\" decoding=\"async\" width=\"660\" height=\"440\" src=\"https:\/\/omcabogados.com.pe\/wp-content\/uploads\/imagen_2016022520265209657000.png\" class=\"attachment-large size-large wp-image-6852\" alt=\"\" \/>\n            <\/div>\n        <\/div><div class=\"eael-entry-wrapper\"><header class=\"eael-entry-header\"><h2 class=\"eael-entry-title\"><a class=\"eael-grid-post-link\" href=\"https:\/\/omcabogados.com.pe\/en\/evento\/british-business-cocktail\/\" title=\"British Business Cocktail\">British Business Cocktail<\/a><\/h2><\/header><div class=\"eael-entry-content\">\n                        <div class=\"eael-grid-post-excerpt\"><p>February 24th, 2016 - Surco, Lima, Per\u00fa &nbsp;<\/p><\/div>\n                    <\/div><div class=\"eael-entry-footer\"><div class=\"eael-entry-meta\"><\/div><\/div><\/div><\/div>\n        <\/div>\n    <\/article><article class=\"eael-grid-post  eael-post-grid-column eael-pg-post-6836\" data-id=\"6836\">\n        <div class=\"eael-grid-post-holder\">\n            <div class=\"eael-grid-post-holder-inner\"><div class=\"eael-entry-media\"><div class=\"eael-entry-overlay fade-in\"><i class=\"fas fa-long-arrow-alt-right\" aria-hidden=\"true\"><\/i><a href=\"https:\/\/omcabogados.com.pe\/en\/evento\/mr-oscar-mago-meets-with-uruguayan-colleagues-in-montevideo\/\"><\/a><\/div><div class=\"eael-entry-thumbnail eael-image-ratio\">\n                <img loading=\"lazy\" decoding=\"async\" width=\"660\" height=\"440\" src=\"https:\/\/omcabogados.com.pe\/wp-content\/uploads\/imagen_2016022212305598979800.png\" class=\"attachment-large size-large wp-image-6839\" alt=\"\" \/>\n            <\/div>\n        <\/div><div class=\"eael-entry-wrapper\"><header class=\"eael-entry-header\"><h2 class=\"eael-entry-title\"><a class=\"eael-grid-post-link\" href=\"https:\/\/omcabogados.com.pe\/en\/evento\/mr-oscar-mago-meets-with-uruguayan-colleagues-in-montevideo\/\" title=\"Mr. Oscar Mago meets with Uruguayan colleagues in Montevideo\">Mr. Oscar Mago meets with Uruguayan colleagues in Montevideo<\/a><\/h2><\/header><div class=\"eael-entry-content\">\n                        <div class=\"eael-grid-post-excerpt\"><p>February 15th to 22, 2016 - Montevideo, Uruguay - Venue: Restaurant La Perdiz &nbsp;<\/p><\/div>\n                    <\/div><div class=\"eael-entry-footer\"><div class=\"eael-entry-meta\"><\/div><\/div><\/div><\/div>\n        <\/div>\n    <\/article><article class=\"eael-grid-post  eael-post-grid-column eael-pg-post-6822\" data-id=\"6822\">\n        <div class=\"eael-grid-post-holder\">\n            <div class=\"eael-grid-post-holder-inner\"><div class=\"eael-entry-media\"><div class=\"eael-entry-overlay fade-in\"><i class=\"fas fa-long-arrow-alt-right\" aria-hidden=\"true\"><\/i><a href=\"https:\/\/omcabogados.com.pe\/en\/evento\/welcome-cocktail-year-2016-incham\/\"><\/a><\/div><div class=\"eael-entry-thumbnail eael-image-ratio\">\n                <img loading=\"lazy\" decoding=\"async\" width=\"660\" height=\"440\" src=\"https:\/\/omcabogados.com.pe\/wp-content\/uploads\/imagen_2016022520101652462400.png\" class=\"attachment-large size-large wp-image-6825\" alt=\"\" \/>\n            <\/div>\n        <\/div><div class=\"eael-entry-wrapper\"><header class=\"eael-entry-header\"><h2 class=\"eael-entry-title\"><a class=\"eael-grid-post-link\" href=\"https:\/\/omcabogados.com.pe\/en\/evento\/welcome-cocktail-year-2016-incham\/\" title=\"Cocktail de Bienvenida A\u00f1o 2016 &#8211; INCHAM\">Welcome Cocktail Year 2016 - INCHAM<\/a><\/h2><\/header><div class=\"eael-entry-content\">\n                        <div class=\"eael-grid-post-excerpt\"><p>February 10th, 2016 - Miraflores, Lima, Peru - Venue: Four Points Hotel by Sheraton<\/p><\/div>\n                    <\/div><div class=\"eael-entry-footer\"><div class=\"eael-entry-meta\"><\/div><\/div><\/div><\/div>\n        <\/div>\n    <\/article><article class=\"eael-grid-post  eael-post-grid-column eael-pg-post-6785\" data-id=\"6785\">\n        <div class=\"eael-grid-post-holder\">\n            <div class=\"eael-grid-post-holder-inner\"><div class=\"eael-entry-media\"><div class=\"eael-entry-overlay fade-in\"><i class=\"fas fa-long-arrow-alt-right\" aria-hidden=\"true\"><\/i><a href=\"https:\/\/omcabogados.com.pe\/en\/evento\/xix-congress-of-the-inter-american-association-of-intellectual-property-asipi\/\"><\/a><\/div><div class=\"eael-entry-thumbnail eael-image-ratio\">\n                <img loading=\"lazy\" decoding=\"async\" width=\"440\" height=\"330\" src=\"https:\/\/omcabogados.com.pe\/wp-content\/uploads\/imagen_2015113013033333194600.jpg\" class=\"attachment-large size-large wp-image-6788\" alt=\"\" \/>\n            <\/div>\n        <\/div><div class=\"eael-entry-wrapper\"><header class=\"eael-entry-header\"><h2 class=\"eael-entry-title\"><a class=\"eael-grid-post-link\" href=\"https:\/\/omcabogados.com.pe\/en\/evento\/xix-congress-of-the-inter-american-association-of-intellectual-property-asipi\/\" title=\"XIX Congreso de la Asociaci\u00f3n Interamericana de la Propiedad Intelectual &#8211; ASIPI\">XIX Congress of the Inter american Association of Intellectual Property - ASIPI<\/a><\/h2><\/header><div class=\"eael-entry-content\">\n                        <div class=\"eael-grid-post-excerpt\"><p>November 29 to December 2, 2015 - Cartagena de Indias, Colombia...<\/p><\/div>\n                    <\/div><div class=\"eael-entry-footer\"><div class=\"eael-entry-meta\"><\/div><\/div><\/div><\/div>\n        <\/div>\n    <\/article><article class=\"eael-grid-post  eael-post-grid-column eael-pg-post-6756\" data-id=\"6756\">\n        <div class=\"eael-grid-post-holder\">\n            <div class=\"eael-grid-post-holder-inner\"><div class=\"eael-entry-media\"><div class=\"eael-entry-overlay fade-in\"><i class=\"fas fa-long-arrow-alt-right\" aria-hidden=\"true\"><\/i><a href=\"https:\/\/omcabogados.com.pe\/en\/evento\/aippi-2015-rio-de-janeiro-world-congress\/\"><\/a><\/div><div class=\"eael-entry-thumbnail eael-image-ratio\">\n                <img loading=\"lazy\" decoding=\"async\" width=\"440\" height=\"330\" src=\"https:\/\/omcabogados.com.pe\/wp-content\/uploads\/imagen_2015101614484010394400.jpg\" class=\"attachment-large size-large wp-image-6759\" alt=\"\" \/>\n            <\/div>\n        <\/div><div class=\"eael-entry-wrapper\"><header class=\"eael-entry-header\"><h2 class=\"eael-entry-title\"><a class=\"eael-grid-post-link\" href=\"https:\/\/omcabogados.com.pe\/en\/evento\/aippi-2015-rio-de-janeiro-world-congress\/\" title=\"AIPPI 2015 Rio de Janeiro World Congress\">AIPPI 2015 Rio de Janeiro World Congress<\/a><\/h2><\/header><div class=\"eael-entry-content\">\n                        <div class=\"eael-grid-post-excerpt\"><p>October 10th to 14, 2015 - Rio, Brazil - Venue: Windsor Barra...<\/p><\/div>\n                    <\/div><div class=\"eael-entry-footer\"><div class=\"eael-entry-meta\"><\/div><\/div><\/div><\/div>\n        <\/div>\n    <\/article><article class=\"eael-grid-post  eael-post-grid-column eael-pg-post-6738\" data-id=\"6738\">\n        <div class=\"eael-grid-post-holder\">\n            <div class=\"eael-grid-post-holder-inner\"><div class=\"eael-entry-media\"><div class=\"eael-entry-overlay fade-in\"><i class=\"fas fa-long-arrow-alt-right\" aria-hidden=\"true\"><\/i><a href=\"https:\/\/omcabogados.com.pe\/en\/evento\/business-tour-malaysia-and-thailand\/\"><\/a><\/div><div class=\"eael-entry-thumbnail eael-image-ratio\">\n                <img loading=\"lazy\" decoding=\"async\" width=\"440\" height=\"330\" src=\"https:\/\/omcabogados.com.pe\/wp-content\/uploads\/imagen_2015092806324229343700.jpg\" class=\"attachment-large size-large wp-image-6741\" alt=\"\" \/>\n            <\/div>\n        <\/div><div class=\"eael-entry-wrapper\"><header class=\"eael-entry-header\"><h2 class=\"eael-entry-title\"><a class=\"eael-grid-post-link\" href=\"https:\/\/omcabogados.com.pe\/en\/evento\/business-tour-malaysia-and-thailand\/\" title=\"Business Tour: Malaysia and Thailand\">Business Tour: Malaysia and Thailand<\/a><\/h2><\/header><div class=\"eael-entry-content\">\n                        <div class=\"eael-grid-post-excerpt\"><p>September 7th  to 19th, 2015 - Kuala Lumpur, Malaysia \/ Bangkok, Thailand...<\/p><\/div>\n                    <\/div><div class=\"eael-entry-footer\"><div class=\"eael-entry-meta\"><\/div><\/div><\/div><\/div>\n        <\/div>\n    <\/article><article class=\"eael-grid-post  eael-post-grid-column eael-pg-post-6728\" data-id=\"6728\">\n        <div class=\"eael-grid-post-holder\">\n            <div class=\"eael-grid-post-holder-inner\"><div class=\"eael-entry-media\"><div class=\"eael-entry-overlay fade-in\"><i class=\"fas fa-long-arrow-alt-right\" aria-hidden=\"true\"><\/i><a href=\"https:\/\/omcabogados.com.pe\/en\/evento\/vi-breakfast-of-partners\/\"><\/a><\/div><div class=\"eael-entry-thumbnail eael-image-ratio\">\n                <img loading=\"lazy\" decoding=\"async\" width=\"440\" height=\"330\" src=\"https:\/\/omcabogados.com.pe\/wp-content\/uploads\/imagen_2015092316173212102100.jpg\" class=\"attachment-large size-large wp-image-6731\" alt=\"\" \/>\n            <\/div>\n        <\/div><div class=\"eael-entry-wrapper\"><header class=\"eael-entry-header\"><h2 class=\"eael-entry-title\"><a class=\"eael-grid-post-link\" href=\"https:\/\/omcabogados.com.pe\/en\/evento\/vi-breakfast-of-partners\/\" title=\"VI Breakfast of Partners\">VI Breakfast of Partners<\/a><\/h2><\/header><div class=\"eael-entry-content\">\n                        <div class=\"eael-grid-post-excerpt\"><p>September 2nd, 2015 - Lima, Peru - Organized by Spanish Chamber...<\/p><\/div>\n                    <\/div><div class=\"eael-entry-footer\"><div class=\"eael-entry-meta\"><\/div><\/div><\/div><\/div>\n        <\/div>\n    <\/article><article class=\"eael-grid-post  eael-post-grid-column eael-pg-post-6707\" data-id=\"6707\">\n        <div class=\"eael-grid-post-holder\">\n            <div class=\"eael-grid-post-holder-inner\"><div class=\"eael-entry-media\"><div class=\"eael-entry-overlay fade-in\"><i class=\"fas fa-long-arrow-alt-right\" aria-hidden=\"true\"><\/i><a href=\"https:\/\/omcabogados.com.pe\/en\/evento\/conference-hot-topics-in-intellectual-property\/\"><\/a><\/div><div class=\"eael-entry-thumbnail eael-image-ratio\">\n                <img loading=\"lazy\" decoding=\"async\" width=\"440\" height=\"330\" src=\"https:\/\/omcabogados.com.pe\/wp-content\/uploads\/imagen_2015101414203316049300.jpg\" class=\"attachment-large size-large wp-image-6709\" alt=\"\" \/>\n            <\/div>\n        <\/div><div class=\"eael-entry-wrapper\"><header class=\"eael-entry-header\"><h2 class=\"eael-entry-title\"><a class=\"eael-grid-post-link\" href=\"https:\/\/omcabogados.com.pe\/en\/evento\/conference-hot-topics-in-intellectual-property\/\" title=\"Conference: Hot topics in Intellectual Property\">Conference: Hot topics in Intellectual Property<\/a><\/h2><\/header><div class=\"eael-entry-content\">\n                        <div class=\"eael-grid-post-excerpt\"><p>July 15th, 2015 - NY, United States Venue: The Union League Club...<\/p><\/div>\n                    <\/div><div class=\"eael-entry-footer\"><div class=\"eael-entry-meta\"><\/div><\/div><\/div><\/div>\n        <\/div>\n    <\/article><article class=\"eael-grid-post  eael-post-grid-column eael-pg-post-6685\" data-id=\"6685\">\n        <div class=\"eael-grid-post-holder\">\n            <div class=\"eael-grid-post-holder-inner\"><div class=\"eael-entry-media\"><div class=\"eael-entry-overlay fade-in\"><i class=\"fas fa-long-arrow-alt-right\" aria-hidden=\"true\"><\/i><a href=\"https:\/\/omcabogados.com.pe\/en\/evento\/34th-annual-conference-of-ecta\/\"><\/a><\/div><div class=\"eael-entry-thumbnail eael-image-ratio\">\n                <img loading=\"lazy\" decoding=\"async\" width=\"440\" height=\"330\" src=\"https:\/\/omcabogados.com.pe\/wp-content\/uploads\/imagen_2015101414101544665800.jpg\" class=\"attachment-large size-large wp-image-6688\" alt=\"\" \/>\n            <\/div>\n        <\/div><div class=\"eael-entry-wrapper\"><header class=\"eael-entry-header\"><h2 class=\"eael-entry-title\"><a class=\"eael-grid-post-link\" href=\"https:\/\/omcabogados.com.pe\/en\/evento\/34th-annual-conference-of-ecta\/\" title=\"34th Annual Conference of ECTA\">34th Annual Conference of ECTA<\/a><\/h2><\/header><div class=\"eael-entry-content\">\n                        <div class=\"eael-grid-post-excerpt\"><p>June 10th to 13th, 2015 - Hamburg, Germany - Venue: Grand Elys\u00e9e Hotel &nbsp;<\/p><\/div>\n                    <\/div><div class=\"eael-entry-footer\"><div class=\"eael-entry-meta\"><\/div><\/div><\/div><\/div>\n        <\/div>\n    <\/article><article class=\"eael-grid-post  eael-post-grid-column eael-pg-post-6641\" data-id=\"6641\">\n        <div class=\"eael-grid-post-holder\">\n            <div class=\"eael-grid-post-holder-inner\"><div class=\"eael-entry-media\"><div class=\"eael-entry-overlay fade-in\"><i class=\"fas fa-long-arrow-alt-right\" aria-hidden=\"true\"><\/i><a href=\"https:\/\/omcabogados.com.pe\/en\/evento\/inta-san-diego-137th-annual-meeting\/\"><\/a><\/div><div class=\"eael-entry-thumbnail eael-image-ratio\">\n                <img loading=\"lazy\" decoding=\"async\" width=\"440\" height=\"330\" src=\"https:\/\/omcabogados.com.pe\/wp-content\/uploads\/imagen_2015112017134682706500.jpg\" class=\"attachment-large size-large wp-image-6644\" alt=\"\" \/>\n            <\/div>\n        <\/div><div class=\"eael-entry-wrapper\"><header class=\"eael-entry-header\"><h2 class=\"eael-entry-title\"><a class=\"eael-grid-post-link\" href=\"https:\/\/omcabogados.com.pe\/en\/evento\/inta-san-diego-137th-annual-meeting\/\" title=\"INTA: San Diego - 137th Annual Meeting\">INTA: San Diego - 137th Annual Meeting<\/a><\/h2><\/header><div class=\"eael-entry-content\">\n                        <div class=\"eael-grid-post-excerpt\"><p>May 2nd to 6th, 2015 -  San Diego, California, United States...<\/p><\/div>\n                    <\/div><div class=\"eael-entry-footer\"><div class=\"eael-entry-meta\"><\/div><\/div><\/div><\/div>\n        <\/div>\n    <\/article><article class=\"eael-grid-post  eael-post-grid-column eael-pg-post-6628\" data-id=\"6628\">\n        <div class=\"eael-grid-post-holder\">\n            <div class=\"eael-grid-post-holder-inner\"><div class=\"eael-entry-media\"><div class=\"eael-entry-overlay fade-in\"><i class=\"fas fa-long-arrow-alt-right\" aria-hidden=\"true\"><\/i><a href=\"https:\/\/omcabogados.com.pe\/en\/evento\/x-regional-meeting-abapisul-florianopolis\/\"><\/a><\/div><div class=\"eael-entry-thumbnail eael-image-ratio\">\n                <img loading=\"lazy\" decoding=\"async\" width=\"440\" height=\"330\" src=\"https:\/\/omcabogados.com.pe\/wp-content\/uploads\/imagen_2015102714441394421700.jpg\" class=\"attachment-large size-large wp-image-6631\" alt=\"\" \/>\n            <\/div>\n        <\/div><div class=\"eael-entry-wrapper\"><header class=\"eael-entry-header\"><h2 class=\"eael-entry-title\"><a class=\"eael-grid-post-link\" href=\"https:\/\/omcabogados.com.pe\/en\/evento\/x-regional-meeting-abapisul-florianopolis\/\" title=\"X Encuentro Regional de ABAPISUL &#8211; Florianopolis\">X Regional Meeting ABAPISUL \u2013 Florianopolis<\/a><\/h2><\/header><div class=\"eael-entry-content\">\n                        <div class=\"eael-grid-post-excerpt\"><p>March 20th to 22th, 2015 - Santa Catalina, Brazil - Venue: Hotel Jurere...<\/p><\/div>\n                    <\/div><div class=\"eael-entry-footer\"><div class=\"eael-entry-meta\"><\/div><\/div><\/div><\/div>\n        <\/div>\n    <\/article><article class=\"eael-grid-post  eael-post-grid-column eael-pg-post-6590\" data-id=\"6590\">\n        <div class=\"eael-grid-post-holder\">\n            <div class=\"eael-grid-post-holder-inner\"><div class=\"eael-entry-media\"><div class=\"eael-entry-overlay fade-in\"><i class=\"fas fa-long-arrow-alt-right\" aria-hidden=\"true\"><\/i><a href=\"https:\/\/omcabogados.com.pe\/en\/evento\/asipi-seminar\/\"><\/a><\/div><div class=\"eael-entry-thumbnail eael-image-ratio\">\n                <img loading=\"lazy\" decoding=\"async\" width=\"536\" height=\"378\" src=\"https:\/\/omcabogados.com.pe\/wp-content\/uploads\/imagen_201505140426467260000.jpg\" class=\"attachment-large size-large wp-image-6593\" alt=\"\" \/>\n            <\/div>\n        <\/div><div class=\"eael-entry-wrapper\"><header class=\"eael-entry-header\"><h2 class=\"eael-entry-title\"><a class=\"eael-grid-post-link\" href=\"https:\/\/omcabogados.com.pe\/en\/evento\/asipi-seminar\/\" title=\"ASIPI Seminar\">ASIPI Seminar<\/a><\/h2><\/header><div class=\"eael-entry-content\">\n                        <div class=\"eael-grid-post-excerpt\"><p>March 15 to 17, 2015 - Asuncion, Paraguay - Venue: Sheraton Asuncion Hotel...<\/p><\/div>\n                    <\/div><div class=\"eael-entry-footer\"><div class=\"eael-entry-meta\"><\/div><\/div><\/div><\/div>\n        <\/div>\n    <\/article><article class=\"eael-grid-post  eael-post-grid-column eael-pg-post-6542\" data-id=\"6542\">\n        <div class=\"eael-grid-post-holder\">\n            <div class=\"eael-grid-post-holder-inner\"><div class=\"eael-entry-media\"><div class=\"eael-entry-overlay fade-in\"><i class=\"fas fa-long-arrow-alt-right\" aria-hidden=\"true\"><\/i><a href=\"https:\/\/omcabogados.com.pe\/en\/evento\/50-aniversario-de-asipi-xviii-jornadas-de-trabajo-y-consejo-de-administracion-de-asipi\/\"><\/a><\/div><div class=\"eael-entry-thumbnail eael-image-ratio\">\n                <img loading=\"lazy\" decoding=\"async\" width=\"440\" height=\"330\" src=\"https:\/\/omcabogados.com.pe\/wp-content\/uploads\/imagen_2015100212065870103700.jpg\" class=\"attachment-large size-large wp-image-6544\" alt=\"\" \/>\n            <\/div>\n        <\/div><div class=\"eael-entry-wrapper\"><header class=\"eael-entry-header\"><h2 class=\"eael-entry-title\"><a class=\"eael-grid-post-link\" href=\"https:\/\/omcabogados.com.pe\/en\/evento\/50-aniversario-de-asipi-xviii-jornadas-de-trabajo-y-consejo-de-administracion-de-asipi\/\" title=\"50th ASIPI Anniversary Of Foundation \/ ASIPI XVII Work Sessions and Administrative Council\">50th ASIPI Anniversary Of Foundation \/ ASIPI XVII Work Sessions and Administrative Council<\/a><\/h2><\/header><div class=\"eael-entry-content\">\n                        <div class=\"eael-grid-post-excerpt\"><p>November 2014 \u2013 Ciudad de M\u00e9xico, M\u00e9xico \u2013 Venue: Palacios de Bellas Artes...<\/p><\/div>\n                    <\/div><div class=\"eael-entry-footer\"><div class=\"eael-entry-meta\"><\/div><\/div><\/div><\/div>\n        <\/div>\n    <\/article><article class=\"eael-grid-post  eael-post-grid-column eael-pg-post-6533\" data-id=\"6533\">\n        <div class=\"eael-grid-post-holder\">\n            <div class=\"eael-grid-post-holder-inner\"><div class=\"eael-entry-media\"><div class=\"eael-entry-overlay fade-in\"><i class=\"fas fa-long-arrow-alt-right\" aria-hidden=\"true\"><\/i><a href=\"https:\/\/omcabogados.com.pe\/en\/evento\/conferencia-international-2014-msi-global-alliance-rio-de-janeiro-brasil\/\"><\/a><\/div><div class=\"eael-entry-thumbnail eael-image-ratio\">\n                <img loading=\"lazy\" decoding=\"async\" width=\"440\" height=\"330\" src=\"https:\/\/omcabogados.com.pe\/wp-content\/uploads\/imagen_2015100212593164338000.jpg\" class=\"attachment-large size-large wp-image-6535\" alt=\"\" \/>\n            <\/div>\n        <\/div><div class=\"eael-entry-wrapper\"><header class=\"eael-entry-header\"><h2 class=\"eael-entry-title\"><a class=\"eael-grid-post-link\" href=\"https:\/\/omcabogados.com.pe\/en\/evento\/conferencia-international-2014-msi-global-alliance-rio-de-janeiro-brasil\/\" title=\"Conferencia International 2014 &#8211; MSI Global Alliance Rio de Janeiro, Brasil\">2014 International Conference \u2013 MSI Global Alliance Rio de Janeiro, Brazil<\/a><\/h2><\/header><div class=\"eael-entry-content\">\n                        <div class=\"eael-grid-post-excerpt\"><p>October 25th to 28th, 2014 \u2013 R\u00edo de Janeiro, Brazil \u2013 Venue: Sofitel Rio...<\/p><\/div>\n                    <\/div><div class=\"eael-entry-footer\"><div class=\"eael-entry-meta\"><\/div><\/div><\/div><\/div>\n        <\/div>\n    <\/article><article class=\"eael-grid-post  eael-post-grid-column eael-pg-post-6525\" data-id=\"6525\">\n        <div class=\"eael-grid-post-holder\">\n            <div class=\"eael-grid-post-holder-inner\"><div class=\"eael-entry-media\"><div class=\"eael-entry-overlay fade-in\"><i class=\"fas fa-long-arrow-alt-right\" aria-hidden=\"true\"><\/i><a href=\"https:\/\/omcabogados.com.pe\/en\/evento\/goverment-roundtable-2014\/\"><\/a><\/div><div class=\"eael-entry-thumbnail eael-image-ratio\">\n                <img loading=\"lazy\" decoding=\"async\" width=\"440\" height=\"330\" src=\"https:\/\/omcabogados.com.pe\/wp-content\/uploads\/imagen_2015102011372244390200.jpg\" class=\"attachment-large size-large wp-image-6528\" alt=\"\" \/>\n            <\/div>\n        <\/div><div class=\"eael-entry-wrapper\"><header class=\"eael-entry-header\"><h2 class=\"eael-entry-title\"><a class=\"eael-grid-post-link\" href=\"https:\/\/omcabogados.com.pe\/en\/evento\/goverment-roundtable-2014\/\" title=\"Goverment Roundtable 2014\">Goverment Roundtable 2014<\/a><\/h2><\/header><div class=\"eael-entry-content\">\n                        <div class=\"eael-grid-post-excerpt\"><p>September 30th  2014 \u2013 Lima, Peru \u2013 INTA: International Trademark Association &nbsp;<\/p><\/div>\n                    <\/div><div class=\"eael-entry-footer\"><div class=\"eael-entry-meta\"><\/div><\/div><\/div><\/div>\n        <\/div>\n    <\/article><article class=\"eael-grid-post  eael-post-grid-column eael-pg-post-6497\" data-id=\"6497\">\n        <div class=\"eael-grid-post-holder\">\n            <div class=\"eael-grid-post-holder-inner\"><div class=\"eael-entry-media\"><div class=\"eael-entry-overlay fade-in\"><i class=\"fas fa-long-arrow-alt-right\" aria-hidden=\"true\"><\/i><a href=\"https:\/\/omcabogados.com.pe\/en\/evento\/136-asamblea-anual-inta-2014\/\"><\/a><\/div><div class=\"eael-entry-thumbnail eael-image-ratio\">\n                <img loading=\"lazy\" decoding=\"async\" width=\"440\" height=\"330\" src=\"https:\/\/omcabogados.com.pe\/wp-content\/uploads\/imagen_2015101617081452818100.jpg\" class=\"attachment-large size-large wp-image-6499\" alt=\"\" \/>\n            <\/div>\n        <\/div><div class=\"eael-entry-wrapper\"><header class=\"eael-entry-header\"><h2 class=\"eael-entry-title\"><a class=\"eael-grid-post-link\" href=\"https:\/\/omcabogados.com.pe\/en\/evento\/136-asamblea-anual-inta-2014\/\" title=\"136th Annual Meeting INTA\">136th Annual Meeting INTA<\/a><\/h2><\/header><div class=\"eael-entry-content\">\n                        <div class=\"eael-grid-post-excerpt\"><p>May 10th - 14th, 2014 \u2013 Hong Kong, China \u2013 Venue: Hong Kong Convention Center<\/p><\/div>\n                    <\/div><div class=\"eael-entry-footer\"><div class=\"eael-entry-meta\"><\/div><\/div><\/div><\/div>\n        <\/div>\n    <\/article><article class=\"eael-grid-post  eael-post-grid-column eael-pg-post-6492\" data-id=\"6492\">\n        <div class=\"eael-grid-post-holder\">\n            <div class=\"eael-grid-post-holder-inner\"><div class=\"eael-entry-media\"><div class=\"eael-entry-overlay fade-in\"><i class=\"fas fa-long-arrow-alt-right\" aria-hidden=\"true\"><\/i><a href=\"https:\/\/omcabogados.com.pe\/en\/evento\/coifair-2014-the-worlds-investment-summit-shanghai-2014\/\"><\/a><\/div><div class=\"eael-entry-thumbnail eael-image-ratio\">\n                <img loading=\"lazy\" decoding=\"async\" width=\"440\" height=\"330\" src=\"https:\/\/omcabogados.com.pe\/wp-content\/uploads\/imagen_201511202137858408800.jpg\" class=\"attachment-large size-large wp-image-6471\" alt=\"\" \/>\n            <\/div>\n        <\/div><div class=\"eael-entry-wrapper\"><header class=\"eael-entry-header\"><h2 class=\"eael-entry-title\"><a class=\"eael-grid-post-link\" href=\"https:\/\/omcabogados.com.pe\/en\/evento\/coifair-2014-the-worlds-investment-summit-shanghai-2014\/\" title=\"COIFAIR 2014 : The World&#8217;s Investment Summit Shanghai 2014\">COIFAIR 2014 : The World&#8217;s Investment Summit Shanghai 2014<\/a><\/h2><\/header><div class=\"eael-entry-content\">\n                        <div class=\"eael-grid-post-excerpt\"><p>April 22th to 23th, 2014 \u2013 Shanghai, China \u2013 Venue: InterContinental Shanghai Puxi &nbsp;<\/p><\/div>\n                    <\/div><div class=\"eael-entry-footer\"><div class=\"eael-entry-meta\"><\/div><\/div><\/div><\/div>\n        <\/div>\n    <\/article><article class=\"eael-grid-post  eael-post-grid-column eael-pg-post-6465\" data-id=\"6465\">\n        <div class=\"eael-grid-post-holder\">\n            <div class=\"eael-grid-post-holder-inner\"><div class=\"eael-entry-media\"><div class=\"eael-entry-overlay fade-in\"><i class=\"fas fa-long-arrow-alt-right\" aria-hidden=\"true\"><\/i><a href=\"https:\/\/omcabogados.com.pe\/en\/evento\/nuevos-aspectos-de-la-propiedad-intelectual-en-el-mundo-de-los-negocios-asipi-porto-alegre\/\"><\/a><\/div><div class=\"eael-entry-thumbnail eael-image-ratio\">\n                <img loading=\"lazy\" decoding=\"async\" width=\"649\" height=\"484\" src=\"https:\/\/omcabogados.com.pe\/wp-content\/uploads\/imagen_201511202040660303400-649x484.jpg\" class=\"attachment-large size-large wp-image-6459\" alt=\"\" \/>\n            <\/div>\n        <\/div><div class=\"eael-entry-wrapper\"><header class=\"eael-entry-header\"><h2 class=\"eael-entry-title\"><a class=\"eael-grid-post-link\" href=\"https:\/\/omcabogados.com.pe\/en\/evento\/nuevos-aspectos-de-la-propiedad-intelectual-en-el-mundo-de-los-negocios-asipi-porto-alegre\/\" title=\"Nuevos aspectos de la Propiedad Intelectual en el mundo de los negocios &#8211; ASIPI Porto Alegre\">New aspects of Intellectual Property in the business world - ASIPI Porto Alegre<\/a><\/h2><\/header><div class=\"eael-entry-content\">\n                        <div class=\"eael-grid-post-excerpt\"><p>March 15 to 18, 2014 \u2013 Porto Alegre, Brazil \u2013 Venue: Hotel Sheraton Porto...<\/p><\/div>\n                    <\/div><div class=\"eael-entry-footer\"><div class=\"eael-entry-meta\"><\/div><\/div><\/div><\/div>\n        <\/div>\n    <\/article><article class=\"eael-grid-post  eael-post-grid-column eael-pg-post-6441\" data-id=\"6441\">\n        <div class=\"eael-grid-post-holder\">\n            <div class=\"eael-grid-post-holder-inner\"><div class=\"eael-entry-media\"><div class=\"eael-entry-overlay fade-in\"><i class=\"fas fa-long-arrow-alt-right\" aria-hidden=\"true\"><\/i><a href=\"https:\/\/omcabogados.com.pe\/en\/evento\/xvii-jornadas-de-trabajo-y-consejo-de-administracion-de-asipi\/\"><\/a><\/div><div class=\"eael-entry-thumbnail eael-image-ratio\">\n                <img loading=\"lazy\" decoding=\"async\" width=\"536\" height=\"378\" src=\"https:\/\/omcabogados.com.pe\/wp-content\/uploads\/imagen_2015100509342912624700.jpg\" class=\"attachment-large size-large wp-image-6442\" alt=\"\" \/>\n            <\/div>\n        <\/div><div class=\"eael-entry-wrapper\"><header class=\"eael-entry-header\"><h2 class=\"eael-entry-title\"><a class=\"eael-grid-post-link\" href=\"https:\/\/omcabogados.com.pe\/en\/evento\/xvii-jornadas-de-trabajo-y-consejo-de-administracion-de-asipi\/\" title=\"50th ASIPI Anniversary Of Foundation \/ ASIPI XVII Work Sessions and Administrative Council\">50th ASIPI Anniversary Of Foundation \/ ASIPI XVII Work Sessions and Administrative Council<\/a><\/h2><\/header><div class=\"eael-entry-content\">\n                        <div class=\"eael-grid-post-excerpt\"><p>December 01st to 04th, 2013 \u2013 Punta Cana, Dominican Republic \u2013 Venue: Hard Rock...<\/p><\/div>\n                    <\/div><div class=\"eael-entry-footer\"><div class=\"eael-entry-meta\"><\/div><\/div><\/div><\/div>\n        <\/div>\n    <\/article><article class=\"eael-grid-post  eael-post-grid-column eael-pg-post-6428\" data-id=\"6428\">\n        <div class=\"eael-grid-post-holder\">\n            <div class=\"eael-grid-post-holder-inner\"><div class=\"eael-entry-media\"><div class=\"eael-entry-overlay fade-in\"><i class=\"fas fa-long-arrow-alt-right\" aria-hidden=\"true\"><\/i><a href=\"https:\/\/omcabogados.com.pe\/en\/evento\/xxxiii-congresso-internacional-da-propriedade-intelectual\/\"><\/a><\/div><div class=\"eael-entry-thumbnail eael-image-ratio\">\n                <img loading=\"lazy\" decoding=\"async\" width=\"536\" height=\"378\" src=\"https:\/\/omcabogados.com.pe\/wp-content\/uploads\/imagen_2015110507244456815700.jpg\" class=\"attachment-large size-large wp-image-6431\" alt=\"\" \/>\n            <\/div>\n        <\/div><div class=\"eael-entry-wrapper\"><header class=\"eael-entry-header\"><h2 class=\"eael-entry-title\"><a class=\"eael-grid-post-link\" href=\"https:\/\/omcabogados.com.pe\/en\/evento\/xxxiii-congresso-internacional-da-propriedade-intelectual\/\" title=\"XXXIII International Congress of Intellectual Property\">XXXIII International Congress of Intellectual Property<\/a><\/h2><\/header><div class=\"eael-entry-content\">\n                        <div class=\"eael-grid-post-excerpt\"><p>August 18th to 20th 2013 \u2013 Rio, Brazil \u2013 Venue: ABPI Asociaci\u00f3n...<\/p><\/div>\n                    <\/div><div class=\"eael-entry-footer\"><div class=\"eael-entry-meta\"><\/div><\/div><\/div><\/div>\n        <\/div>\n    <\/article><article class=\"eael-grid-post  eael-post-grid-column eael-pg-post-6425\" data-id=\"6425\">\n        <div class=\"eael-grid-post-holder\">\n            <div class=\"eael-grid-post-holder-inner\"><div class=\"eael-entry-media\"><div class=\"eael-entry-overlay fade-in\"><i class=\"fas fa-long-arrow-alt-right\" aria-hidden=\"true\"><\/i><a href=\"https:\/\/omcabogados.com.pe\/en\/evento\/expo-peruproduce-2013\/\"><\/a><\/div><div class=\"eael-entry-thumbnail eael-image-ratio\">\n                <img loading=\"lazy\" decoding=\"async\" width=\"440\" height=\"330\" src=\"https:\/\/omcabogados.com.pe\/wp-content\/uploads\/imagen_2015101618183452739000.jpg\" class=\"attachment-large size-large wp-image-6415\" alt=\"\" \/>\n            <\/div>\n        <\/div><div class=\"eael-entry-wrapper\"><header class=\"eael-entry-header\"><h2 class=\"eael-entry-title\"><a class=\"eael-grid-post-link\" href=\"https:\/\/omcabogados.com.pe\/en\/evento\/expo-peruproduce-2013\/\" title=\"EXPO PERUPRODUCE 2013\">EXPO PERUPRODUCE 2013<\/a><\/h2><\/header><div class=\"eael-entry-content\">\n                        <div class=\"eael-grid-post-excerpt\"><p>June 5th to 8th, 2013 \u2013 Lima, Peru - Venue: Jockey Club Convention Center<\/p><\/div>\n                    <\/div><div class=\"eael-entry-footer\"><div class=\"eael-entry-meta\"><\/div><\/div><\/div><\/div>\n        <\/div>\n    <\/article><article class=\"eael-grid-post  eael-post-grid-column eael-pg-post-6410\" data-id=\"6410\">\n        <div class=\"eael-grid-post-holder\">\n            <div class=\"eael-grid-post-holder-inner\"><div class=\"eael-entry-media\"><div class=\"eael-entry-overlay fade-in\"><i class=\"fas fa-long-arrow-alt-right\" aria-hidden=\"true\"><\/i><a href=\"https:\/\/omcabogados.com.pe\/en\/evento\/135-asamblea-anual-inta-2013\/\"><\/a><\/div><div class=\"eael-entry-thumbnail eael-image-ratio\">\n                <img loading=\"lazy\" decoding=\"async\" width=\"440\" height=\"330\" src=\"https:\/\/omcabogados.com.pe\/wp-content\/uploads\/imagen_2015101615533764568200.jpg\" class=\"attachment-large size-large wp-image-6403\" alt=\"\" \/>\n            <\/div>\n        <\/div><div class=\"eael-entry-wrapper\"><header class=\"eael-entry-header\"><h2 class=\"eael-entry-title\"><a class=\"eael-grid-post-link\" href=\"https:\/\/omcabogados.com.pe\/en\/evento\/135-asamblea-anual-inta-2013\/\" title=\"135th Annual Meeting INTA 2013\">135th Annual Meeting INTA 2013<\/a><\/h2><\/header><div class=\"eael-entry-content\">\n                        <div class=\"eael-grid-post-excerpt\"><p>May 4th to 5th, 2013 \u2013 Dallas, United States \u2013 Venue: Dallas Convention Center...<\/p><\/div>\n                    <\/div><div class=\"eael-entry-footer\"><div class=\"eael-entry-meta\"><\/div><\/div><\/div><\/div>\n        <\/div>\n    <\/article><article class=\"eael-grid-post  eael-post-grid-column eael-pg-post-6398\" data-id=\"6398\">\n        <div class=\"eael-grid-post-holder\">\n            <div class=\"eael-grid-post-holder-inner\"><div class=\"eael-entry-media\"><div class=\"eael-entry-overlay fade-in\"><i class=\"fas fa-long-arrow-alt-right\" aria-hidden=\"true\"><\/i><a href=\"https:\/\/omcabogados.com.pe\/en\/evento\/asipi-seminario-de-propiedad-intelectual\/\"><\/a><\/div><div class=\"eael-entry-thumbnail eael-image-ratio\">\n                <img loading=\"lazy\" decoding=\"async\" width=\"440\" height=\"330\" src=\"https:\/\/omcabogados.com.pe\/wp-content\/uploads\/imagen_2015102009114576604200.jpg\" class=\"attachment-large size-large wp-image-6388\" alt=\"\" \/>\n            <\/div>\n        <\/div><div class=\"eael-entry-wrapper\"><header class=\"eael-entry-header\"><h2 class=\"eael-entry-title\"><a class=\"eael-grid-post-link\" href=\"https:\/\/omcabogados.com.pe\/en\/evento\/asipi-seminario-de-propiedad-intelectual\/\" title=\"ASIPI &#8211; Seminario de Propiedad Intelectual\">ASIPI - Intellectual Property Seminar<\/a><\/h2><\/header><div class=\"eael-entry-content\">\n                        <div class=\"eael-grid-post-excerpt\"><p>March, 16th to 20th, 2013 \u2013 La Habana, Cuba \u2013 Venue: Hotel Meli\u00e1 Cohiba...<\/p><\/div>\n                    <\/div><div class=\"eael-entry-footer\"><div class=\"eael-entry-meta\"><\/div><\/div><\/div><\/div>\n        <\/div>\n    <\/article><article class=\"eael-grid-post  eael-post-grid-column eael-pg-post-6383\" data-id=\"6383\">\n        <div class=\"eael-grid-post-holder\">\n            <div class=\"eael-grid-post-holder-inner\"><div class=\"eael-entry-media\"><div class=\"eael-entry-overlay fade-in\"><i class=\"fas fa-long-arrow-alt-right\" aria-hidden=\"true\"><\/i><a href=\"https:\/\/omcabogados.com.pe\/en\/evento\/xviii-congreso-de-la-asociacion-interamericana-de-propiedad-intelectual\/\"><\/a><\/div><div class=\"eael-entry-thumbnail eael-image-ratio\">\n                <img loading=\"lazy\" decoding=\"async\" width=\"440\" height=\"330\" src=\"https:\/\/omcabogados.com.pe\/wp-content\/uploads\/imagen_2015102714223927281100.jpg\" class=\"attachment-large size-large wp-image-6364\" alt=\"\" \/>\n            <\/div>\n        <\/div><div class=\"eael-entry-wrapper\"><header class=\"eael-entry-header\"><h2 class=\"eael-entry-title\"><a class=\"eael-grid-post-link\" href=\"https:\/\/omcabogados.com.pe\/en\/evento\/xviii-congreso-de-la-asociacion-interamericana-de-propiedad-intelectual\/\" title=\"XVIII Congress of the Interamerican Association of Intellectual Property\">XVIII Congress of the Interamerican Association of Intellectual Property<\/a><\/h2><\/header><div class=\"eael-entry-content\">\n                        <div class=\"eael-grid-post-excerpt\"><p>December 2nd to 5th, 2012 \u2013 Punta del Este, Uruguay \u2013Venue: Conrad Punta...<\/p><\/div>\n                    <\/div><div class=\"eael-entry-footer\"><div class=\"eael-entry-meta\"><\/div><\/div><\/div><\/div>\n        <\/div>\n    <\/article><article class=\"eael-grid-post  eael-post-grid-column eael-pg-post-6348\" data-id=\"6348\">\n        <div class=\"eael-grid-post-holder\">\n            <div class=\"eael-grid-post-holder-inner\"><div class=\"eael-entry-media\"><div class=\"eael-entry-overlay fade-in\"><i class=\"fas fa-long-arrow-alt-right\" aria-hidden=\"true\"><\/i><a href=\"https:\/\/omcabogados.com.pe\/en\/evento\/85-conferencia-anual-ptmg-realities-for-pharmaceutical-trade-marks-in-the-physical-and-virtual-world\/\"><\/a><\/div><div class=\"eael-entry-thumbnail eael-image-ratio\">\n                <img loading=\"lazy\" decoding=\"async\" width=\"536\" height=\"378\" src=\"https:\/\/omcabogados.com.pe\/wp-content\/uploads\/imagen_201510051008723038200.jpg\" class=\"attachment-large size-large wp-image-6343\" alt=\"\" \/>\n            <\/div>\n        <\/div><div class=\"eael-entry-wrapper\"><header class=\"eael-entry-header\"><h2 class=\"eael-entry-title\"><a class=\"eael-grid-post-link\" href=\"https:\/\/omcabogados.com.pe\/en\/evento\/85-conferencia-anual-ptmg-realities-for-pharmaceutical-trade-marks-in-the-physical-and-virtual-world\/\" title=\"85th Conference PTMG: Realities for Pharmaceutical Trade Marks in the Physical and Virtual World\">85th Conference PTMG: Realities for Pharmaceutical Trade Marks in the Physical and Virtual World<\/a><\/h2><\/header><div class=\"eael-entry-content\">\n                        <div class=\"eael-grid-post-excerpt\"><p>October 3rd to 5th, 2012 \u2013 Barcelona, Spain \u2013 Venue: Rey Juan Carlos Hotel...<\/p><\/div>\n                    <\/div><div class=\"eael-entry-footer\"><div class=\"eael-entry-meta\"><\/div><\/div><\/div><\/div>\n        <\/div>\n    <\/article><article class=\"eael-grid-post  eael-post-grid-column eael-pg-post-6359\" data-id=\"6359\">\n        <div class=\"eael-grid-post-holder\">\n            <div class=\"eael-grid-post-holder-inner\"><div class=\"eael-entry-media\"><div class=\"eael-entry-overlay fade-in\"><i class=\"fas fa-long-arrow-alt-right\" aria-hidden=\"true\"><\/i><a href=\"https:\/\/omcabogados.com.pe\/en\/evento\/xxxii-abpi-el-papel-de-la-propiedad-intelectual-en-la-competitividad-empresarial-de-brasil\/\"><\/a><\/div><div class=\"eael-entry-thumbnail eael-image-ratio\">\n                <img loading=\"lazy\" decoding=\"async\" width=\"440\" height=\"330\" src=\"https:\/\/omcabogados.com.pe\/wp-content\/uploads\/imagen_2015101318125643736600.jpg\" class=\"attachment-large size-large wp-image-6353\" alt=\"\" \/>\n            <\/div>\n        <\/div><div class=\"eael-entry-wrapper\"><header class=\"eael-entry-header\"><h2 class=\"eael-entry-title\"><a class=\"eael-grid-post-link\" href=\"https:\/\/omcabogados.com.pe\/en\/evento\/xxxii-abpi-el-papel-de-la-propiedad-intelectual-en-la-competitividad-empresarial-de-brasil\/\" title=\"XXXII ABPI: Intellectual Property and Brazilian Corporate Competitiveness\">XXXII ABPI: Intellectual Property and Brazilian Corporate Competitiveness<\/a><\/h2><\/header><div class=\"eael-entry-content\">\n                        <div class=\"eael-grid-post-excerpt\"><p>August 26th to 28th, 2012 \u2013 Sao Paulo, Brazil \u2013 Venue: Sheraton  Sao Paulo...<\/p><\/div>\n                    <\/div><div class=\"eael-entry-footer\"><div class=\"eael-entry-meta\"><\/div><\/div><\/div><\/div>\n        <\/div>\n    <\/article><article class=\"eael-grid-post  eael-post-grid-column eael-pg-post-6338\" data-id=\"6338\">\n        <div class=\"eael-grid-post-holder\">\n            <div class=\"eael-grid-post-holder-inner\"><div class=\"eael-entry-media\"><div class=\"eael-entry-overlay fade-in\"><i class=\"fas fa-long-arrow-alt-right\" aria-hidden=\"true\"><\/i><a href=\"https:\/\/omcabogados.com.pe\/en\/evento\/134-asamblea-anual-inta-2012\/\"><\/a><\/div><div class=\"eael-entry-thumbnail eael-image-ratio\">\n                <img loading=\"lazy\" decoding=\"async\" width=\"536\" height=\"378\" src=\"https:\/\/omcabogados.com.pe\/wp-content\/uploads\/imagen_2015100509462322001700.jpg\" class=\"attachment-large size-large wp-image-6326\" alt=\"\" \/>\n            <\/div>\n        <\/div><div class=\"eael-entry-wrapper\"><header class=\"eael-entry-header\"><h2 class=\"eael-entry-title\"><a class=\"eael-grid-post-link\" href=\"https:\/\/omcabogados.com.pe\/en\/evento\/134-asamblea-anual-inta-2012\/\" title=\"134th Annual Meeting INTA\">134th Annual Meeting INTA<\/a><\/h2><\/header><div class=\"eael-entry-content\">\n                        <div class=\"eael-grid-post-excerpt\"><p>May 5th to 9th, 2012 \u2013 Washington D.C., United States Venues: Walter E. Washington...<\/p><\/div>\n                    <\/div><div class=\"eael-entry-footer\"><div class=\"eael-entry-meta\"><\/div><\/div><\/div><\/div>\n        <\/div>\n    <\/article><article class=\"eael-grid-post  eael-post-grid-column eael-pg-post-6321\" data-id=\"6321\">\n        <div class=\"eael-grid-post-holder\">\n            <div class=\"eael-grid-post-holder-inner\"><div class=\"eael-entry-media\"><div class=\"eael-entry-overlay fade-in\"><i class=\"fas fa-long-arrow-alt-right\" aria-hidden=\"true\"><\/i><a href=\"https:\/\/omcabogados.com.pe\/en\/evento\/seminario-competencia-desleal-y-propiedad-intelectual-asipi-2012\/\"><\/a><\/div><div class=\"eael-entry-thumbnail eael-image-ratio\">\n                <img loading=\"lazy\" decoding=\"async\" width=\"440\" height=\"330\" src=\"https:\/\/omcabogados.com.pe\/wp-content\/uploads\/imagen_2015111718324521014400.jpg\" class=\"attachment-large size-large wp-image-6316\" alt=\"\" \/>\n            <\/div>\n        <\/div><div class=\"eael-entry-wrapper\"><header class=\"eael-entry-header\"><h2 class=\"eael-entry-title\"><a class=\"eael-grid-post-link\" href=\"https:\/\/omcabogados.com.pe\/en\/evento\/seminario-competencia-desleal-y-propiedad-intelectual-asipi-2012\/\" title=\"Seminar Unfair Competition and Intellectual Property, ASIPI 2012\">Seminar Unfair Competition and Intellectual Property, ASIPI 2012<\/a><\/h2><\/header><div class=\"eael-entry-content\">\n                        <div class=\"eael-grid-post-excerpt\"><p>March 17th to 19th, 2012 \u2013 Antigua, Guatemala \u2013 Venue: Casa Santo Domingo...<\/p><\/div>\n                    <\/div><div class=\"eael-entry-footer\"><div class=\"eael-entry-meta\"><\/div><\/div><\/div><\/div>\n        <\/div>\n    <\/article><article class=\"eael-grid-post  eael-post-grid-column eael-pg-post-6311\" data-id=\"6311\">\n        <div class=\"eael-grid-post-holder\">\n            <div class=\"eael-grid-post-holder-inner\"><div class=\"eael-entry-media\"><div class=\"eael-entry-overlay fade-in\"><i class=\"fas fa-long-arrow-alt-right\" aria-hidden=\"true\"><\/i><a href=\"https:\/\/omcabogados.com.pe\/en\/evento\/xvi-jornadas-de-trabajo-y-consejo-de-administracion-asipi-2011-santa-cruz\/\"><\/a><\/div><div class=\"eael-entry-thumbnail eael-image-ratio\">\n                <img loading=\"lazy\" decoding=\"async\" width=\"440\" height=\"330\" src=\"https:\/\/omcabogados.com.pe\/wp-content\/uploads\/imagen_2015111218192802097800.jpg\" class=\"attachment-large size-large wp-image-6304\" alt=\"\" \/>\n            <\/div>\n        <\/div><div class=\"eael-entry-wrapper\"><header class=\"eael-entry-header\"><h2 class=\"eael-entry-title\"><a class=\"eael-grid-post-link\" href=\"https:\/\/omcabogados.com.pe\/en\/evento\/xvi-jornadas-de-trabajo-y-consejo-de-administracion-asipi-2011-santa-cruz\/\" title=\"XVI ASIPI Work Sessions and Administrative Council of the Inter American Industrial Property Society 2011 Santa Cruz\">XVI ASIPI Work Sessions and Administrative Council of the Inter American Industrial Property Society 2011 Santa Cruz<\/a><\/h2><\/header><div class=\"eael-entry-content\">\n                        <div class=\"eael-grid-post-excerpt\"><p>October 30th to November 2nd, 2011 \u2013 Santa Cruz de la Sierra Bolivia...<\/p><\/div>\n                    <\/div><div class=\"eael-entry-footer\"><div class=\"eael-entry-meta\"><\/div><\/div><\/div><\/div>\n        <\/div>\n    <\/article><article class=\"eael-grid-post  eael-post-grid-column eael-pg-post-6298\" data-id=\"6298\">\n        <div class=\"eael-grid-post-holder\">\n            <div class=\"eael-grid-post-holder-inner\"><div class=\"eael-entry-media\"><div class=\"eael-entry-overlay fade-in\"><i class=\"fas fa-long-arrow-alt-right\" aria-hidden=\"true\"><\/i><a href=\"https:\/\/omcabogados.com.pe\/en\/evento\/xxv-jornadas-anuales-de-propiedad-industrial-aaapi-asociacion-argentina-de-agentes-de-la-propiedad-industrial\/\"><\/a><\/div><div class=\"eael-entry-thumbnail eael-image-ratio\">\n                <img loading=\"lazy\" decoding=\"async\" width=\"440\" height=\"330\" src=\"https:\/\/omcabogados.com.pe\/wp-content\/uploads\/imagen_2015110510122106483900.jpg\" class=\"attachment-large size-large wp-image-6287\" alt=\"\" \/>\n            <\/div>\n        <\/div><div class=\"eael-entry-wrapper\"><header class=\"eael-entry-header\"><h2 class=\"eael-entry-title\"><a class=\"eael-grid-post-link\" href=\"https:\/\/omcabogados.com.pe\/en\/evento\/xxv-jornadas-anuales-de-propiedad-industrial-aaapi-asociacion-argentina-de-agentes-de-la-propiedad-industrial\/\" title=\"XXV Industrial Property Annual Conference \u2013 AAAPI - The Argentine Industrial Property Agents Association\">XXV Industrial Property Annual Conference \u2013 AAAPI - The Argentine Industrial Property Agents Association<\/a><\/h2><\/header><div class=\"eael-entry-content\">\n                        <div class=\"eael-grid-post-excerpt\"><p>August 25th to 26th, 2011 \u2013  Buenos Aires, Argentine \u2013 Venue: Four Seasons Hotel...<\/p><\/div>\n                    <\/div><div class=\"eael-entry-footer\"><div class=\"eael-entry-meta\"><\/div><\/div><\/div><\/div>\n        <\/div>\n    <\/article><article class=\"eael-grid-post  eael-post-grid-column eael-pg-post-6282\" data-id=\"6282\">\n        <div class=\"eael-grid-post-holder\">\n            <div class=\"eael-grid-post-holder-inner\"><div class=\"eael-entry-media\"><div class=\"eael-entry-overlay fade-in\"><i class=\"fas fa-long-arrow-alt-right\" aria-hidden=\"true\"><\/i><a href=\"https:\/\/omcabogados.com.pe\/en\/evento\/iv-conference-achipi-2011-achievements-and-challenges-to-obtain-international-standards-in-intellectual-property\/\"><\/a><\/div><div class=\"eael-entry-thumbnail eael-image-ratio\">\n                <img loading=\"lazy\" decoding=\"async\" width=\"440\" height=\"330\" src=\"https:\/\/omcabogados.com.pe\/wp-content\/uploads\/imagen_2015111718182474943800.jpg\" class=\"attachment-large size-large wp-image-6278\" alt=\"\" \/>\n            <\/div>\n        <\/div><div class=\"eael-entry-wrapper\"><header class=\"eael-entry-header\"><h2 class=\"eael-entry-title\"><a class=\"eael-grid-post-link\" href=\"https:\/\/omcabogados.com.pe\/en\/evento\/iv-conference-achipi-2011-achievements-and-challenges-to-obtain-international-standards-in-intellectual-property\/\" title=\"IV Conference ACHIPI 2011: Achievements and challenges to obtain International standards in Intellectual Property\">IV Conference ACHIPI 2011: Achievements and challenges to obtain International standards in Intellectual Property<\/a><\/h2><\/header><div class=\"eael-entry-content\">\n                        <div class=\"eael-grid-post-excerpt\"><p>August 22nd, 2011 \u2013 Santiago de Chile, Chile \u2013 Venue: Hotel Grand Hyatt &nbsp;<\/p><\/div>\n                    <\/div><div class=\"eael-entry-footer\"><div class=\"eael-entry-meta\"><\/div><\/div><\/div><\/div>\n        <\/div>\n    <\/article><article class=\"eael-grid-post  eael-post-grid-column eael-pg-post-6273\" data-id=\"6273\">\n        <div class=\"eael-grid-post-holder\">\n            <div class=\"eael-grid-post-holder-inner\"><div class=\"eael-entry-media\"><div class=\"eael-entry-overlay fade-in\"><i class=\"fas fa-long-arrow-alt-right\" aria-hidden=\"true\"><\/i><a href=\"https:\/\/omcabogados.com.pe\/en\/evento\/133rd-annual-meeting-inta-2011\/\"><\/a><\/div><div class=\"eael-entry-thumbnail eael-image-ratio\">\n                <img loading=\"lazy\" decoding=\"async\" width=\"440\" height=\"330\" src=\"https:\/\/omcabogados.com.pe\/wp-content\/uploads\/imagen_201511171857705951700.jpg\" class=\"attachment-large size-large wp-image-6264\" alt=\"\" \/>\n            <\/div>\n        <\/div><div class=\"eael-entry-wrapper\"><header class=\"eael-entry-header\"><h2 class=\"eael-entry-title\"><a class=\"eael-grid-post-link\" href=\"https:\/\/omcabogados.com.pe\/en\/evento\/133rd-annual-meeting-inta-2011\/\" title=\"133rd Annual Meeting INTA 2011\">133rd Annual Meeting INTA 2011<\/a><\/h2><\/header><div class=\"eael-entry-content\">\n                        <div class=\"eael-grid-post-excerpt\"><p>May 14th to 18, 2011 \u2013 San Francisco, CA, United States \u2013 Venue: Moscone...<\/p><\/div>\n                    <\/div><div class=\"eael-entry-footer\"><div class=\"eael-entry-meta\"><\/div><\/div><\/div><\/div>\n        <\/div>\n    <\/article><article class=\"eael-grid-post  eael-post-grid-column eael-pg-post-6259\" data-id=\"6259\">\n        <div class=\"eael-grid-post-holder\">\n            <div class=\"eael-grid-post-holder-inner\"><div class=\"eael-entry-media\"><div class=\"eael-entry-overlay fade-in\"><i class=\"fas fa-long-arrow-alt-right\" aria-hidden=\"true\"><\/i><a href=\"https:\/\/omcabogados.com.pe\/en\/evento\/inta-asipi-conference-2011-trademarks-in-the-sports-and-entertainment-worlds\/\"><\/a><\/div><div class=\"eael-entry-thumbnail eael-image-ratio\">\n                <img loading=\"lazy\" decoding=\"async\" width=\"440\" height=\"330\" src=\"https:\/\/omcabogados.com.pe\/wp-content\/uploads\/imagen_2015111120051161869300.jpg\" class=\"attachment-large size-large wp-image-6253\" alt=\"\" \/>\n            <\/div>\n        <\/div><div class=\"eael-entry-wrapper\"><header class=\"eael-entry-header\"><h2 class=\"eael-entry-title\"><a class=\"eael-grid-post-link\" href=\"https:\/\/omcabogados.com.pe\/en\/evento\/inta-asipi-conference-2011-trademarks-in-the-sports-and-entertainment-worlds\/\" title=\"INTA ASIPI Conference 2011: Trademarks in the Sports and Entertainment Worlds\">INTA ASIPI Conference 2011: Trademarks in the Sports and Entertainment Worlds<\/a><\/h2><\/header><div class=\"eael-entry-content\">\n                        <div class=\"eael-grid-post-excerpt\"><p>March 19th to 21st, 2011 \u2013 San Juan, Puerto Rico \u2013 Venue: Conrad...<\/p><\/div>\n                    <\/div><div class=\"eael-entry-footer\"><div class=\"eael-entry-meta\"><\/div><\/div><\/div><\/div>\n        <\/div>\n    <\/article><article class=\"eael-grid-post  eael-post-grid-column eael-pg-post-6248\" data-id=\"6248\">\n        <div class=\"eael-grid-post-holder\">\n            <div class=\"eael-grid-post-holder-inner\"><div class=\"eael-entry-media\"><div class=\"eael-entry-overlay fade-in\"><i class=\"fas fa-long-arrow-alt-right\" aria-hidden=\"true\"><\/i><a href=\"https:\/\/omcabogados.com.pe\/en\/evento\/132nd-annual-meeting-inta-2010\/\"><\/a><\/div><div class=\"eael-entry-thumbnail eael-image-ratio\">\n                <img loading=\"lazy\" decoding=\"async\" width=\"440\" height=\"330\" src=\"https:\/\/omcabogados.com.pe\/wp-content\/uploads\/imagen_2015111719043273487400.jpg\" class=\"attachment-large size-large wp-image-6244\" alt=\"\" \/>\n            <\/div>\n        <\/div><div class=\"eael-entry-wrapper\"><header class=\"eael-entry-header\"><h2 class=\"eael-entry-title\"><a class=\"eael-grid-post-link\" href=\"https:\/\/omcabogados.com.pe\/en\/evento\/132nd-annual-meeting-inta-2010\/\" title=\"132nd Annual Meeting INTA 2010\">132nd Annual Meeting INTA 2010<\/a><\/h2><\/header><div class=\"eael-entry-content\">\n                        <div class=\"eael-grid-post-excerpt\"><p>May 22th to 26, 2010 \u2013 Boston, Massachussets, United States \u2013 Venue: Boston Convention...<\/p><\/div>\n                    <\/div><div class=\"eael-entry-footer\"><div class=\"eael-entry-meta\"><\/div><\/div><\/div><\/div>\n        <\/div>\n    <\/article><article class=\"eael-grid-post  eael-post-grid-column eael-pg-post-6239\" data-id=\"6239\">\n        <div class=\"eael-grid-post-holder\">\n            <div class=\"eael-grid-post-holder-inner\"><div class=\"eael-entry-media\"><div class=\"eael-entry-overlay fade-in\"><i class=\"fas fa-long-arrow-alt-right\" aria-hidden=\"true\"><\/i><a href=\"https:\/\/omcabogados.com.pe\/en\/evento\/xvii-asipi-2009-lima-international-congress\/\"><\/a><\/div><div class=\"eael-entry-thumbnail eael-image-ratio\">\n                <img loading=\"lazy\" decoding=\"async\" width=\"440\" height=\"330\" src=\"https:\/\/omcabogados.com.pe\/wp-content\/uploads\/imagen_201511162050921925800.jpg\" class=\"attachment-large size-large wp-image-6227\" alt=\"\" \/>\n            <\/div>\n        <\/div><div class=\"eael-entry-wrapper\"><header class=\"eael-entry-header\"><h2 class=\"eael-entry-title\"><a class=\"eael-grid-post-link\" href=\"https:\/\/omcabogados.com.pe\/en\/evento\/xvii-asipi-2009-lima-international-congress\/\" title=\"XVII ASIPI 2009 Lima International Congress\">XVII ASIPI 2009 Lima International Congress<\/a><\/h2><\/header><div class=\"eael-entry-content\">\n                        <div class=\"eael-grid-post-excerpt\"><p>October 25th to 28, 2008 \u2013 Lima, Peru \u2013 Venue: Swiss\u00f6tel Lima &nbsp;<\/p><\/div>\n                    <\/div><div class=\"eael-entry-footer\"><div class=\"eael-entry-meta\"><\/div><\/div><\/div><\/div>\n        <\/div>\n    <\/article><article class=\"eael-grid-post  eael-post-grid-column eael-pg-post-6222\" data-id=\"6222\">\n        <div class=\"eael-grid-post-holder\">\n            <div class=\"eael-grid-post-holder-inner\"><div class=\"eael-entry-media\"><div class=\"eael-entry-overlay fade-in\"><i class=\"fas fa-long-arrow-alt-right\" aria-hidden=\"true\"><\/i><a href=\"https:\/\/omcabogados.com.pe\/en\/evento\/welcome-cocktail-xvii-international-congress-of-the-inter-american-association-of-intellectual-property-asipi-2009\/\"><\/a><\/div><div class=\"eael-entry-thumbnail eael-image-ratio\">\n                <img loading=\"lazy\" decoding=\"async\" width=\"500\" height=\"353\" src=\"https:\/\/omcabogados.com.pe\/wp-content\/uploads\/imagen_2015040811532801984100.jpg\" class=\"attachment-large size-large wp-image-6181\" alt=\"\" \/>\n            <\/div>\n        <\/div><div class=\"eael-entry-wrapper\"><header class=\"eael-entry-header\"><h2 class=\"eael-entry-title\"><a class=\"eael-grid-post-link\" href=\"https:\/\/omcabogados.com.pe\/en\/evento\/welcome-cocktail-xvii-international-congress-of-the-inter-american-association-of-intellectual-property-asipi-2009\/\" title=\"Welcome Cocktail: XVII International Congress of the Inter-American Association of Intellectual Property- ASIPI 2,009\">Welcome Cocktail: XVII International Congress of the Inter-American Association of Intellectual Property- ASIPI 2,009<\/a><\/h2><\/header><div class=\"eael-entry-content\">\n                        <div class=\"eael-grid-post-excerpt\"><p>October 24th, 2009 \u2013 Lima, Peru \u2013 Venue: Swiss Hotel...<\/p><\/div>\n                    <\/div><div class=\"eael-entry-footer\"><div class=\"eael-entry-meta\"><\/div><\/div><\/div><\/div>\n        <\/div>\n    <\/article><article class=\"eael-grid-post  eael-post-grid-column eael-pg-post-6176\" data-id=\"6176\">\n        <div class=\"eael-grid-post-holder\">\n            <div class=\"eael-grid-post-holder-inner\"><div class=\"eael-entry-media\"><div class=\"eael-entry-overlay fade-in\"><i class=\"fas fa-long-arrow-alt-right\" aria-hidden=\"true\"><\/i><a href=\"https:\/\/omcabogados.com.pe\/en\/evento\/international-awards-ceremony-intellectual-property-awards-2008\/\"><\/a><\/div><div class=\"eael-entry-thumbnail eael-image-ratio\">\n                <img loading=\"lazy\" decoding=\"async\" width=\"440\" height=\"330\" src=\"https:\/\/omcabogados.com.pe\/wp-content\/uploads\/imagen_201504081404799319400.jpg\" class=\"attachment-large size-large wp-image-6159\" alt=\"\" \/>\n            <\/div>\n        <\/div><div class=\"eael-entry-wrapper\"><header class=\"eael-entry-header\"><h2 class=\"eael-entry-title\"><a class=\"eael-grid-post-link\" href=\"https:\/\/omcabogados.com.pe\/en\/evento\/international-awards-ceremony-intellectual-property-awards-2008\/\" title=\"International Awards ceremony Intellectual Property Awards 2008\">International Awards ceremony Intellectual Property Awards 2008<\/a><\/h2><\/header><div class=\"eael-entry-content\">\n                        <div class=\"eael-grid-post-excerpt\"><p>November 2018 \u2013 London, England \u2013 Venue: Madame Tussauds Museum... &nbsp;<\/p><\/div>\n                    <\/div><div class=\"eael-entry-footer\"><div class=\"eael-entry-meta\"><\/div><\/div><\/div><\/div>\n        <\/div>\n    <\/article><article class=\"eael-grid-post  eael-post-grid-column eael-pg-post-6154\" data-id=\"6154\">\n        <div class=\"eael-grid-post-holder\">\n            <div class=\"eael-grid-post-holder-inner\"><div class=\"eael-entry-media\"><div class=\"eael-entry-overlay fade-in\"><i class=\"fas fa-long-arrow-alt-right\" aria-hidden=\"true\"><\/i><a href=\"https:\/\/omcabogados.com.pe\/en\/evento\/annual-dinner-of-the-lawyers-group-in-house-2008\/\"><\/a><\/div><div class=\"eael-entry-thumbnail eael-image-ratio\">\n                <img loading=\"lazy\" decoding=\"async\" width=\"440\" height=\"330\" src=\"https:\/\/omcabogados.com.pe\/wp-content\/uploads\/imagen_2015040813465184851900.jpg\" class=\"attachment-large size-large wp-image-6134\" alt=\"\" \/>\n            <\/div>\n        <\/div><div class=\"eael-entry-wrapper\"><header class=\"eael-entry-header\"><h2 class=\"eael-entry-title\"><a class=\"eael-grid-post-link\" href=\"https:\/\/omcabogados.com.pe\/en\/evento\/annual-dinner-of-the-lawyers-group-in-house-2008\/\" title=\"Annual Dinner of the Lawyers Group in house 2008\">Annual Dinner of the Lawyers Group in house 2008<\/a><\/h2><\/header><div class=\"eael-entry-content\">\n                        <div class=\"eael-grid-post-excerpt\"><p>November 2018 \u2013 Castlehill, Edinburgh, United Kingdom \u2013 Venue: Conventions Center...<\/p><\/div>\n                    <\/div><div class=\"eael-entry-footer\"><div class=\"eael-entry-meta\"><\/div><\/div><\/div><\/div>\n        <\/div>\n    <\/article><article class=\"eael-grid-post  eael-post-grid-column eael-pg-post-6129\" data-id=\"6129\">\n        <div class=\"eael-grid-post-holder\">\n            <div class=\"eael-grid-post-holder-inner\"><div class=\"eael-entry-media\"><div class=\"eael-entry-overlay fade-in\"><i class=\"fas fa-long-arrow-alt-right\" aria-hidden=\"true\"><\/i><a href=\"https:\/\/omcabogados.com.pe\/en\/evento\/aippi-asipi-ipo-seminar-intellectual-property-in-the-americas-free-trade-agreements-current-issues-and-the-future-of-ip\/\"><\/a><\/div><div class=\"eael-entry-thumbnail eael-image-ratio\">\n                <img loading=\"lazy\" decoding=\"async\" width=\"440\" height=\"330\" src=\"https:\/\/omcabogados.com.pe\/wp-content\/uploads\/imagen_2015111810363392571400.jpg\" class=\"attachment-large size-large wp-image-6110\" alt=\"\" \/>\n            <\/div>\n        <\/div><div class=\"eael-entry-wrapper\"><header class=\"eael-entry-header\"><h2 class=\"eael-entry-title\"><a class=\"eael-grid-post-link\" href=\"https:\/\/omcabogados.com.pe\/en\/evento\/aippi-asipi-ipo-seminar-intellectual-property-in-the-americas-free-trade-agreements-current-issues-and-the-future-of-ip\/\" title=\"AIPPI-ASIPI-IPO Seminar: Intellectual Property in the Americas: Free Trade Agreements, Current Issues and the Future of IP\">AIPPI-ASIPI-IPO Seminar: Intellectual Property in the Americas: Free Trade Agreements, Current Issues and the Future of IP<\/a><\/h2><\/header><div class=\"eael-entry-content\">\n                        <div class=\"eael-grid-post-excerpt\"><p>April 6th to 8th, 2008 \u2013 Mexico City, Mexico \u2013 Venue: Intercontinental...<\/p><\/div>\n                    <\/div><div class=\"eael-entry-footer\"><div class=\"eael-entry-meta\"><\/div><\/div><\/div><\/div>\n        <\/div>\n    <\/article><article class=\"eael-grid-post  eael-post-grid-column eael-pg-post-6105\" data-id=\"6105\">\n        <div class=\"eael-grid-post-holder\">\n            <div class=\"eael-grid-post-holder-inner\"><div class=\"eael-entry-media\"><div class=\"eael-entry-overlay fade-in\"><i class=\"fas fa-long-arrow-alt-right\" aria-hidden=\"true\"><\/i><a href=\"https:\/\/omcabogados.com.pe\/en\/evento\/xiii-asipi-work-sessions-and-administrative-council\/\"><\/a><\/div><div class=\"eael-entry-thumbnail eael-image-ratio\">\n                <img loading=\"lazy\" decoding=\"async\" width=\"440\" height=\"330\" src=\"https:\/\/omcabogados.com.pe\/wp-content\/uploads\/imagen_2015102820193278210900.jpg\" class=\"attachment-large size-large wp-image-6082\" alt=\"\" \/>\n            <\/div>\n        <\/div><div class=\"eael-entry-wrapper\"><header class=\"eael-entry-header\"><h2 class=\"eael-entry-title\"><a class=\"eael-grid-post-link\" href=\"https:\/\/omcabogados.com.pe\/en\/evento\/xiii-asipi-work-sessions-and-administrative-council\/\" title=\"XIII ASIPI Work Sessions and Administrative Council\">XIII ASIPI Work Sessions and Administrative Council<\/a><\/h2><\/header><div class=\"eael-entry-content\">\n                        <div class=\"eael-grid-post-excerpt\"><p>November 30th  to December 5th, 2007 \u2013 Cartagena de Indias, Colombia...<\/p><\/div>\n                    <\/div><div class=\"eael-entry-footer\"><div class=\"eael-entry-meta\"><\/div><\/div><\/div><\/div>\n        <\/div>\n    <\/article><article class=\"eael-grid-post  eael-post-grid-column eael-pg-post-6070\" data-id=\"6070\">\n        <div class=\"eael-grid-post-holder\">\n            <div class=\"eael-grid-post-holder-inner\"><div class=\"eael-entry-media\"><div class=\"eael-entry-overlay fade-in\"><i class=\"fas fa-long-arrow-alt-right\" aria-hidden=\"true\"><\/i><a href=\"https:\/\/omcabogados.com.pe\/en\/evento\/xii-asipi-work-sessions-and-administrative-council-of-the-inter-american-industrial-property-society\/\"><\/a><\/div><div class=\"eael-entry-thumbnail eael-image-ratio\">\n                <img loading=\"lazy\" decoding=\"async\" width=\"440\" height=\"330\" src=\"https:\/\/omcabogados.com.pe\/wp-content\/uploads\/imagen_2015111217464768642100.jpg\" class=\"attachment-large size-large wp-image-6035\" alt=\"\" \/>\n            <\/div>\n        <\/div><div class=\"eael-entry-wrapper\"><header class=\"eael-entry-header\"><h2 class=\"eael-entry-title\"><a class=\"eael-grid-post-link\" href=\"https:\/\/omcabogados.com.pe\/en\/evento\/xii-asipi-work-sessions-and-administrative-council-of-the-inter-american-industrial-property-society\/\" title=\"XII ASIPI Work Sessions and Administrative Council of the Inter American Industrial Property Society\">XII ASIPI Work Sessions and Administrative Council of the Inter American Industrial Property Society<\/a><\/h2><\/header><div class=\"eael-entry-content\">\n                        <div class=\"eael-grid-post-excerpt\"><p>November 20th to 23th, 2005 \u2013 Punta del Este, Uruguay Venue: Hotel Conrad...<\/p><\/div>\n                    <\/div><div class=\"eael-entry-footer\"><div class=\"eael-entry-meta\"><\/div><\/div><\/div><\/div>\n        <\/div>\n    <\/article><article class=\"eael-grid-post  eael-post-grid-column eael-pg-post-6027\" data-id=\"6027\">\n        <div class=\"eael-grid-post-holder\">\n            <div class=\"eael-grid-post-holder-inner\"><div class=\"eael-entry-media\"><div class=\"eael-entry-overlay fade-in\"><i class=\"fas fa-long-arrow-alt-right\" aria-hidden=\"true\"><\/i><a href=\"https:\/\/omcabogados.com.pe\/en\/evento\/opening-celebration-of-omc-abogados-consultores-office\/\"><\/a><\/div><div class=\"eael-entry-thumbnail eael-image-ratio\">\n                <img loading=\"lazy\" decoding=\"async\" width=\"440\" height=\"330\" src=\"https:\/\/omcabogados.com.pe\/wp-content\/uploads\/imagen_2015101318071245790300.jpg\" class=\"attachment-large size-large wp-image-6003\" alt=\"\" \/>\n            <\/div>\n        <\/div><div class=\"eael-entry-wrapper\"><header class=\"eael-entry-header\"><h2 class=\"eael-entry-title\"><a class=\"eael-grid-post-link\" href=\"https:\/\/omcabogados.com.pe\/en\/evento\/opening-celebration-of-omc-abogados-consultores-office\/\" title=\"Cocktail de inauguraci\u00f3n de las oficinas de OMC Abogados &#038; Consultores\">Opening celebration of OMC Abogados &amp; Consultores Office<\/a><\/h2><\/header><div class=\"eael-entry-content\">\n                        <div class=\"eael-grid-post-excerpt\"><p>Setiembre 2005 &#8211; Lima, Per\u00fa &#8211; Sede: Oficinas de OMC Abogados &amp; Consultores Cocktail de...<\/p><\/div>\n                    <\/div><div class=\"eael-entry-footer\"><div class=\"eael-entry-meta\"><\/div><\/div><\/div><\/div>\n        <\/div>\n    <\/article><article class=\"eael-grid-post  eael-post-grid-column eael-pg-post-5998\" data-id=\"5998\">\n        <div class=\"eael-grid-post-holder\">\n            <div class=\"eael-grid-post-holder-inner\"><div class=\"eael-entry-media\"><div class=\"eael-entry-overlay fade-in\"><i class=\"fas fa-long-arrow-alt-right\" aria-hidden=\"true\"><\/i><a href=\"https:\/\/omcabogados.com.pe\/en\/evento\/intellectual-property-law-studies-posgraduate\/\"><\/a><\/div><div class=\"eael-entry-thumbnail eael-image-ratio\">\n                <img loading=\"lazy\" decoding=\"async\" width=\"440\" height=\"330\" src=\"https:\/\/omcabogados.com.pe\/wp-content\/uploads\/imagen_2015111217491946797200.jpg\" class=\"attachment-large size-large wp-image-5943\" alt=\"\" \/>\n            <\/div>\n        <\/div><div class=\"eael-entry-wrapper\"><header class=\"eael-entry-header\"><h2 class=\"eael-entry-title\"><a class=\"eael-grid-post-link\" href=\"https:\/\/omcabogados.com.pe\/en\/evento\/intellectual-property-law-studies-posgraduate\/\" title=\"Intellectual Property Law studies - Posgraduate\">Intellectual Property Law studies - Posgraduate<\/a><\/h2><\/header><div class=\"eael-entry-content\">\n                        <div class=\"eael-grid-post-excerpt\"><p>Intellectual Property Law studies - Posgraduate &nbsp;<\/p><\/div>\n                    <\/div><div class=\"eael-entry-footer\"><div class=\"eael-entry-meta\"><\/div><\/div><\/div><\/div>\n        <\/div>\n    <\/article><article class=\"eael-grid-post  eael-post-grid-column eael-pg-post-5867\" data-id=\"5867\">\n        <div class=\"eael-grid-post-holder\">\n            <div class=\"eael-grid-post-holder-inner\"><div class=\"eael-entry-media\"><div class=\"eael-entry-overlay fade-in\"><i class=\"fas fa-long-arrow-alt-right\" aria-hidden=\"true\"><\/i><a href=\"https:\/\/omcabogados.com.pe\/en\/evento\/idlo-international-development-law-organization\/\"><\/a><\/div><div class=\"eael-entry-thumbnail eael-image-ratio\">\n                <img loading=\"lazy\" decoding=\"async\" width=\"440\" height=\"330\" src=\"https:\/\/omcabogados.com.pe\/wp-content\/uploads\/imagen_2015101912042273769300.jpg\" class=\"attachment-large size-large wp-image-5868\" alt=\"\" \/>\n            <\/div>\n        <\/div><div class=\"eael-entry-wrapper\"><header class=\"eael-entry-header\"><h2 class=\"eael-entry-title\"><a class=\"eael-grid-post-link\" href=\"https:\/\/omcabogados.com.pe\/en\/evento\/idlo-international-development-law-organization\/\" title=\"IDLO: International Development Law Organization\">IDLO: International Development Law Organization<\/a><\/h2><\/header><div class=\"eael-entry-content\">\n                        <div class=\"eael-grid-post-excerpt\"><p>1998 \u2013 Rome, Italy \u2013 Postgraduate school &nbsp;<\/p><\/div>\n                    <\/div><div class=\"eael-entry-footer\"><div class=\"eael-entry-meta\"><\/div><\/div><\/div><\/div>\n        <\/div>\n    <\/article><\/div>\n            <div class=\"clearfix\"><\/div>\n        <\/div>\t\t<\/div>\n\t\t\t\t<\/div>\n\t\t\t\t\t<\/div>\n\t\t<\/div>\n\t\t\t\t\t<\/div>\n\t\t<\/section>\n\t\t\t\t<\/div>","protected":false},"excerpt":{"rendered":"<p>Eventos XXII Congreso Internacional de Propiedad Intelectual ASIPI 2023 3 al 6 de diciembre 2023 &#8211; CDMX, M\u00e9xico, Sede: Hotel Presidente InterContinental &nbsp; Viaje de Negocios Colombia 2023 16 al 22 de octubre 2023 &#8211; Bogot\u00e1, Colombia &nbsp; Recepci\u00f3n 75 Aniversario ABAPI &#8211; 43 Congresso Internacional Da Propriedade Intelectual ABAPI 18 de agosto 2023 &#8211; [&hellip;]<\/p>","protected":false},"author":1,"featured_media":0,"parent":0,"menu_order":0,"comment_status":"closed","ping_status":"closed","template":"","meta":{"_vp_format_video_url":"","_vp_image_focal_point":[],"_vp_custom_popup_image":0,"_vp_format_audio_url":"","_vp_custom_thumbnail":0,"_vp_custom_thumbnail_focal_point":[],"_vp_hover_thumbnail":0,"_vp_hover_thumbnail_focal_point":[],"footnotes":""},"class_list":["post-7130","page","type-page","status-publish","hentry"],"yoast_head":"<!-- This site is optimized with the Yoast SEO plugin v27.5 - https:\/\/yoast.com\/product\/yoast-seo-wordpress\/ -->\n<title>Eventos - OMC Abogados &amp; Consultores<\/title>\n<meta name=\"robots\" content=\"index, follow, max-snippet:-1, max-image-preview:large, max-video-preview:-1\" \/>\n<link rel=\"canonical\" href=\"https:\/\/omcabogados.com.pe\/en\/events\/\" \/>\n<meta property=\"og:locale\" content=\"en_US\" \/>\n<meta property=\"og:type\" content=\"article\" \/>\n<meta property=\"og:title\" content=\"Eventos - OMC Abogados &amp; Consultores\" \/>\n<meta property=\"og:description\" content=\"Eventos XXII Congreso Internacional de Propiedad Intelectual ASIPI 2023 3 al 6 de diciembre 2023 &#8211; CDMX, M\u00e9xico, Sede: Hotel Presidente InterContinental &nbsp; Viaje de Negocios Colombia 2023 16 al 22 de octubre 2023 &#8211; Bogot\u00e1, Colombia &nbsp; Recepci\u00f3n 75 Aniversario ABAPI &#8211; 43 Congresso Internacional Da Propriedade Intelectual ABAPI 18 de agosto 2023 &#8211; [&hellip;]\" \/>\n<meta property=\"og:url\" content=\"https:\/\/omcabogados.com.pe\/en\/events\/\" \/>\n<meta property=\"og:site_name\" content=\"OMC Abogados &amp; Consultores\" \/>\n<meta property=\"article:publisher\" content=\"https:\/\/www.facebook.com\/omcabogados.consultores\/\" \/>\n<meta property=\"article:modified_time\" content=\"2024-04-04T17:59:02+00:00\" \/>\n<meta property=\"og:image\" content=\"https:\/\/omcabogados.com.pe\/wp-content\/uploads\/imagen_2023120715234738559300.png\" \/>\n<meta name=\"twitter:card\" content=\"summary_large_image\" \/>\n<meta name=\"twitter:site\" content=\"@omcabogadosperu\" \/>\n<meta name=\"twitter:label1\" content=\"Est. reading time\" \/>\n\t<meta name=\"twitter:data1\" content=\"9 minutes\" \/>\n<script type=\"application\/ld+json\" class=\"yoast-schema-graph\">{\"@context\":\"https:\\\/\\\/schema.org\",\"@graph\":[{\"@type\":\"WebPage\",\"@id\":\"https:\\\/\\\/omcabogados.com.pe\\\/eventos\\\/\",\"url\":\"https:\\\/\\\/omcabogados.com.pe\\\/eventos\\\/\",\"name\":\"Eventos - OMC Abogados &amp; Consultores\",\"isPartOf\":{\"@id\":\"https:\\\/\\\/omcabogados.com.pe\\\/es\\\/#website\"},\"primaryImageOfPage\":{\"@id\":\"https:\\\/\\\/omcabogados.com.pe\\\/eventos\\\/#primaryimage\"},\"image\":{\"@id\":\"https:\\\/\\\/omcabogados.com.pe\\\/eventos\\\/#primaryimage\"},\"thumbnailUrl\":\"https:\\\/\\\/omcabogados.com.pe\\\/wp-content\\\/uploads\\\/imagen_2023120715234738559300.png\",\"datePublished\":\"2023-10-11T19:26:55+00:00\",\"dateModified\":\"2024-04-04T17:59:02+00:00\",\"breadcrumb\":{\"@id\":\"https:\\\/\\\/omcabogados.com.pe\\\/eventos\\\/#breadcrumb\"},\"inLanguage\":\"en-US\",\"potentialAction\":[{\"@type\":\"ReadAction\",\"target\":[\"https:\\\/\\\/omcabogados.com.pe\\\/eventos\\\/\"]}]},{\"@type\":\"ImageObject\",\"inLanguage\":\"en-US\",\"@id\":\"https:\\\/\\\/omcabogados.com.pe\\\/eventos\\\/#primaryimage\",\"url\":\"https:\\\/\\\/omcabogados.com.pe\\\/wp-content\\\/uploads\\\/imagen_2023120715234738559300.png\",\"contentUrl\":\"https:\\\/\\\/omcabogados.com.pe\\\/wp-content\\\/uploads\\\/imagen_2023120715234738559300.png\"},{\"@type\":\"BreadcrumbList\",\"@id\":\"https:\\\/\\\/omcabogados.com.pe\\\/eventos\\\/#breadcrumb\",\"itemListElement\":[{\"@type\":\"ListItem\",\"position\":1,\"name\":\"Portada\",\"item\":\"https:\\\/\\\/omcabogados.com.pe\\\/\"},{\"@type\":\"ListItem\",\"position\":2,\"name\":\"Eventos\"}]},{\"@type\":\"WebSite\",\"@id\":\"https:\\\/\\\/omcabogados.com.pe\\\/es\\\/#website\",\"url\":\"https:\\\/\\\/omcabogados.com.pe\\\/es\\\/\",\"name\":\"OMC Abogados & Consultores\",\"description\":\"\",\"publisher\":{\"@id\":\"https:\\\/\\\/omcabogados.com.pe\\\/es\\\/#organization\"},\"potentialAction\":[{\"@type\":\"SearchAction\",\"target\":{\"@type\":\"EntryPoint\",\"urlTemplate\":\"https:\\\/\\\/omcabogados.com.pe\\\/es\\\/?s={search_term_string}\"},\"query-input\":{\"@type\":\"PropertyValueSpecification\",\"valueRequired\":true,\"valueName\":\"search_term_string\"}}],\"inLanguage\":\"en-US\"},{\"@type\":\"Organization\",\"@id\":\"https:\\\/\\\/omcabogados.com.pe\\\/es\\\/#organization\",\"name\":\"OMC Abogados & Consultores\",\"url\":\"https:\\\/\\\/omcabogados.com.pe\\\/es\\\/\",\"logo\":{\"@type\":\"ImageObject\",\"inLanguage\":\"en-US\",\"@id\":\"https:\\\/\\\/omcabogados.com.pe\\\/es\\\/#\\\/schema\\\/logo\\\/image\\\/\",\"url\":\"https:\\\/\\\/omcabogados.com.pe\\\/wp-content\\\/uploads\\\/logo-omc-abogados.png\",\"contentUrl\":\"https:\\\/\\\/omcabogados.com.pe\\\/wp-content\\\/uploads\\\/logo-omc-abogados.png\",\"width\":210,\"height\":159,\"caption\":\"OMC Abogados & Consultores\"},\"image\":{\"@id\":\"https:\\\/\\\/omcabogados.com.pe\\\/es\\\/#\\\/schema\\\/logo\\\/image\\\/\"},\"sameAs\":[\"https:\\\/\\\/www.facebook.com\\\/omcabogados.consultores\\\/\",\"https:\\\/\\\/x.com\\\/omcabogadosperu\",\"https:\\\/\\\/www.linkedin.com\\\/company\\\/omc-abogados-consultores\\\/?viewAsMember=true\",\"https:\\\/\\\/www.instagram.com\\\/omcabogadosyconsultores\\\/\"]}]}<\/script>\n<!-- \/ Yoast SEO plugin. -->","yoast_head_json":{"title":"Eventos - OMC Abogados &amp; Consultores","robots":{"index":"index","follow":"follow","max-snippet":"max-snippet:-1","max-image-preview":"max-image-preview:large","max-video-preview":"max-video-preview:-1"},"canonical":"https:\/\/omcabogados.com.pe\/en\/events\/","og_locale":"en_US","og_type":"article","og_title":"Eventos - OMC Abogados &amp; Consultores","og_description":"Eventos XXII Congreso Internacional de Propiedad Intelectual ASIPI 2023 3 al 6 de diciembre 2023 &#8211; CDMX, M\u00e9xico, Sede: Hotel Presidente InterContinental &nbsp; Viaje de Negocios Colombia 2023 16 al 22 de octubre 2023 &#8211; Bogot\u00e1, Colombia &nbsp; Recepci\u00f3n 75 Aniversario ABAPI &#8211; 43 Congresso Internacional Da Propriedade Intelectual ABAPI 18 de agosto 2023 &#8211; [&hellip;]","og_url":"https:\/\/omcabogados.com.pe\/en\/events\/","og_site_name":"OMC Abogados &amp; Consultores","article_publisher":"https:\/\/www.facebook.com\/omcabogados.consultores\/","article_modified_time":"2024-04-04T17:59:02+00:00","og_image":[{"url":"https:\/\/omcabogados.com.pe\/wp-content\/uploads\/imagen_2023120715234738559300.png","type":"","width":"","height":""}],"twitter_card":"summary_large_image","twitter_site":"@omcabogadosperu","twitter_misc":{"Est. reading time":"9 minutes"},"schema":{"@context":"https:\/\/schema.org","@graph":[{"@type":"WebPage","@id":"https:\/\/omcabogados.com.pe\/eventos\/","url":"https:\/\/omcabogados.com.pe\/eventos\/","name":"Eventos - OMC Abogados &amp; Consultores","isPartOf":{"@id":"https:\/\/omcabogados.com.pe\/es\/#website"},"primaryImageOfPage":{"@id":"https:\/\/omcabogados.com.pe\/eventos\/#primaryimage"},"image":{"@id":"https:\/\/omcabogados.com.pe\/eventos\/#primaryimage"},"thumbnailUrl":"https:\/\/omcabogados.com.pe\/wp-content\/uploads\/imagen_2023120715234738559300.png","datePublished":"2023-10-11T19:26:55+00:00","dateModified":"2024-04-04T17:59:02+00:00","breadcrumb":{"@id":"https:\/\/omcabogados.com.pe\/eventos\/#breadcrumb"},"inLanguage":"en-US","potentialAction":[{"@type":"ReadAction","target":["https:\/\/omcabogados.com.pe\/eventos\/"]}]},{"@type":"ImageObject","inLanguage":"en-US","@id":"https:\/\/omcabogados.com.pe\/eventos\/#primaryimage","url":"https:\/\/omcabogados.com.pe\/wp-content\/uploads\/imagen_2023120715234738559300.png","contentUrl":"https:\/\/omcabogados.com.pe\/wp-content\/uploads\/imagen_2023120715234738559300.png"},{"@type":"BreadcrumbList","@id":"https:\/\/omcabogados.com.pe\/eventos\/#breadcrumb","itemListElement":[{"@type":"ListItem","position":1,"name":"Portada","item":"https:\/\/omcabogados.com.pe\/"},{"@type":"ListItem","position":2,"name":"Eventos"}]},{"@type":"WebSite","@id":"https:\/\/omcabogados.com.pe\/es\/#website","url":"https:\/\/omcabogados.com.pe\/es\/","name":"OMC Abogados & Consultores","description":"","publisher":{"@id":"https:\/\/omcabogados.com.pe\/es\/#organization"},"potentialAction":[{"@type":"SearchAction","target":{"@type":"EntryPoint","urlTemplate":"https:\/\/omcabogados.com.pe\/es\/?s={search_term_string}"},"query-input":{"@type":"PropertyValueSpecification","valueRequired":true,"valueName":"search_term_string"}}],"inLanguage":"en-US"},{"@type":"Organization","@id":"https:\/\/omcabogados.com.pe\/es\/#organization","name":"OMC Abogados & Consultores","url":"https:\/\/omcabogados.com.pe\/es\/","logo":{"@type":"ImageObject","inLanguage":"en-US","@id":"https:\/\/omcabogados.com.pe\/es\/#\/schema\/logo\/image\/","url":"https:\/\/omcabogados.com.pe\/wp-content\/uploads\/logo-omc-abogados.png","contentUrl":"https:\/\/omcabogados.com.pe\/wp-content\/uploads\/logo-omc-abogados.png","width":210,"height":159,"caption":"OMC Abogados & Consultores"},"image":{"@id":"https:\/\/omcabogados.com.pe\/es\/#\/schema\/logo\/image\/"},"sameAs":["https:\/\/www.facebook.com\/omcabogados.consultores\/","https:\/\/x.com\/omcabogadosperu","https:\/\/www.linkedin.com\/company\/omc-abogados-consultores\/?viewAsMember=true","https:\/\/www.instagram.com\/omcabogadosyconsultores\/"]}]}},"rttpg_featured_image_url":null,"rttpg_author":{"display_name":"WebMasterOMC","author_link":"https:\/\/omcabogados.com.pe\/en\/author\/webmasteromc\/"},"rttpg_comment":0,"rttpg_category":null,"rttpg_excerpt":"Eventos XXII Congreso Internacional de Propiedad Intelectual ASIPI 2023 3 al 6 de diciembre 2023 &#8211; CDMX, M\u00e9xico, Sede: Hotel Presidente InterContinental &nbsp; Viaje de Negocios Colombia 2023 16 al 22 de octubre 2023 &#8211; Bogot\u00e1, Colombia &nbsp; Recepci\u00f3n 75 Aniversario ABAPI &#8211; 43 Congresso Internacional Da Propriedade Intelectual ABAPI 18 de agosto 2023 &#8211;&hellip;","_links":{"self":[{"href":"https:\/\/omcabogados.com.pe\/en\/wp-json\/wp\/v2\/pages\/7130","targetHints":{"allow":["GET"]}}],"collection":[{"href":"https:\/\/omcabogados.com.pe\/en\/wp-json\/wp\/v2\/pages"}],"about":[{"href":"https:\/\/omcabogados.com.pe\/en\/wp-json\/wp\/v2\/types\/page"}],"author":[{"embeddable":true,"href":"https:\/\/omcabogados.com.pe\/en\/wp-json\/wp\/v2\/users\/1"}],"replies":[{"embeddable":true,"href":"https:\/\/omcabogados.com.pe\/en\/wp-json\/wp\/v2\/comments?post=7130"}],"version-history":[{"count":61,"href":"https:\/\/omcabogados.com.pe\/en\/wp-json\/wp\/v2\/pages\/7130\/revisions"}],"predecessor-version":[{"id":13183,"href":"https:\/\/omcabogados.com.pe\/en\/wp-json\/wp\/v2\/pages\/7130\/revisions\/13183"}],"wp:attachment":[{"href":"https:\/\/omcabogados.com.pe\/en\/wp-json\/wp\/v2\/media?parent=7130"}],"curies":[{"name":"wp","href":"https:\/\/api.w.org\/{rel}","templated":true}]}}